{"id":29827,"date":"2023-08-26T11:53:31","date_gmt":"2023-08-26T09:53:31","guid":{"rendered":"https:\/\/www.valgardenasport.com\/faq-items\/kann-ich-einen-halben-tag-mieten\/"},"modified":"2023-10-26T10:02:09","modified_gmt":"2023-10-26T08:02:09","slug":"kann-ich-einen-halben-tag-mieten","status":"publish","type":"avada_faq","link":"https:\/\/www.valgardenasport.com\/de\/faq-items\/kann-ich-einen-halben-tag-mieten\/","title":{"rendered":"Kann ich einen halben Tag mieten?"},"content":{"rendered":"<p>Online ist das leider nicht m\u00f6glich. Hier werden nur ganze Tage angeboten. Bitte kontaktiere in diesem speziellen Fall die RENTertainer vor Ort und kl\u00e4re das mit ihnen ab. Die Kontaktdaten findest du im Men\u00fcpunkt \u201eStandorte\u201c.<\/p>\n","protected":false},"excerpt":{"rendered":"<p>Online ist das leider nicht m\u00f6glich. Hier werden nur ganze  [&#8230;]<\/p>\n","protected":false},"author":1,"featured_media":0,"menu_order":0,"comment_status":"closed","ping_status":"closed","template":"","format":"standard","meta":{"footnotes":""},"faq_category":[21],"class_list":["post-29827","avada_faq","type-avada_faq","status-publish","format-standard","hentry","faq_category-skiverleih"],"_links":{"self":[{"href":"https:\/\/www.valgardenasport.com\/de\/wp-json\/wp\/v2\/avada_faq\/29827","targetHints":{"allow":["GET"]}}],"collection":[{"href":"https:\/\/www.valgardenasport.com\/de\/wp-json\/wp\/v2\/avada_faq"}],"about":[{"href":"https:\/\/www.valgardenasport.com\/de\/wp-json\/wp\/v2\/types\/avada_faq"}],"author":[{"embeddable":true,"href":"https:\/\/www.valgardenasport.com\/de\/wp-json\/wp\/v2\/users\/1"}],"replies":[{"embeddable":true,"href":"https:\/\/www.valgardenasport.com\/de\/wp-json\/wp\/v2\/comments?post=29827"}],"version-history":[{"count":0,"href":"https:\/\/www.valgardenasport.com\/de\/wp-json\/wp\/v2\/avada_faq\/29827\/revisions"}],"wp:attachment":[{"href":"https:\/\/www.valgardenasport.com\/de\/wp-json\/wp\/v2\/media?parent=29827"}],"wp:term":[{"taxonomy":"faq_category","embeddable":true,"href":"https:\/\/www.valgardenasport.com\/de\/wp-json\/wp\/v2\/faq_category?post=29827"}],"curies":[{"name":"wp","href":"https:\/\/api.w.org\/{rel}","templated":true}]}}