{"id":26843,"date":"2025-06-23T21:59:14","date_gmt":"2025-06-23T19:59:14","guid":{"rendered":"https:\/\/www.valgardenasport.com\/attrezzatura-sport-estivi\/"},"modified":"2026-02-24T11:18:45","modified_gmt":"2026-02-24T10:18:45","slug":"sportausruestung-sommer","status":"publish","type":"page","link":"https:\/\/www.valgardenasport.com\/de\/sportausruestung-sommer\/","title":{"rendered":"Sportausr\u00fcstung f\u00fcr den Sommer"},"content":{"rendered":"<p><div class=\"fusion-fullwidth fullwidth-box fusion-builder-row-1 fusion-flex-container has-pattern-background has-mask-background nonhundred-percent-fullwidth non-hundred-percent-height-scrolling\" style=\"--awb-border-radius-top-left:0px;--awb-border-radius-top-right:0px;--awb-border-radius-bottom-right:0px;--awb-border-radius-bottom-left:0px;--awb-flex-wrap:wrap;\" ><div class=\"fusion-builder-row fusion-row fusion-flex-align-items-flex-start fusion-flex-content-wrap\" style=\"max-width:1393.6px;margin-left: calc(-4% \/ 2 );margin-right: calc(-4% \/ 2 );\"><div class=\"fusion-layout-column fusion_builder_column fusion-builder-column-0 fusion_builder_column_1_1 1_1 fusion-flex-column\" style=\"--awb-bg-size:cover;--awb-width-large:100%;--awb-margin-top-large:0px;--awb-spacing-right-large:1.92%;--awb-margin-bottom-large:20px;--awb-spacing-left-large:1.92%;--awb-width-medium:100%;--awb-order-medium:0;--awb-spacing-right-medium:1.92%;--awb-spacing-left-medium:1.92%;--awb-width-small:100%;--awb-order-small:0;--awb-spacing-right-small:1.92%;--awb-spacing-left-small:1.92%;\"><div class=\"fusion-column-wrapper fusion-column-has-shadow fusion-flex-justify-content-flex-start fusion-content-layout-column\"><div class=\"fusion-title title fusion-title-1 fusion-sep-none fusion-title-center fusion-title-text fusion-title-size-one\" style=\"--awb-margin-top-small:10px;--awb-margin-right-small:0px;--awb-margin-bottom-small:10px;--awb-margin-left-small:0px;\"><h1 class=\"fusion-title-heading title-heading-center fusion-responsive-typography-calculated\" style=\"margin:0;text-transform:var(--awb-typography2-text-transform);--fontSize:46;line-height:1.2;\">Finde die richtige Sportausr\u00fcstung f\u00fcr den Sommer<\/h1><\/div><div class=\"fusion-title title fusion-title-2 fusion-sep-none fusion-title-center fusion-title-text fusion-title-size-two\" style=\"--awb-margin-top-small:10px;--awb-margin-right-small:0px;--awb-margin-bottom-small:10px;--awb-margin-left-small:0px;--awb-font-size:var(--awb-typography2-font-size);\"><h2 class=\"fusion-title-heading title-heading-center fusion-responsive-typography-calculated\" style=\"font-family:var(--awb-typography2-font-family);font-weight:var(--awb-typography2-font-weight);font-style:var(--awb-typography2-font-style);margin:0;letter-spacing:var(--awb-typography2-letter-spacing);text-transform:var(--awb-typography2-text-transform);font-size:1em;--fontSize:22;--minFontSize:22;line-height:1.3;\">Verleih von Fahrr\u00e4dern, E-Bikes, Kinderwagen, Kindertragen und Klettersteigsets<\/h2><\/div><div class=\"fusion-text fusion-text-1\" style=\"--awb-content-alignment:center;\"><p>Bei Intersport findest du alle Ausr\u00fcstung, die du f\u00fcr deinen Sommersport brauchst. Wir vermieten Fahrr\u00e4der, E-Bikes und Mountainbikes, Kinderwagen und Kindertragen oder ein Klettersteigset. Intersport Val Gardena bietet dir alles, was du f\u00fcr ein ma\u00dfgeschneidertes Sporterlebnis in den Dolomiten brauchst.<\/p>\n<\/div><div style=\"text-align:center;\"><a class=\"fusion-button button-flat fusion-button-default-size button-default fusion-button-default button-1 fusion-button-default-span fusion-button-default-type\" style=\"--button_font_size:20px;\" target=\"_self\" href=\"https:\/\/www.valgardenasport.com\/de\/fahrradverleih-online-buchung\/\"><span class=\"fusion-button-text awb-button__text awb-button__text--default\">Online Reservierung \u2013 Infos &amp; Preise<\/span><\/a><\/div><\/div><\/div><\/div><\/div><div class=\"fusion-fullwidth fullwidth-box fusion-builder-row-2 fusion-flex-container nonhundred-percent-fullwidth non-hundred-percent-height-scrolling\" style=\"--awb-border-radius-top-left:0px;--awb-border-radius-top-right:0px;--awb-border-radius-bottom-right:0px;--awb-border-radius-bottom-left:0px;--awb-padding-top:30px;--awb-padding-right:20px;--awb-padding-bottom:40px;--awb-padding-left:20px;--awb-flex-wrap:wrap;\" ><div class=\"fusion-builder-row fusion-row fusion-flex-align-items-stretch fusion-flex-justify-content-center fusion-flex-content-wrap\" style=\"max-width:1366.8px;margin-left: calc(-2% \/ 2 );margin-right: calc(-2% \/ 2 );\"><div class=\"fusion-layout-column fusion_builder_column fusion-builder-column-1 fusion_builder_column_2_3 2_3 fusion-flex-column fusion-column-inner-bg-wrapper fusion-column-liftup-border\" style=\"--awb-padding-top:180px;--awb-padding-right:10px;--awb-padding-left:10px;--awb-padding-top-small:140px;--awb-padding-bottom-small:35px;--awb-overflow:hidden;--awb-inner-bg-image:linear-gradient(180deg, rgba(0,0,0,0) 44%,rgba(10,11,15,0.75) 90%),url(https:\/\/www.valgardenasport.com\/wp-content\/uploads\/2026\/02\/Mondraker-ebikes-3.jpg);;--awb-inner-bg-position:right bottom;--awb-inner-bg-size:cover;--awb-border-radius:12px 12px 12px 12px;--awb-liftup-border-radius:12px 12px 12px 12px;--awb-width-large:66.666666666667%;--awb-margin-top-large:20px;--awb-spacing-right-large:1.47%;--awb-margin-bottom-large:0px;--awb-spacing-left-large:1.47%;--awb-width-medium:66.666666666667%;--awb-order-medium:0;--awb-spacing-right-medium:1.47%;--awb-spacing-left-medium:1.47%;--awb-width-small:100%;--awb-order-small:0;--awb-spacing-right-small:0.98%;--awb-spacing-left-small:0.98%;\" data-scroll-devices=\"small-visibility,medium-visibility,large-visibility\"><span class=\"fusion-column-inner-bg hover-type-liftup\"><a class=\"fusion-column-anchor\" href=\"https:\/\/www.valgardenasport.com\/de\/fahrradverleih-e-bike-verleih\/\"><span class=\"fusion-column-inner-bg-image\"><\/span><\/a><\/span><div class=\"fusion-column-wrapper fusion-flex-justify-content-center fusion-content-layout-column fusion-column-has-bg-image\" data-bg-url=\"https:\/\/www.valgardenasport.com\/wp-content\/uploads\/2026\/02\/Mondraker-ebikes-3.jpg\"><div class=\"fusion-title title fusion-title-3 fusion-sep-none fusion-title-center fusion-title-text fusion-title-size-four\" style=\"--awb-text-color:#ffffff;--awb-margin-top:45px;--awb-margin-top-small:10px;--awb-margin-right-small:0px;--awb-margin-bottom-small:10px;--awb-margin-left-small:0px;--awb-font-size:var(--awb-typography1-font-size);\"><h4 class=\"fusion-title-heading title-heading-center fusion-responsive-typography-calculated\" style=\"font-family:var(--awb-typography1-font-family);font-weight:var(--awb-typography1-font-weight);font-style:var(--awb-typography1-font-style);margin:0;letter-spacing:var(--awb-typography1-letter-spacing);text-transform:var(--awb-typography1-text-transform);font-size:1em;--fontSize:40;line-height:1.4;\">Unsere Fahrr\u00e4der<\/h4><\/div><div class=\"fusion-text fusion-text-2\" style=\"--awb-content-alignment:center;--awb-text-color:var(--awb-color1);\"><p>miete die neuen E-Mtb, E-Bikes, Mountainbikes, Rennr\u00e4der<\/p>\n<\/div><\/div><\/div><div class=\"fusion-layout-column fusion_builder_column fusion-builder-column-2 fusion_builder_column_1_3 1_3 fusion-flex-column fusion-flex-align-self-stretch fusion-column-inner-bg-wrapper fusion-column-liftup-border\" style=\"--awb-padding-top:180px;--awb-padding-right:10px;--awb-padding-left:10px;--awb-overflow:hidden;--awb-inner-bg-image:linear-gradient(180deg, rgba(255,255,255,0) 9%,rgba(10,11,15,0.75) 92%),url(https:\/\/www.valgardenasport.com\/wp-content\/uploads\/2023\/09\/carrello-per-biciclette-con-bambino.webp);;--awb-inner-bg-size:cover;--awb-border-radius:12px 12px 12px 12px;--awb-liftup-border-radius:12px 12px 12px 12px;--awb-width-large:33.333333333333%;--awb-margin-top-large:20px;--awb-spacing-right-large:2.94%;--awb-margin-bottom-large:0px;--awb-spacing-left-large:2.94%;--awb-width-medium:33.333333333333%;--awb-order-medium:0;--awb-spacing-right-medium:2.94%;--awb-spacing-left-medium:2.94%;--awb-width-small:100%;--awb-order-small:0;--awb-spacing-right-small:0.98%;--awb-spacing-left-small:0.98%;\" data-scroll-devices=\"small-visibility,medium-visibility,large-visibility\"><span class=\"fusion-column-inner-bg hover-type-liftup\"><a class=\"fusion-column-anchor\" href=\"https:\/\/www.valgardenasport.com\/de\/fahrrad-zubehoer-verleih\/\" aria-label=\"Accessori Bici, Carrelli bici, rimorchi bici per bambini, rimorchi bici per cani\"><span class=\"fusion-column-inner-bg-image\"><\/span><\/a><\/span><div class=\"fusion-column-wrapper fusion-flex-justify-content-center fusion-content-layout-column fusion-column-has-bg-image\" data-bg-url=\"https:\/\/www.valgardenasport.com\/wp-content\/uploads\/2023\/09\/carrello-per-biciclette-con-bambino.webp\"><div class=\"fusion-title title fusion-title-4 fusion-sep-none fusion-title-center fusion-title-text fusion-title-size-four\" style=\"--awb-text-color:#ffffff;--awb-margin-top:45px;--awb-margin-top-small:10px;--awb-margin-right-small:0px;--awb-margin-bottom-small:10px;--awb-margin-left-small:0px;--awb-font-size:var(--awb-typography1-font-size);\"><h4 class=\"fusion-title-heading title-heading-center fusion-responsive-typography-calculated\" style=\"font-family:var(--awb-typography1-font-family);font-weight:var(--awb-typography1-font-weight);font-style:var(--awb-typography1-font-style);margin:0;letter-spacing:var(--awb-typography1-letter-spacing);text-transform:var(--awb-typography1-text-transform);font-size:1em;--fontSize:40;line-height:1.4;\">Fahrradzubeh\u00f6r<\/h4><\/div><div class=\"fusion-text fusion-text-3\" style=\"--awb-content-alignment:center;--awb-text-color:var(--awb-color1);\"><p>Fahrradanh\u00e4nger &amp; Fahrradsitze<\/p>\n<\/div><\/div><\/div><div class=\"fusion-layout-column fusion_builder_column fusion-builder-column-3 fusion_builder_column_1_3 1_3 fusion-flex-column fusion-column-inner-bg-wrapper fusion-column-liftup-border\" style=\"--awb-padding-top:100px;--awb-padding-right:10px;--awb-padding-left:10px;--awb-overflow:hidden;--awb-inner-bg-image:linear-gradient(180deg, rgba(255,255,255,0) 0%,rgba(10,11,15,0.75) 80%),url(https:\/\/www.valgardenasport.com\/wp-content\/uploads\/2023\/09\/Kindertrage-familienausflug.webp);;--awb-inner-bg-position:right center;--awb-inner-bg-size:cover;--awb-border-radius:12px 12px 12px 12px;--awb-liftup-border-radius:12px 12px 12px 12px;--awb-width-large:33.333333333333%;--awb-margin-top-large:2%;--awb-spacing-right-large:2.94%;--awb-margin-bottom-large:20px;--awb-spacing-left-large:2.94%;--awb-width-medium:33.333333333333%;--awb-order-medium:0;--awb-spacing-right-medium:2.94%;--awb-spacing-left-medium:2.94%;--awb-width-small:100%;--awb-order-small:0;--awb-spacing-right-small:0.98%;--awb-spacing-left-small:0.98%;\"><span class=\"fusion-column-inner-bg hover-type-liftup\"><a class=\"fusion-column-anchor\" href=\"https:\/\/www.valgardenasport.com\/de\/kinderwagen-und-kindertrage-verleih\/\"><span class=\"fusion-column-inner-bg-image\"><\/span><\/a><\/span><div class=\"fusion-column-wrapper fusion-flex-justify-content-flex-start fusion-content-layout-column fusion-column-has-bg-image\" data-bg-url=\"https:\/\/www.valgardenasport.com\/wp-content\/uploads\/2023\/09\/Kindertrage-familienausflug.webp\"><div class=\"fusion-title title fusion-title-5 fusion-sep-none fusion-title-center fusion-title-text fusion-title-size-four\" style=\"--awb-text-color:#ffffff;--awb-margin-top:40px;--awb-margin-top-small:10px;--awb-margin-right-small:0px;--awb-margin-bottom-small:10px;--awb-margin-left-small:0px;--awb-font-size:var(--awb-typography1-font-size);\"><h4 class=\"fusion-title-heading title-heading-center fusion-responsive-typography-calculated\" style=\"font-family:var(--awb-typography1-font-family);font-weight:var(--awb-typography1-font-weight);font-style:var(--awb-typography1-font-style);margin:0;letter-spacing:var(--awb-typography1-letter-spacing);text-transform:var(--awb-typography1-text-transform);font-size:1em;--fontSize:40;line-height:1.4;\">F\u00fcr die Familie<\/h4><\/div><div class=\"fusion-text fusion-text-4\" style=\"--awb-content-alignment:center;--awb-text-color:var(--awb-color1);\"><p>Verleih von Kinderwagen &amp; Kindertragen<\/p>\n<\/div><\/div><\/div><div class=\"fusion-layout-column fusion_builder_column fusion-builder-column-4 fusion_builder_column_1_3 1_3 fusion-flex-column fusion-column-inner-bg-wrapper fusion-column-liftup-border\" style=\"--awb-padding-top:100px;--awb-padding-right:10px;--awb-padding-left:10px;--awb-overflow:hidden;--awb-inner-bg-image:linear-gradient(180deg, rgba(255,255,255,0) 0%,rgba(10,11,15,0.75) 80%),url(https:\/\/www.valgardenasport.com\/wp-content\/uploads\/2023\/09\/Via-ferrata-passo-gardena-1.webp);;--awb-inner-bg-position:left center;--awb-inner-bg-size:cover;--awb-border-radius:12px 12px 12px 12px;--awb-liftup-border-radius:12px 12px 12px 12px;--awb-width-large:33.333333333333%;--awb-margin-top-large:2%;--awb-spacing-right-large:2.94%;--awb-margin-bottom-large:20px;--awb-spacing-left-large:2.94%;--awb-width-medium:33.333333333333%;--awb-order-medium:0;--awb-spacing-right-medium:2.94%;--awb-spacing-left-medium:2.94%;--awb-width-small:100%;--awb-order-small:0;--awb-spacing-right-small:0.98%;--awb-spacing-left-small:0.98%;\"><span class=\"fusion-column-inner-bg hover-type-liftup\"><a class=\"fusion-column-anchor\" href=\"https:\/\/www.valgardenasport.com\/de\/klettersteigset-verleih\/\"><span class=\"fusion-column-inner-bg-image\"><\/span><\/a><\/span><div class=\"fusion-column-wrapper fusion-flex-justify-content-flex-start fusion-content-layout-column fusion-column-has-bg-image\" data-bg-url=\"https:\/\/www.valgardenasport.com\/wp-content\/uploads\/2023\/09\/Via-ferrata-passo-gardena-1.webp\"><div class=\"fusion-title title fusion-title-6 fusion-sep-none fusion-title-center fusion-title-text fusion-title-size-four\" style=\"--awb-text-color:#ffffff;--awb-margin-top:40px;--awb-margin-top-small:10px;--awb-margin-right-small:0px;--awb-margin-bottom-small:10px;--awb-margin-left-small:0px;--awb-font-size:var(--awb-typography1-font-size);\"><h4 class=\"fusion-title-heading title-heading-center fusion-responsive-typography-calculated\" style=\"font-family:var(--awb-typography1-font-family);font-weight:var(--awb-typography1-font-weight);font-style:var(--awb-typography1-font-style);margin:0;letter-spacing:var(--awb-typography1-letter-spacing);text-transform:var(--awb-typography1-text-transform);font-size:1em;--fontSize:40;line-height:1.4;\">Klettersteigset<\/h4><\/div><div class=\"fusion-text fusion-text-5\" style=\"--awb-content-alignment:center;--awb-text-color:var(--awb-color1);\"><p>bezwinge in Sicherheit die Gipfel der Dolomiten<\/p>\n<\/div><\/div><\/div><div class=\"fusion-layout-column fusion_builder_column fusion-builder-column-5 fusion_builder_column_1_3 1_3 fusion-flex-column fusion-flex-align-self-stretch\" style=\"--awb-padding-right:10px;--awb-padding-bottom:20px;--awb-padding-left:10px;--awb-overflow:hidden;--awb-bg-color:var(--awb-color7);--awb-bg-color-hover:var(--awb-color8);--awb-bg-image:linear-gradient(180deg, rgba(255,255,255,0) 0%,rgba(10,11,15,0.75) 80%);--awb-bg-position:right top;--awb-bg-size:cover;--awb-border-radius:12px 12px 12px 12px;--awb-width-large:33.333333333333%;--awb-margin-top-large:2%;--awb-spacing-right-large:2.94%;--awb-margin-bottom-large:20px;--awb-spacing-left-large:2.94%;--awb-width-medium:33.333333333333%;--awb-order-medium:0;--awb-spacing-right-medium:2.94%;--awb-spacing-left-medium:2.94%;--awb-width-small:100%;--awb-order-small:0;--awb-spacing-right-small:0.98%;--awb-spacing-left-small:0.98%;\" data-scroll-devices=\"small-visibility,medium-visibility,large-visibility\"><div class=\"fusion-column-wrapper fusion-column-has-shadow fusion-flex-justify-content-center fusion-content-layout-column\"><div class=\"fusion-title title fusion-title-7 fusion-sep-none fusion-title-center fusion-title-text fusion-title-size-four\" style=\"--awb-text-color:#ffffff;--awb-margin-top:20px;--awb-margin-top-small:10px;--awb-margin-right-small:0px;--awb-margin-bottom-small:10px;--awb-margin-left-small:0px;--awb-font-size:var(--awb-typography1-font-size);\"><h4 class=\"fusion-title-heading title-heading-center fusion-responsive-typography-calculated\" style=\"font-family:var(--awb-typography1-font-family);font-weight:var(--awb-typography1-font-weight);font-style:var(--awb-typography1-font-style);margin:0;letter-spacing:var(--awb-typography1-letter-spacing);text-transform:var(--awb-typography1-text-transform);font-size:1em;--fontSize:40;line-height:1.4;\">Gebrauchte E-Bike<\/h4><\/div><div class=\"fusion-text fusion-text-6\" style=\"--awb-content-alignment:center;--awb-text-color:var(--awb-color1);\"><p>Hier findest du gebraucht E-Bikes mit Originalgarantie zum Schn\u00e4ppchenpreis<\/p>\n<\/div><div style=\"text-align:center;\"><a class=\"fusion-button button-flat fusion-button-default-size button-custom fusion-button-default button-2 fusion-button-default-span fusion-button-default-type\" style=\"--awb-padding-top:17px;--awb-padding-right:32px;--awb-padding-bottom:20px;--awb-padding-left:32px;--button_accent_color:var(--awb-color1);--button_accent_hover_color:var(--awb-custom_color_4);--button_border_hover_color:var(--awb-custom_color_4);--button_border_width-top:1px;--button_border_width-right:1px;--button_border_width-bottom:1px;--button_border_width-left:1px;--button-border-radius-top-left:12px;--button-border-radius-top-right:12px;--button-border-radius-bottom-right:12px;--button-border-radius-bottom-left:12px;--button_gradient_top_color:var(--awb-color7);--button_gradient_bottom_color:var(--awb-color7);--button_gradient_top_color_hover:var(--awb-color1);--button_gradient_bottom_color_hover:var(--awb-color1);--button_font_size:18px;--button_line_height:1.2em;--button_typography-letter-spacing:0.02em;--button_typography-font-family:&quot;Montserrat&quot;;--button_typography-font-style:normal;--button_typography-font-weight:500;\" target=\"_blank\" rel=\"noopener noreferrer\" href=\"https:\/\/www.mountainshop.online\/outdoor\/BIKE\/E-BIKES\/E-MTB-Gebraucht\/\"><span class=\"fusion-button-text awb-button__text awb-button__text--default\">ZUM ONLINE SHOP<\/span><i class=\"icon-angle-right-solid awb-button__icon awb-button__icon--default button-icon-right\" aria-hidden=\"true\"><\/i><\/a><\/div><\/div><\/div><\/div><\/div><div class=\"fusion-fullwidth fullwidth-box fusion-builder-row-3 fusion-flex-container has-pattern-background has-mask-background nonhundred-percent-fullwidth non-hundred-percent-height-scrolling\" style=\"--awb-border-radius-top-left:0px;--awb-border-radius-top-right:0px;--awb-border-radius-bottom-right:0px;--awb-border-radius-bottom-left:0px;--awb-margin-top:40px;--awb-flex-wrap:wrap;\" ><div class=\"fusion-builder-row fusion-row fusion-flex-align-items-flex-start fusion-flex-content-wrap\" style=\"max-width:1393.6px;margin-left: calc(-4% \/ 2 );margin-right: calc(-4% \/ 2 );\"><div class=\"fusion-layout-column fusion_builder_column fusion-builder-column-6 fusion_builder_column_1_1 1_1 fusion-flex-column\" style=\"--awb-bg-size:cover;--awb-width-large:100%;--awb-margin-top-large:0px;--awb-spacing-right-large:1.92%;--awb-margin-bottom-large:20px;--awb-spacing-left-large:1.92%;--awb-width-medium:100%;--awb-order-medium:0;--awb-spacing-right-medium:1.92%;--awb-spacing-left-medium:1.92%;--awb-width-small:100%;--awb-order-small:0;--awb-spacing-right-small:1.92%;--awb-spacing-left-small:1.92%;\"><div class=\"fusion-column-wrapper fusion-column-has-shadow fusion-flex-justify-content-flex-start fusion-content-layout-column\"><div class=\"fusion-title title fusion-title-8 fusion-sep-none fusion-title-center fusion-title-text fusion-title-size-two\" style=\"--awb-text-color:var(--awb-color4);--awb-margin-top-small:10px;--awb-margin-right-small:0px;--awb-margin-bottom-small:10px;--awb-margin-left-small:0px;--awb-font-size:var(--awb-typography1-font-size);\"><h2 class=\"fusion-title-heading title-heading-center fusion-responsive-typography-calculated\" style=\"font-family:var(--awb-typography1-font-family);font-weight:var(--awb-typography1-font-weight);font-style:var(--awb-typography1-font-style);margin:0;letter-spacing:var(--awb-typography1-letter-spacing);text-transform:var(--awb-typography1-text-transform);font-size:1em;--fontSize:40;line-height:1.4;\">Deine exklusiven Vorteile bei Intersport Val Gardena<\/h2><\/div><\/div><\/div><div class=\"fusion-layout-column fusion_builder_column fusion-builder-column-7 fusion_builder_column_1_5 1_5 fusion-flex-column\" style=\"--awb-bg-size:cover;--awb-width-large:20%;--awb-margin-top-large:0px;--awb-spacing-right-large:9.6%;--awb-margin-bottom-large:20px;--awb-spacing-left-large:9.6%;--awb-width-medium:20%;--awb-order-medium:0;--awb-spacing-right-medium:9.6%;--awb-spacing-left-medium:9.6%;--awb-width-small:50%;--awb-order-small:0;--awb-spacing-right-small:3.84%;--awb-spacing-left-small:3.84%;\"><div class=\"fusion-column-wrapper fusion-column-has-shadow fusion-flex-justify-content-flex-start fusion-content-layout-column\"><div class=\"fusion-image-element \" style=\"--awb-max-width:70px;--awb-caption-title-font-family:var(--h2_typography-font-family);--awb-caption-title-font-weight:var(--h2_typography-font-weight);--awb-caption-title-font-style:var(--h2_typography-font-style);--awb-caption-title-size:var(--h2_typography-font-size);--awb-caption-title-transform:var(--h2_typography-text-transform);--awb-caption-title-line-height:var(--h2_typography-line-height);--awb-caption-title-letter-spacing:var(--h2_typography-letter-spacing);\"><span class=\" fusion-imageframe imageframe-none imageframe-1 hover-type-none\"><img decoding=\"async\" width=\"200\" height=\"200\" alt=\"Premium quality icon\" title=\"4965564-200\" src=\"https:\/\/www.valgardenasport.com\/wp-content\/uploads\/2023\/09\/4965564-200.png\" class=\"img-responsive wp-image-27891\" srcset=\"https:\/\/www.valgardenasport.com\/wp-content\/uploads\/2023\/09\/4965564-200-66x66.png 66w, https:\/\/www.valgardenasport.com\/wp-content\/uploads\/2023\/09\/4965564-200-150x150.png 150w, https:\/\/www.valgardenasport.com\/wp-content\/uploads\/2023\/09\/4965564-200.png 200w\" sizes=\"(max-width: 200px) 100vw, 200px\" \/><\/span><\/div><div class=\"fusion-title title fusion-title-9 fusion-sep-none fusion-title-text fusion-title-size-three\" style=\"--awb-margin-top-small:10px;--awb-margin-right-small:0px;--awb-margin-bottom-small:10px;--awb-margin-left-small:0px;--awb-font-size:var(--awb-typography2-font-size);\"><h3 class=\"fusion-title-heading title-heading-left fusion-responsive-typography-calculated\" style=\"font-family:var(--awb-typography2-font-family);font-weight:var(--awb-typography2-font-weight);font-style:var(--awb-typography2-font-style);margin:0;letter-spacing:var(--awb-typography2-letter-spacing);text-transform:var(--awb-typography2-text-transform);font-size:1em;--fontSize:22;--minFontSize:22;line-height:1.3;\">Bester Service<\/h3><\/div><div class=\"fusion-text fusion-text-7\"><p>In unseren Shops findest du erfahrene Mechaniker, die dir mit Professionalit\u00e4t und Leidenschaft zur Seite stehen.<\/p>\n<\/div><\/div><\/div><div class=\"fusion-layout-column fusion_builder_column fusion-builder-column-8 fusion_builder_column_1_5 1_5 fusion-flex-column\" style=\"--awb-bg-size:cover;--awb-width-large:20%;--awb-margin-top-large:0px;--awb-spacing-right-large:9.6%;--awb-margin-bottom-large:20px;--awb-spacing-left-large:9.6%;--awb-width-medium:20%;--awb-order-medium:0;--awb-spacing-right-medium:9.6%;--awb-spacing-left-medium:9.6%;--awb-width-small:50%;--awb-order-small:0;--awb-spacing-right-small:3.84%;--awb-spacing-left-small:3.84%;\"><div class=\"fusion-column-wrapper fusion-column-has-shadow fusion-flex-justify-content-flex-start fusion-content-layout-column\"><div class=\"fusion-image-element \" style=\"--awb-max-width:70px;--awb-caption-title-font-family:var(--h2_typography-font-family);--awb-caption-title-font-weight:var(--h2_typography-font-weight);--awb-caption-title-font-style:var(--h2_typography-font-style);--awb-caption-title-size:var(--h2_typography-font-size);--awb-caption-title-transform:var(--h2_typography-text-transform);--awb-caption-title-line-height:var(--h2_typography-line-height);--awb-caption-title-letter-spacing:var(--h2_typography-letter-spacing);\"><span class=\" fusion-imageframe imageframe-none imageframe-2 hover-type-none\"><img decoding=\"async\" width=\"200\" height=\"200\" alt=\"Family Icon\" title=\"helmet-200\" src=\"https:\/\/www.valgardenasport.com\/wp-content\/uploads\/2023\/09\/helmet-200-1.png\" class=\"img-responsive wp-image-27896\" srcset=\"https:\/\/www.valgardenasport.com\/wp-content\/uploads\/2023\/09\/helmet-200-1-66x66.png 66w, https:\/\/www.valgardenasport.com\/wp-content\/uploads\/2023\/09\/helmet-200-1-150x150.png 150w, https:\/\/www.valgardenasport.com\/wp-content\/uploads\/2023\/09\/helmet-200-1.png 200w\" sizes=\"(max-width: 200px) 100vw, 200px\" \/><\/span><\/div><div class=\"fusion-title title fusion-title-10 fusion-sep-none fusion-title-text fusion-title-size-three\" style=\"--awb-margin-top-small:10px;--awb-margin-right-small:0px;--awb-margin-bottom-small:10px;--awb-margin-left-small:0px;--awb-font-size:var(--awb-typography2-font-size);\"><h3 class=\"fusion-title-heading title-heading-left fusion-responsive-typography-calculated\" style=\"font-family:var(--awb-typography2-font-family);font-weight:var(--awb-typography2-font-weight);font-style:var(--awb-typography2-font-style);margin:0;letter-spacing:var(--awb-typography2-letter-spacing);text-transform:var(--awb-typography2-text-transform);font-size:1em;--fontSize:22;--minFontSize:22;line-height:1.3;\">Gratis Kinderhelm<\/h3><\/div><div class=\"fusion-text fusion-text-8\"><p>Sicherheit geht vor: F\u00fcr alle Kinder bis 14 Jahre ist der Fahrradhelm im Verleih kostenlos enthalten.<\/p>\n<\/div><\/div><\/div><div class=\"fusion-layout-column fusion_builder_column fusion-builder-column-9 fusion_builder_column_1_5 1_5 fusion-flex-column\" style=\"--awb-bg-size:cover;--awb-width-large:20%;--awb-margin-top-large:0px;--awb-spacing-right-large:9.6%;--awb-margin-bottom-large:20px;--awb-spacing-left-large:9.6%;--awb-width-medium:20%;--awb-order-medium:0;--awb-spacing-right-medium:9.6%;--awb-spacing-left-medium:9.6%;--awb-width-small:50%;--awb-order-small:0;--awb-spacing-right-small:3.84%;--awb-spacing-left-small:3.84%;\"><div class=\"fusion-column-wrapper fusion-column-has-shadow fusion-flex-justify-content-flex-start fusion-content-layout-column\"><div class=\"fusion-image-element \" style=\"--awb-max-width:70px;--awb-caption-title-font-family:var(--h2_typography-font-family);--awb-caption-title-font-weight:var(--h2_typography-font-weight);--awb-caption-title-font-style:var(--h2_typography-font-style);--awb-caption-title-size:var(--h2_typography-font-size);--awb-caption-title-transform:var(--h2_typography-text-transform);--awb-caption-title-line-height:var(--h2_typography-line-height);--awb-caption-title-letter-spacing:var(--h2_typography-letter-spacing);\"><span class=\" fusion-imageframe imageframe-none imageframe-3 hover-type-none\"><img decoding=\"async\" width=\"300\" height=\"278\" alt=\"Change Icon\" title=\"benefits-icon\" src=\"https:\/\/www.valgardenasport.com\/wp-content\/uploads\/2023\/09\/benefits-icon.png\" class=\"img-responsive wp-image-27876\" srcset=\"https:\/\/www.valgardenasport.com\/wp-content\/uploads\/2023\/09\/benefits-icon-200x185.png 200w, https:\/\/www.valgardenasport.com\/wp-content\/uploads\/2023\/09\/benefits-icon.png 300w\" sizes=\"(max-width: 640px) 100vw, 300px\" \/><\/span><\/div><div class=\"fusion-title title fusion-title-11 fusion-sep-none fusion-title-text fusion-title-size-three\" style=\"--awb-margin-top-small:10px;--awb-margin-right-small:0px;--awb-margin-bottom-small:10px;--awb-margin-left-small:0px;--awb-font-size:var(--awb-typography2-font-size);\"><h3 class=\"fusion-title-heading title-heading-left fusion-responsive-typography-calculated\" style=\"font-family:var(--awb-typography2-font-family);font-weight:var(--awb-typography2-font-weight);font-style:var(--awb-typography2-font-style);margin:0;letter-spacing:var(--awb-typography2-letter-spacing);text-transform:var(--awb-typography2-text-transform);font-size:1em;--fontSize:22;--minFontSize:22;line-height:1.3;\">Nur neue Bikes<\/h3><\/div><div class=\"fusion-text fusion-text-9\"><p>Miete die neuesten MTB\u2019s und E-Bikes. Highlight der Saison: Light E-Bikes mit nur 17 kg Gewicht: leicht, agil und innovativ.<\/p>\n<\/div><\/div><\/div><div class=\"fusion-layout-column fusion_builder_column fusion-builder-column-10 fusion_builder_column_1_5 1_5 fusion-flex-column\" style=\"--awb-bg-size:cover;--awb-width-large:20%;--awb-margin-top-large:0px;--awb-spacing-right-large:9.6%;--awb-margin-bottom-large:20px;--awb-spacing-left-large:9.6%;--awb-width-medium:20%;--awb-order-medium:0;--awb-spacing-right-medium:9.6%;--awb-spacing-left-medium:9.6%;--awb-width-small:50%;--awb-order-small:0;--awb-spacing-right-small:3.84%;--awb-spacing-left-small:3.84%;\"><div class=\"fusion-column-wrapper fusion-column-has-shadow fusion-flex-justify-content-flex-start fusion-content-layout-column\"><div class=\"fusion-image-element \" style=\"--awb-max-width:70px;--awb-caption-title-font-family:var(--h2_typography-font-family);--awb-caption-title-font-weight:var(--h2_typography-font-weight);--awb-caption-title-font-style:var(--h2_typography-font-style);--awb-caption-title-size:var(--h2_typography-font-size);--awb-caption-title-transform:var(--h2_typography-text-transform);--awb-caption-title-line-height:var(--h2_typography-line-height);--awb-caption-title-letter-spacing:var(--h2_typography-letter-spacing);\"><span class=\" fusion-imageframe imageframe-none imageframe-4 hover-type-none\"><img decoding=\"async\" width=\"200\" height=\"200\" title=\"3843557-200\" src=\"https:\/\/www.valgardenasport.com\/wp-content\/uploads\/2023\/09\/3843557-200-1.png\" class=\"img-responsive wp-image-27899\" alt=\"\" srcset=\"https:\/\/www.valgardenasport.com\/wp-content\/uploads\/2023\/09\/3843557-200-1-66x66.png 66w, https:\/\/www.valgardenasport.com\/wp-content\/uploads\/2023\/09\/3843557-200-1-150x150.png 150w, https:\/\/www.valgardenasport.com\/wp-content\/uploads\/2023\/09\/3843557-200-1.png 200w\" sizes=\"(max-width: 200px) 100vw, 200px\" \/><\/span><\/div><div class=\"fusion-title title fusion-title-12 fusion-sep-none fusion-title-text fusion-title-size-three\" style=\"--awb-margin-top-small:10px;--awb-margin-right-small:0px;--awb-margin-bottom-small:10px;--awb-margin-left-small:0px;--awb-font-size:var(--awb-typography2-font-size);\"><h3 class=\"fusion-title-heading title-heading-left fusion-responsive-typography-calculated\" style=\"font-family:var(--awb-typography2-font-family);font-weight:var(--awb-typography2-font-weight);font-style:var(--awb-typography2-font-style);margin:0;letter-spacing:var(--awb-typography2-letter-spacing);text-transform:var(--awb-typography2-text-transform);font-size:1em;--fontSize:22;--minFontSize:22;line-height:1.3;\">E-Bikes f\u00fcr Kinder<\/h3><\/div><div class=\"fusion-text fusion-text-10\"><p>Wir vermieten E-Bikes in 20\u2033 und 24\u2033, ideal f\u00fcr Kinder ab 6 Jahren \u2013 sicher, leicht und einfach zu fahren.<\/p>\n<\/div><\/div><\/div><div class=\"fusion-layout-column fusion_builder_column fusion-builder-column-11 fusion_builder_column_1_5 1_5 fusion-flex-column\" style=\"--awb-bg-size:cover;--awb-width-large:20%;--awb-margin-top-large:0px;--awb-spacing-right-large:9.6%;--awb-margin-bottom-large:20px;--awb-spacing-left-large:9.6%;--awb-width-medium:20%;--awb-order-medium:0;--awb-spacing-right-medium:9.6%;--awb-spacing-left-medium:9.6%;--awb-width-small:50%;--awb-order-small:0;--awb-spacing-right-small:3.84%;--awb-spacing-left-small:3.84%;\"><div class=\"fusion-column-wrapper fusion-column-has-shadow fusion-flex-justify-content-flex-start fusion-content-layout-column\"><div class=\"fusion-image-element \" style=\"--awb-max-width:70px;--awb-caption-title-font-family:var(--h2_typography-font-family);--awb-caption-title-font-weight:var(--h2_typography-font-weight);--awb-caption-title-font-style:var(--h2_typography-font-style);--awb-caption-title-size:var(--h2_typography-font-size);--awb-caption-title-transform:var(--h2_typography-text-transform);--awb-caption-title-line-height:var(--h2_typography-line-height);--awb-caption-title-letter-spacing:var(--h2_typography-letter-spacing);\"><span class=\" fusion-imageframe imageframe-none imageframe-5 hover-type-none\"><img decoding=\"async\" width=\"512\" height=\"512\" alt=\"Online Booking Icon\" title=\"booking-icon\" src=\"https:\/\/www.valgardenasport.com\/wp-content\/uploads\/2023\/09\/booking-icon.webp\" class=\"img-responsive wp-image-32867\" srcset=\"https:\/\/www.valgardenasport.com\/wp-content\/uploads\/2023\/09\/booking-icon-200x200.webp 200w, https:\/\/www.valgardenasport.com\/wp-content\/uploads\/2023\/09\/booking-icon-400x400.webp 400w, https:\/\/www.valgardenasport.com\/wp-content\/uploads\/2023\/09\/booking-icon.webp 512w\" sizes=\"(max-width: 640px) 100vw, 400px\" \/><\/span><\/div><div class=\"fusion-title title fusion-title-13 fusion-sep-none fusion-title-text fusion-title-size-three\" style=\"--awb-margin-top-small:10px;--awb-margin-right-small:0px;--awb-margin-bottom-small:10px;--awb-margin-left-small:0px;--awb-font-size:var(--awb-typography2-font-size);\"><h3 class=\"fusion-title-heading title-heading-left fusion-responsive-typography-calculated\" style=\"font-family:var(--awb-typography2-font-family);font-weight:var(--awb-typography2-font-weight);font-style:var(--awb-typography2-font-style);margin:0;letter-spacing:var(--awb-typography2-letter-spacing);text-transform:var(--awb-typography2-text-transform);font-size:1em;--fontSize:22;--minFontSize:22;line-height:1.3;\">Jetzt online buchen<\/h3><\/div><div class=\"fusion-text fusion-text-11\"><p>Buche dein Fahrrad ganz bequem von zu Hause und sichere dir dein Wunschmodell im Voraus!<\/p>\n<\/div><\/div><\/div><div class=\"fusion-layout-column fusion_builder_column fusion-builder-column-12 fusion_builder_column_1_5 1_5 fusion-flex-column\" style=\"--awb-bg-size:cover;--awb-width-large:20%;--awb-margin-top-large:0px;--awb-spacing-right-large:9.6%;--awb-margin-bottom-large:20px;--awb-spacing-left-large:9.6%;--awb-width-medium:20%;--awb-order-medium:0;--awb-spacing-right-medium:9.6%;--awb-spacing-left-medium:9.6%;--awb-width-small:50%;--awb-order-small:0;--awb-spacing-right-small:3.84%;--awb-spacing-left-small:3.84%;\"><div class=\"fusion-column-wrapper fusion-column-has-shadow fusion-flex-justify-content-flex-start fusion-content-layout-column\"><div class=\"fusion-image-element \" style=\"--awb-max-width:70px;--awb-caption-title-font-family:var(--h2_typography-font-family);--awb-caption-title-font-weight:var(--h2_typography-font-weight);--awb-caption-title-font-style:var(--h2_typography-font-style);--awb-caption-title-size:var(--h2_typography-font-size);--awb-caption-title-transform:var(--h2_typography-text-transform);--awb-caption-title-line-height:var(--h2_typography-line-height);--awb-caption-title-letter-spacing:var(--h2_typography-letter-spacing);\"><span class=\" fusion-imageframe imageframe-none imageframe-6 hover-type-none\"><img decoding=\"async\" width=\"512\" height=\"512\" alt=\"Premium quality icon\" title=\"revised-icon\" src=\"https:\/\/www.valgardenasport.com\/wp-content\/uploads\/2023\/10\/tipps-icon-1.webp\" class=\"img-responsive wp-image-28260\"\/><\/span><\/div><div class=\"fusion-title title fusion-title-14 fusion-sep-none fusion-title-text fusion-title-size-three\" style=\"--awb-margin-top-small:10px;--awb-margin-right-small:0px;--awb-margin-bottom-small:10px;--awb-margin-left-small:0px;--awb-font-size:var(--awb-typography2-font-size);\"><h3 class=\"fusion-title-heading title-heading-left fusion-responsive-typography-calculated\" style=\"font-family:var(--awb-typography2-font-family);font-weight:var(--awb-typography2-font-weight);font-style:var(--awb-typography2-font-style);margin:0;letter-spacing:var(--awb-typography2-letter-spacing);text-transform:var(--awb-typography2-text-transform);font-size:1em;--fontSize:22;--minFontSize:22;line-height:1.3;\">Biketouren Tipps<\/h3><\/div><div class=\"fusion-text fusion-text-12\"><p>Unser Team hilft dir gerne, die besten Routen f\u00fcr dein K\u00f6nnen zu finden \u2013 von entspannt bis sportlich.<\/p>\n<\/div><\/div><\/div><div class=\"fusion-layout-column fusion_builder_column fusion-builder-column-13 fusion_builder_column_1_5 1_5 fusion-flex-column\" style=\"--awb-bg-size:cover;--awb-width-large:20%;--awb-margin-top-large:0px;--awb-spacing-right-large:9.6%;--awb-margin-bottom-large:20px;--awb-spacing-left-large:9.6%;--awb-width-medium:20%;--awb-order-medium:0;--awb-spacing-right-medium:9.6%;--awb-spacing-left-medium:9.6%;--awb-width-small:50%;--awb-order-small:0;--awb-spacing-right-small:3.84%;--awb-spacing-left-small:3.84%;\"><div class=\"fusion-column-wrapper fusion-column-has-shadow fusion-flex-justify-content-flex-start fusion-content-layout-column\"><div class=\"fusion-image-element \" style=\"--awb-max-width:70px;--awb-caption-title-font-family:var(--h2_typography-font-family);--awb-caption-title-font-weight:var(--h2_typography-font-weight);--awb-caption-title-font-style:var(--h2_typography-font-style);--awb-caption-title-size:var(--h2_typography-font-size);--awb-caption-title-transform:var(--h2_typography-text-transform);--awb-caption-title-line-height:var(--h2_typography-line-height);--awb-caption-title-letter-spacing:var(--h2_typography-letter-spacing);\"><span class=\" fusion-imageframe imageframe-none imageframe-7 hover-type-none\"><img decoding=\"async\" width=\"200\" height=\"174\" alt=\"Change Icon\" title=\"free-change-icon\" src=\"https:\/\/www.valgardenasport.com\/wp-content\/uploads\/2025\/11\/free-change-icon.webp\" class=\"img-responsive wp-image-38635\"\/><\/span><\/div><div class=\"fusion-title title fusion-title-15 fusion-sep-none fusion-title-text fusion-title-size-three\" style=\"--awb-margin-top-small:10px;--awb-margin-right-small:0px;--awb-margin-bottom-small:10px;--awb-margin-left-small:0px;--awb-font-size:var(--awb-typography2-font-size);\"><h3 class=\"fusion-title-heading title-heading-left fusion-responsive-typography-calculated\" style=\"font-family:var(--awb-typography2-font-family);font-weight:var(--awb-typography2-font-weight);font-style:var(--awb-typography2-font-style);margin:0;letter-spacing:var(--awb-typography2-letter-spacing);text-transform:var(--awb-typography2-text-transform);font-size:1em;--fontSize:22;--minFontSize:22;line-height:1.3;\">Kostenloser Tausch<\/h3><\/div><div class=\"fusion-text fusion-text-13\"><p>Du m\u00f6chtest dein Rad wechseln? Bei Intersport in Gr\u00f6den ist der Materialtausch kostenlos m\u00f6glich.<\/p>\n<\/div><\/div><\/div><div class=\"fusion-layout-column fusion_builder_column fusion-builder-column-14 fusion_builder_column_1_5 1_5 fusion-flex-column\" style=\"--awb-bg-size:cover;--awb-width-large:20%;--awb-margin-top-large:0px;--awb-spacing-right-large:9.6%;--awb-margin-bottom-large:20px;--awb-spacing-left-large:9.6%;--awb-width-medium:20%;--awb-order-medium:0;--awb-spacing-right-medium:9.6%;--awb-spacing-left-medium:9.6%;--awb-width-small:50%;--awb-order-small:0;--awb-spacing-right-small:3.84%;--awb-spacing-left-small:3.84%;\"><div class=\"fusion-column-wrapper fusion-column-has-shadow fusion-flex-justify-content-flex-start fusion-content-layout-column\"><div class=\"fusion-image-element \" style=\"--awb-max-width:70px;--awb-caption-title-font-family:var(--h2_typography-font-family);--awb-caption-title-font-weight:var(--h2_typography-font-weight);--awb-caption-title-font-style:var(--h2_typography-font-style);--awb-caption-title-size:var(--h2_typography-font-size);--awb-caption-title-transform:var(--h2_typography-text-transform);--awb-caption-title-line-height:var(--h2_typography-line-height);--awb-caption-title-letter-spacing:var(--h2_typography-letter-spacing);\"><span class=\" fusion-imageframe imageframe-none imageframe-8 hover-type-none\"><img decoding=\"async\" width=\"512\" height=\"512\" title=\"try-buy-icon\" src=\"https:\/\/www.valgardenasport.com\/wp-content\/uploads\/2023\/09\/try-buy-icon.webp\" class=\"img-responsive wp-image-28040\" srcset=\"https:\/\/www.valgardenasport.com\/wp-content\/uploads\/2023\/09\/try-buy-icon-200x200.webp 200w, https:\/\/www.valgardenasport.com\/wp-content\/uploads\/2023\/09\/try-buy-icon-400x400.webp 400w, https:\/\/www.valgardenasport.com\/wp-content\/uploads\/2023\/09\/try-buy-icon.webp 512w\" sizes=\"(max-width: 640px) 100vw, 400px\" alt=\"\"><\/span><\/div><div class=\"fusion-title title fusion-title-16 fusion-sep-none fusion-title-text fusion-title-size-three\" style=\"--awb-margin-top-small:10px;--awb-margin-right-small:0px;--awb-margin-bottom-small:10px;--awb-margin-left-small:0px;--awb-font-size:var(--awb-typography2-font-size);\"><h3 class=\"fusion-title-heading title-heading-left fusion-responsive-typography-calculated\" style=\"font-family:var(--awb-typography2-font-family);font-weight:var(--awb-typography2-font-weight);font-style:var(--awb-typography2-font-style);margin:0;letter-spacing:var(--awb-typography2-letter-spacing);text-transform:var(--awb-typography2-text-transform);font-size:1em;--fontSize:22;--minFontSize:22;line-height:1.3;\">Try &amp; Buy<\/h3><\/div><div class=\"fusion-text fusion-text-14\"><p>Du m\u00f6chtest testen, bevor du kaufst? Teste verschiedene MTB- und E-Bike-Modelle probeweise mieten, bevor du dich entscheidest.<\/p>\n<\/div><\/div><\/div><div class=\"fusion-layout-column fusion_builder_column fusion-builder-column-15 fusion_builder_column_1_5 1_5 fusion-flex-column\" style=\"--awb-bg-size:cover;--awb-width-large:20%;--awb-margin-top-large:0px;--awb-spacing-right-large:9.6%;--awb-margin-bottom-large:20px;--awb-spacing-left-large:9.6%;--awb-width-medium:20%;--awb-order-medium:0;--awb-spacing-right-medium:9.6%;--awb-spacing-left-medium:9.6%;--awb-width-small:50%;--awb-order-small:0;--awb-spacing-right-small:3.84%;--awb-spacing-left-small:3.84%;\"><div class=\"fusion-column-wrapper fusion-column-has-shadow fusion-flex-justify-content-flex-start fusion-content-layout-column\"><div class=\"fusion-image-element \" style=\"--awb-max-width:70px;--awb-caption-title-font-family:var(--h2_typography-font-family);--awb-caption-title-font-weight:var(--h2_typography-font-weight);--awb-caption-title-font-style:var(--h2_typography-font-style);--awb-caption-title-size:var(--h2_typography-font-size);--awb-caption-title-transform:var(--h2_typography-text-transform);--awb-caption-title-line-height:var(--h2_typography-line-height);--awb-caption-title-letter-spacing:var(--h2_typography-letter-spacing);\"><span class=\" fusion-imageframe imageframe-none imageframe-9 hover-type-none\"><img decoding=\"async\" width=\"200\" height=\"200\" title=\"Hygienic-Icon\" src=\"https:\/\/www.valgardenasport.com\/wp-content\/uploads\/2023\/09\/Hygienic-Icon.webp\" class=\"img-responsive wp-image-28042\" alt=\"\" srcset=\"https:\/\/www.valgardenasport.com\/wp-content\/uploads\/2023\/09\/Hygienic-Icon-66x66.webp 66w, https:\/\/www.valgardenasport.com\/wp-content\/uploads\/2023\/09\/Hygienic-Icon-150x150.webp 150w, https:\/\/www.valgardenasport.com\/wp-content\/uploads\/2023\/09\/Hygienic-Icon.webp 200w\" sizes=\"(max-width: 200px) 100vw, 200px\" \/><\/span><\/div><div class=\"fusion-title title fusion-title-17 fusion-sep-none fusion-title-text fusion-title-size-three\" style=\"--awb-margin-top-small:10px;--awb-margin-right-small:0px;--awb-margin-bottom-small:10px;--awb-margin-left-small:0px;--awb-font-size:var(--awb-typography2-font-size);\"><h3 class=\"fusion-title-heading title-heading-left fusion-responsive-typography-calculated\" style=\"font-family:var(--awb-typography2-font-family);font-weight:var(--awb-typography2-font-weight);font-style:var(--awb-typography2-font-style);margin:0;letter-spacing:var(--awb-typography2-letter-spacing);text-transform:var(--awb-typography2-text-transform);font-size:1em;--fontSize:22;--minFontSize:22;line-height:1.3;\">100% Hygiene<\/h3><\/div><div class=\"fusion-text fusion-text-15\"><p>Helme, Kinderanh\u00e4nger und Sitze werden nach jedem Verleih gr\u00fcndlich gereinigt und desinfiziert.<\/p>\n<\/div><\/div><\/div><div class=\"fusion-layout-column fusion_builder_column fusion-builder-column-16 fusion_builder_column_1_5 1_5 fusion-flex-column\" style=\"--awb-bg-size:cover;--awb-width-large:20%;--awb-margin-top-large:0px;--awb-spacing-right-large:9.6%;--awb-margin-bottom-large:20px;--awb-spacing-left-large:9.6%;--awb-width-medium:20%;--awb-order-medium:0;--awb-spacing-right-medium:9.6%;--awb-spacing-left-medium:9.6%;--awb-width-small:50%;--awb-order-small:0;--awb-spacing-right-small:3.84%;--awb-spacing-left-small:3.84%;\"><div class=\"fusion-column-wrapper fusion-column-has-shadow fusion-flex-justify-content-flex-start fusion-content-layout-column\"><div class=\"fusion-image-element \" style=\"--awb-max-width:70px;--awb-caption-title-font-family:var(--h2_typography-font-family);--awb-caption-title-font-weight:var(--h2_typography-font-weight);--awb-caption-title-font-style:var(--h2_typography-font-style);--awb-caption-title-size:var(--h2_typography-font-size);--awb-caption-title-transform:var(--h2_typography-text-transform);--awb-caption-title-line-height:var(--h2_typography-line-height);--awb-caption-title-letter-spacing:var(--h2_typography-letter-spacing);\"><span class=\" fusion-imageframe imageframe-none imageframe-10 hover-type-none\"><img decoding=\"async\" width=\"512\" height=\"512\" alt=\"best quality icon\" title=\"nr_1_icon\" src=\"https:\/\/www.valgardenasport.com\/wp-content\/uploads\/2023\/09\/nr_1_icon-1.webp\" class=\"img-responsive wp-image-33418\" srcset=\"https:\/\/www.valgardenasport.com\/wp-content\/uploads\/2023\/09\/nr_1_icon-1-200x200.webp 200w, https:\/\/www.valgardenasport.com\/wp-content\/uploads\/2023\/09\/nr_1_icon-1-400x400.webp 400w, https:\/\/www.valgardenasport.com\/wp-content\/uploads\/2023\/09\/nr_1_icon-1.webp 512w\" sizes=\"(max-width: 640px) 100vw, 400px\" \/><\/span><\/div><div class=\"fusion-title title fusion-title-18 fusion-sep-none fusion-title-text fusion-title-size-three\" style=\"--awb-margin-top-small:10px;--awb-margin-right-small:0px;--awb-margin-bottom-small:10px;--awb-margin-left-small:0px;--awb-font-size:var(--awb-typography2-font-size);\"><h3 class=\"fusion-title-heading title-heading-left fusion-responsive-typography-calculated\" style=\"font-family:var(--awb-typography2-font-family);font-weight:var(--awb-typography2-font-weight);font-style:var(--awb-typography2-font-style);margin:0;letter-spacing:var(--awb-typography2-letter-spacing);text-transform:var(--awb-typography2-text-transform);font-size:1em;--fontSize:22;--minFontSize:22;line-height:1.3;\">Gewartete Fahrr\u00e4der<\/h3><\/div><div class=\"fusion-text fusion-text-16\"><p>Alle unsere Fahrr\u00e4der werden nach jeder Nutzung gewaschen und gewartet \u2013 f\u00fcr deine Sicherheit und ein sorgenfreies Fahrvergn\u00fcgen.<\/p>\n<\/div><\/div><\/div><\/div><\/div>\n<div id=\"prices\" class=\"fusion-container-anchor\"><div class=\"fusion-fullwidth fullwidth-box fusion-builder-row-4 fusion-flex-container has-pattern-background has-mask-background nonhundred-percent-fullwidth non-hundred-percent-height-scrolling\" style=\"--awb-border-radius-top-left:0px;--awb-border-radius-top-right:0px;--awb-border-radius-bottom-right:0px;--awb-border-radius-bottom-left:0px;--awb-padding-top:60px;--awb-background-color:var(--awb-color2);--awb-flex-wrap:wrap;\" ><div class=\"fusion-builder-row fusion-row fusion-flex-align-items-flex-start fusion-flex-content-wrap\" style=\"max-width:1393.6px;margin-left: calc(-4% \/ 2 );margin-right: calc(-4% \/ 2 );\"><div class=\"fusion-layout-column fusion_builder_column fusion-builder-column-17 fusion_builder_column_1_1 1_1 fusion-flex-column\" style=\"--awb-bg-size:cover;--awb-width-large:100%;--awb-margin-top-large:0px;--awb-spacing-right-large:1.92%;--awb-margin-bottom-large:20px;--awb-spacing-left-large:1.92%;--awb-width-medium:100%;--awb-order-medium:0;--awb-spacing-right-medium:1.92%;--awb-spacing-left-medium:1.92%;--awb-width-small:100%;--awb-order-small:0;--awb-spacing-right-small:1.92%;--awb-spacing-left-small:1.92%;\"><div class=\"fusion-column-wrapper fusion-column-has-shadow fusion-flex-justify-content-flex-start fusion-content-layout-column\"><div class=\"fusion-title title fusion-title-19 fusion-sep-none fusion-title-center fusion-title-text fusion-title-size-two\" style=\"--awb-text-color:var(--awb-color4);--awb-margin-top-small:10px;--awb-margin-right-small:0px;--awb-margin-bottom-small:10px;--awb-margin-left-small:0px;--awb-font-size:var(--awb-typography1-font-size);\"><h2 class=\"fusion-title-heading title-heading-center fusion-responsive-typography-calculated\" style=\"font-family:var(--awb-typography1-font-family);font-weight:var(--awb-typography1-font-weight);font-style:var(--awb-typography1-font-style);margin:0;letter-spacing:var(--awb-typography1-letter-spacing);text-transform:var(--awb-typography1-text-transform);font-size:1em;--fontSize:40;line-height:1.4;\">Preise Fahrradverleih und Sonstiges<\/h2><\/div><div class=\"fusion-title title fusion-title-20 fusion-sep-none fusion-title-center fusion-title-text fusion-title-size-three\" style=\"--awb-margin-top-small:10px;--awb-margin-right-small:0px;--awb-margin-bottom-small:10px;--awb-margin-left-small:0px;--awb-font-size:var(--awb-typography2-font-size);\"><h3 class=\"fusion-title-heading title-heading-center fusion-responsive-typography-calculated\" style=\"font-family:var(--awb-typography2-font-family);font-weight:var(--awb-typography2-font-weight);font-style:var(--awb-typography2-font-style);margin:0;letter-spacing:var(--awb-typography2-letter-spacing);text-transform:var(--awb-typography2-text-transform);font-size:1em;--fontSize:22;--minFontSize:22;line-height:1.3;\">Preisliste f\u00fcr den Verleih von Fahrr\u00e4dern, Kinderwagen und Klettersteigsets in St. Christina und Wolkenstein in Gr\u00f6den<\/h3><\/div><div class=\"fusion-text fusion-text-17\" style=\"--awb-content-alignment:center;\"><p>Planst du ein aufregendes Abenteuer mit deinem E-Bike, Mountainbike oder Rennrad im sch\u00f6nen Gr\u00f6den in den Dolomiten? Wir bieten dir die besten E-Bikes und Fahrr\u00e4der f\u00fcr deine Ausfl\u00fcge in die Berge, mit hochwertiger Ausr\u00fcstung, immer neu in der Saison und einer gro\u00dfen Auswahl.<\/p>\n<\/div><\/div><\/div><\/div><\/div><\/div><header class=\"fusion-fullwidth fullwidth-box fusion-builder-row-5 fusion-flex-container nonhundred-percent-fullwidth non-hundred-percent-height-scrolling\" style=\"--awb-border-radius-top-left:0px;--awb-border-radius-top-right:0px;--awb-border-radius-bottom-right:0px;--awb-border-radius-bottom-left:0px;--awb-padding-bottom:130px;--awb-background-color:var(--awb-color2);--awb-flex-wrap:wrap;\" ><div class=\"fusion-builder-row fusion-row fusion-flex-align-items-flex-start fusion-flex-content-wrap\" style=\"max-width:calc( 1340px + 0px );margin-left: calc(-0px \/ 2 );margin-right: calc(-0px \/ 2 );\"><div class=\"fusion-layout-column fusion_builder_column fusion-builder-column-18 fusion_builder_column_1_1 1_1 fusion-flex-column\" style=\"--awb-padding-left:153px;--awb-padding-left-medium:0px;--awb-padding-left-small:0px;--awb-bg-blend:overlay;--awb-bg-size:cover;--awb-width-large:100%;--awb-margin-top-large:0px;--awb-spacing-right-large:0px;--awb-margin-bottom-large:0px;--awb-spacing-left-large:0px;--awb-width-medium:100%;--awb-spacing-right-medium:0px;--awb-spacing-left-medium:0px;--awb-width-small:100%;--awb-spacing-right-small:0px;--awb-spacing-left-small:0px;\"><div class=\"fusion-column-wrapper fusion-flex-justify-content-center fusion-content-layout-column\"><div class=\"fusion-title title fusion-title-21 fusion-sep-none fusion-title-marquee fusion-animate-once fusion-title-size-four\" style=\"--awb-margin-top-small:10px;--awb-margin-right-small:0px;--awb-margin-bottom-small:10px;--awb-margin-left-small:0px;--awb-marquee-speed:24000ms;--awb-marquee-translate-x:-100%;\"><h4 class=\"fusion-title-heading title-heading-left awb-marquee-left fusion-responsive-typography-calculated\" style=\"margin:0;--fontSize:24;line-height:1.4;\"><span class=\"awb-marquee-content\">Preisliste Fahrradverleih St. Christina \u2013 Preisliste Fahrradverleih Wolkenstein \u2013 E-Bike Verleih Preise in Gr\u00f6den \u2013<\/span><span class=\"awb-marquee-content\">Preisliste Fahrradverleih St. Christina \u2013 Preisliste Fahrradverleih Wolkenstein \u2013 E-Bike Verleih Preise in Gr\u00f6den \u2013<\/span><\/h4><\/div>\n<div class=\"table-1\">\n<p>&nbsp;<\/p>\n<table class=\" alignleft\" border=\"0\" width=\"\" cellspacing=\"0\" cellpadding=\"0\">\n<colgroup>\n<col width=\"\">\n<col width=\"\">\n<col width=\"\">\n<col width=\"\">\n<col span=\"2\" width=\"\">\n<col width=\"\">\n<col width=\"\"><\/colgroup>\n<tbody>\n<tr>\n<td class=\"xl70\" style=\"text-align: left;\" width=\"\" height=\"\"><strong>E-Bike \/ E-MTB<\/strong><\/td>\n<td class=\"xl71\" width=\"\">1 Tag<\/td>\n<td class=\"xl71\" style=\"text-align: left;\" width=\"\">2 Tage<\/td>\n<td class=\"xl71\" style=\"text-align: left;\" width=\"\">3 Tage<\/td>\n<td class=\"xl71\" style=\"text-align: left;\" width=\"\">4 Tage<\/td>\n<td class=\"xl71\" style=\"text-align: left;\" width=\"\">5 Tage<\/td>\n<td class=\"xl71\" style=\"text-align: left;\" width=\"\">6 Tage<\/td>\n<td class=\"xl71\" style=\"text-align: left;\" width=\"\">+ Tage<\/td>\n<\/tr>\n<tr>\n<td class=\"xl68\" height=\"\">E-Bike Hardtail<\/td>\n<td class=\"xl72\">64 \u20ac<\/td>\n<td class=\"xl72\">122 \u20ac<\/td>\n<td class=\"xl72\">179 \u20ac<\/td>\n<td class=\"xl72\">234 \u20ac<\/td>\n<td class=\"xl72\">285 \u20ac<\/td>\n<td class=\"xl72\">334 \u20ac<\/td>\n<td class=\"xl72\">+ 49 \u20ac<\/td>\n<\/tr>\n<tr>\n<td class=\"xl68\" height=\"\">E-Bike Fullsuspension<\/td>\n<td class=\"xl72\">81 \u20ac<\/td>\n<td class=\"xl72\">156 \u20ac<\/td>\n<td class=\"xl72\">230 \u20ac<\/td>\n<td class=\"xl72\">300 \u20ac<\/td>\n<td class=\"xl72\">367 \u20ac<\/td>\n<td class=\"xl72\">431 \u20ac<\/td>\n<td class=\"xl72\">+ 64 \u20ac<\/td>\n<\/tr>\n<tr>\n<td class=\"xl68\" height=\"\">E-Bike Fullsuspension LIGHT (17kg)<\/td>\n<td class=\"xl72\">92 \u20ac<\/td>\n<td class=\"xl72\">175 \u20ac<\/td>\n<td class=\"xl72\">258 \u20ac<\/td>\n<td class=\"xl72\">335 \u20ac<\/td>\n<td class=\"xl72\">409 \u20ac<\/td>\n<td class=\"xl72\">480 \u20ac<\/td>\n<td class=\"xl72\">+ 70 \u20ac<\/td>\n<\/tr>\n<tr>\n<td class=\"xl68\" height=\"\">E-Bike Kid 20&#8243;\/24&#8243;<\/td>\n<td class=\"xl72\">57 \u20ac<\/td>\n<td class=\"xl72\">108 \u20ac<\/td>\n<td class=\"xl72\">160 \u20ac<\/td>\n<td class=\"xl72\">207 \u20ac<\/td>\n<td class=\"xl72\">252 \u20ac<\/td>\n<td class=\"xl72\">296 \u20ac<\/td>\n<td class=\"xl72\">+ 43 \u20ac<\/td>\n<\/tr>\n<tr>\n<td class=\"xl68\" height=\"\">E-Bike Kid Fully 24&#8243;\/26&#8243;<\/td>\n<td class=\"xl72\">64 \u20ac<\/td>\n<td class=\"xl72\">122 \u20ac<\/td>\n<td class=\"xl72\">179 \u20ac<\/td>\n<td class=\"xl72\">234 \u20ac<\/td>\n<td class=\"xl72\">285 \u20ac<\/td>\n<td class=\"xl72\">334 \u20ac<\/td>\n<td class=\"xl72\">+ 49 \u20ac<\/td>\n<\/tr>\n<tr>\n<td class=\"xl68\" height=\"\"><\/td>\n<td class=\"xl72\"><\/td>\n<td class=\"xl72\"><\/td>\n<td class=\"xl72\"><\/td>\n<td class=\"xl72\"><\/td>\n<td class=\"xl72\"><\/td>\n<td class=\"xl72\"><\/td>\n<td class=\"xl72\"><\/td>\n<\/tr>\n<tr>\n<td class=\"xl70\" height=\"\"><strong>Mountainbike<\/strong><\/td>\n<td class=\"xl72\"><\/td>\n<td class=\"xl72\"><\/td>\n<td class=\"xl72\"><\/td>\n<td class=\"xl72\"><\/td>\n<td class=\"xl72\"><\/td>\n<td class=\"xl72\"><\/td>\n<td class=\"xl72\"><\/td>\n<\/tr>\n<tr>\n<td class=\"xl68\" height=\"\">MTB Fully 150\/170mm<\/td>\n<td class=\"xl72\">70 \u20ac<\/td>\n<td class=\"xl72\">131 \u20ac<\/td>\n<td class=\"xl72\">190 \u20ac<\/td>\n<td class=\"xl72\">248 \u20ac<\/td>\n<td class=\"xl72\">302 \u20ac<\/td>\n<td class=\"xl72\">355 \u20ac<\/td>\n<td class=\"xl72\">+ 54 \u20ac<\/td>\n<\/tr>\n<tr>\n<td class=\"xl68\" height=\"\">MTB Fully Junior 24&#8243;<\/td>\n<td class=\"xl72\">57 \u20ac<\/td>\n<td class=\"xl72\">108 \u20ac<\/td>\n<td class=\"xl72\">160 \u20ac<\/td>\n<td class=\"xl72\">207 \u20ac<\/td>\n<td class=\"xl72\">252 \u20ac<\/td>\n<td class=\"xl72\">296 \u20ac<\/td>\n<td class=\"xl72\">+ 43 \u20ac<\/td>\n<\/tr>\n<tr>\n<td class=\"xl68\" height=\"\"><\/td>\n<td class=\"xl72\"><\/td>\n<td class=\"xl72\"><\/td>\n<td class=\"xl72\"><\/td>\n<td class=\"xl72\"><\/td>\n<td class=\"xl72\"><\/td>\n<td class=\"xl72\"><\/td>\n<td class=\"xl72\"><\/td>\n<\/tr>\n<tr>\n<td class=\"xl70\" height=\"\"><strong>Gravel E-Bike \/ Hybrid<\/strong><\/td>\n<td class=\"xl72\"><\/td>\n<td class=\"xl72\"><\/td>\n<td class=\"xl72\"><\/td>\n<td class=\"xl72\"><\/td>\n<td class=\"xl72\"><\/td>\n<td class=\"xl72\"><\/td>\n<td class=\"xl72\"><\/td>\n<\/tr>\n<tr>\n<td class=\"xl68\" height=\"\">Gravel E-Bike<\/td>\n<td class=\"xl72\">70 \u20ac<\/td>\n<td class=\"xl72\">131 \u20ac<\/td>\n<td class=\"xl72\">190 \u20ac<\/td>\n<td class=\"xl72\">248 \u20ac<\/td>\n<td class=\"xl72\">302 \u20ac<\/td>\n<td class=\"xl72\">355 \u20ac<\/td>\n<td class=\"xl72\">+ 54 \u20ac<\/td>\n<\/tr>\n<tr>\n<td class=\"xl68\" height=\"\"><\/td>\n<td class=\"xl72\"><\/td>\n<td class=\"xl72\"><\/td>\n<td class=\"xl72\"><\/td>\n<td class=\"xl72\"><\/td>\n<td class=\"xl72\"><\/td>\n<td class=\"xl72\"><\/td>\n<td class=\"xl72\"><\/td>\n<\/tr>\n<tr>\n<td class=\"xl70\" height=\"\"><strong>Rennrad (Carbonrahmen)<\/strong><\/td>\n<td class=\"xl72\"><\/td>\n<td class=\"xl72\"><\/td>\n<td class=\"xl72\"><\/td>\n<td class=\"xl72\"><\/td>\n<td class=\"xl72\"><\/td>\n<td class=\"xl72\"><\/td>\n<td class=\"xl72\"><\/td>\n<\/tr>\n<tr>\n<td class=\"xl68\" height=\"\">Rennrad<\/td>\n<td class=\"xl72\">57 \u20ac<\/td>\n<td class=\"xl72\">108 \u20ac<\/td>\n<td class=\"xl72\">160 \u20ac<\/td>\n<td class=\"xl72\">207 \u20ac<\/td>\n<td class=\"xl72\">252 \u20ac<\/td>\n<td class=\"xl72\">296 \u20ac<\/td>\n<td class=\"xl72\">+ 43 \u20ac<\/td>\n<\/tr>\n<tr>\n<td class=\"xl68\" height=\"\"><\/td>\n<td class=\"xl72\"><\/td>\n<td class=\"xl72\"><\/td>\n<td class=\"xl72\"><\/td>\n<td class=\"xl72\"><\/td>\n<td class=\"xl72\"><\/td>\n<td class=\"xl72\"><\/td>\n<td class=\"xl72\"><\/td>\n<\/tr>\n<tr>\n<td class=\"xl68\" height=\"\"><strong>Zubeh\u00f6hr<\/strong><\/td>\n<td class=\"xl66\"><\/td>\n<td class=\"xl66\"><\/td>\n<td class=\"xl66\"><\/td>\n<td class=\"xl66\"><\/td>\n<td class=\"xl66\"><\/td>\n<td class=\"xl66\"><\/td>\n<td class=\"xl66\"><\/td>\n<\/tr>\n<tr>\n<td class=\"xl66\" height=\"\">Helm<\/td>\n<td class=\"xl67\">7 \u20ac<\/td>\n<td class=\"xl67\">12 \u20ac<\/td>\n<td class=\"xl67\">17 \u20ac<\/td>\n<td class=\"xl67\">22 \u20ac<\/td>\n<td class=\"xl67\">26 \u20ac<\/td>\n<td class=\"xl67\">30 \u20ac<\/td>\n<td class=\"xl67\">+ 3 \u20ac<\/td>\n<\/tr>\n<tr>\n<td class=\"xl69\" height=\"\">Fullface Helm<\/td>\n<td class=\"xl67\">14 \u20ac<\/td>\n<td class=\"xl67\">24 \u20ac<\/td>\n<td class=\"xl67\">34 \u20ac<\/td>\n<td class=\"xl67\">44 \u20ac<\/td>\n<td class=\"xl67\">52 \u20ac<\/td>\n<td class=\"xl67\">60 \u20ac<\/td>\n<td class=\"xl67\">+ 6 \u20ac<\/td>\n<\/tr>\n<tr>\n<td class=\"xl69\" height=\"\">Knie- &amp; Ellebogenschutz<\/td>\n<td class=\"xl67\">16 \u20ac<\/td>\n<td class=\"xl67\">30 \u20ac<\/td>\n<td class=\"xl67\">40 \u20ac<\/td>\n<td class=\"xl67\">48 \u20ac<\/td>\n<td class=\"xl67\">56 \u20ac<\/td>\n<td class=\"xl67\">62 \u20ac<\/td>\n<td class=\"xl67\">+ 6 \u20ac<\/td>\n<\/tr>\n<tr>\n<td class=\"xl66\" height=\"\">Kindersitz<\/td>\n<td class=\"xl67\">12 \u20ac<\/td>\n<td class=\"xl67\">21 \u20ac<\/td>\n<td class=\"xl67\">28 \u20ac<\/td>\n<td class=\"xl67\">35 \u20ac<\/td>\n<td class=\"xl67\">40 \u20ac<\/td>\n<td class=\"xl67\">45 \u20ac<\/td>\n<td class=\"xl67\">+ 5\u20ac<\/td>\n<\/tr>\n<tr>\n<td class=\"xl69\" height=\"\">Anh\u00e4nger<\/td>\n<td class=\"xl67\">25 \u20ac<\/td>\n<td class=\"xl67\">46 \u20ac<\/td>\n<td class=\"xl67\">59 \u20ac<\/td>\n<td class=\"xl67\">66 \u20ac<\/td>\n<td class=\"xl67\">73 \u20ac<\/td>\n<td class=\"xl67\">80 \u20ac<\/td>\n<td class=\"xl67\">+ 7 \u20ac<\/td>\n<\/tr>\n<tr>\n<td class=\"xl68\" height=\"\"><\/td>\n<td class=\"xl72\"><\/td>\n<td class=\"xl72\"><\/td>\n<td class=\"xl72\"><\/td>\n<td class=\"xl72\"><\/td>\n<td class=\"xl72\"><\/td>\n<td class=\"xl72\"><\/td>\n<td class=\"xl72\"><\/td>\n<\/tr>\n<tr>\n<td class=\"xl70\" height=\"\"><b>Extras<\/b><\/td>\n<td class=\"xl72\"><\/td>\n<td class=\"xl72\"><\/td>\n<td class=\"xl72\"><\/td>\n<td class=\"xl72\"><\/td>\n<td class=\"xl72\"><\/td>\n<td class=\"xl72\"><\/td>\n<td class=\"xl72\"><\/td>\n<\/tr>\n<tr>\n<td class=\"xl66\" height=\"\">Kinderwagen<\/td>\n<td class=\"xl67\">25 \u20ac<\/td>\n<td class=\"xl67\">46 \u20ac<\/td>\n<td class=\"xl67\">59 \u20ac<\/td>\n<td class=\"xl67\">66 \u20ac<\/td>\n<td class=\"xl67\">73 \u20ac<\/td>\n<td class=\"xl67\">80 \u20ac<\/td>\n<td class=\"xl67\">+ 7 \u20ac<\/td>\n<\/tr>\n<tr>\n<td class=\"xl66\" height=\"\">Kindertrage<\/td>\n<td class=\"xl67\">12 \u20ac<\/td>\n<td class=\"xl67\">21 \u20ac<\/td>\n<td class=\"xl67\">28 \u20ac<\/td>\n<td class=\"xl67\">35 \u20ac<\/td>\n<td class=\"xl67\">40 \u20ac<\/td>\n<td class=\"xl67\">45 \u20ac<\/td>\n<td class=\"xl67\">+ 5 \u20ac<\/td>\n<\/tr>\n<tr>\n<td class=\"xl66\" height=\"\">Klettersteigset<\/td>\n<td class=\"xl67\">25 \u20ac<\/td>\n<td class=\"xl67\">46 \u20ac<\/td>\n<td class=\"xl67\">59 \u20ac<\/td>\n<td class=\"xl67\">66 \u20ac<\/td>\n<td class=\"xl67\">73 \u20ac<\/td>\n<td class=\"xl67\">80 \u20ac<\/td>\n<td class=\"xl67\">+ 7 \u20ac<\/td>\n<\/tr>\n<\/tbody>\n<\/table>\n<\/div>\n<\/div><\/div><\/div><\/header><div id=\"locations\" class=\"fusion-container-anchor\"><div class=\"fusion-fullwidth fullwidth-box fusion-builder-row-6 fusion-flex-container has-pattern-background has-mask-background nonhundred-percent-fullwidth non-hundred-percent-height-scrolling\" style=\"--awb-border-radius-top-left:0px;--awb-border-radius-top-right:0px;--awb-border-radius-bottom-right:0px;--awb-border-radius-bottom-left:0px;--awb-padding-top:96px;--awb-padding-right:0%;--awb-padding-left:0%;--awb-padding-right-small:0px;--awb-padding-left-small:0px;--awb-margin-top:0px;--awb-margin-bottom:30px;--awb-background-color:var(--awb-color2);--awb-flex-wrap:wrap;\" ><div class=\"fusion-builder-row fusion-row fusion-flex-align-items-flex-start fusion-flex-justify-content-center fusion-flex-content-wrap\" style=\"max-width:1393.6px;margin-left: calc(-4% \/ 2 );margin-right: calc(-4% \/ 2 );\"><div class=\"fusion-layout-column fusion_builder_column fusion-builder-column-19 fusion_builder_column_1_1 1_1 fusion-flex-column\" style=\"--awb-padding-top:49px;--awb-padding-bottom:127px;--awb-padding-left:20px;--awb-padding-right-small:6%;--awb-padding-left-small:7%;--awb-bg-color-hover:rgba(107,107,107,0.55);--awb-bg-image:url(&#039;https:\/\/www.valgardenasport.com\/wp-content\/uploads\/2023\/09\/alpe-di-siusi-langkofel-red-Kopie.webp&#039;);--awb-bg-position:center center;--awb-bg-position-small:left top;--awb-bg-blend:overlay;--awb-bg-size:cover;--awb-filter:saturate(80%);--awb-filter-transition:filter 0.3s ease;--awb-filter-hover:saturate(80%);--awb-width-large:100%;--awb-margin-top-large:0px;--awb-spacing-right-large:0%;--awb-margin-bottom-large:0px;--awb-spacing-left-large:0%;--awb-width-medium:100%;--awb-order-medium:0;--awb-spacing-right-medium:0%;--awb-spacing-left-medium:0%;--awb-width-small:100%;--awb-order-small:0;--awb-spacing-right-small:0%;--awb-spacing-left-small:0%;\"><div class=\"fusion-column-wrapper fusion-column-has-shadow fusion-flex-justify-content-flex-start fusion-content-layout-column fusion-column-has-bg-image\" data-bg-url=\"https:\/\/www.valgardenasport.com\/wp-content\/uploads\/2023\/09\/alpe-di-siusi-langkofel-red-Kopie.webp\"><div class=\"fusion-title title fusion-title-22 fusion-sep-none fusion-title-center fusion-title-text fusion-title-size-three\" style=\"--awb-text-color:var(--awb-color1);--awb-margin-top-small:10px;--awb-margin-right-small:0px;--awb-margin-bottom-small:10px;--awb-margin-left-small:0px;--awb-font-size:var(--awb-typography1-font-size);\"><h3 class=\"fusion-title-heading title-heading-center fusion-responsive-typography-calculated\" style=\"font-family:var(--awb-typography1-font-family);font-weight:var(--awb-typography1-font-weight);font-style:var(--awb-typography1-font-style);margin:0;letter-spacing:var(--awb-typography1-letter-spacing);text-transform:var(--awb-typography1-text-transform);font-size:1em;--fontSize:40;line-height:1.4;\">W\u00e4hle deinen Verleih<\/h3><\/div><div class=\"fusion-text fusion-text-18\" style=\"--awb-content-alignment:center;--awb-text-color:var(--awb-color1);\"><p>Du findest unsere Verleihe in Wolkenstein und St. Christina in Gr\u00f6den<\/p>\n<\/div><\/div><\/div><div class=\"fusion-layout-column fusion_builder_column fusion-builder-column-20 fusion_builder_column_2_3 2_3 fusion-flex-column\" style=\"--awb-bg-size:cover;--awb-width-large:66.666666666667%;--awb-margin-top-large:-100px;--awb-spacing-right-large:2.88%;--awb-margin-bottom-large:20px;--awb-spacing-left-large:2.88%;--awb-width-medium:66.666666666667%;--awb-order-medium:0;--awb-spacing-right-medium:2.88%;--awb-spacing-left-medium:2.88%;--awb-width-small:100%;--awb-order-small:0;--awb-spacing-right-small:1.92%;--awb-spacing-left-small:1.92%;\"><div class=\"fusion-column-wrapper fusion-column-has-shadow fusion-flex-justify-content-flex-start fusion-content-layout-column\"><div class=\"fusion-image-carousel fusion-image-carousel-auto fusion-image-carousel-1\"><div class=\"awb-carousel awb-swiper awb-swiper-carousel awb-carousel--carousel awb-swiper-dots-position-bottom\" data-layout=\"carousel\" data-autoplay=\"no\" data-autoplayspeed=\"2500\" data-autoplaypause=\"no\" data-loop=\"yes\" data-columns=\"2\" data-columnsmedium=\"1\" data-columnssmall=\"1\" data-itemmargin=\"30\" data-itemwidth=\"180\" data-touchscroll=\"no\" data-freemode=\"no\" data-imagesize=\"auto\" data-scrollitems=\"1\" data-centeredslides=\"no\" data-rotationangle=\"50\" data-depth=\"100\" data-speed=\"500\" data-shadow=\"no\" data-pagination=\"bullets\" style=\"--awb-columns:2;--awb-column-spacing:30px;--awb-caption-title-color:var(--awb-color1);--awb-caption-title-size:32px;--awb-caption-title-transform:capitalize;--awb-caption-title-line-height:1.5;--awb-caption-title-letter-spacing:-0.02em;--awb-caption-text-color:var(--awb-color2);--awb-caption-text-size:24px;--awb-caption-text-transform:var(--awb-typography2-text-transform);--awb-caption-text-line-height:1.4;--awb-caption-text-letter-spacing:0.02em;--awb-caption-overlay-color:#141414;--awb-caption-title-font-family:&quot;Montserrat&quot;;--awb-caption-title-font-style:normal;--awb-caption-title-font-weight:600;--awb-caption-text-font-family:&quot;Montserrat&quot;;--awb-caption-text-font-style:normal;--awb-caption-text-font-weight:400;\"><div class=\"swiper-wrapper awb-image-carousel-wrapper fusion-flex-align-items-center\"><div class=\"swiper-slide\"><div class=\"fusion-carousel-item-wrapper\"><div class=\"fusion-image-wrapper awb-imageframe-style awb-imageframe-style-resa\"><a href=\"\/de\/fahrradverleih-st-christina\/\" target=\"_self\"><img decoding=\"async\" width=\"800\" height=\"750\" src=\"https:\/\/www.valgardenasport.com\/wp-content\/uploads\/2023\/09\/S-Cristina_estate-1.webp\" class=\"attachment-full size-full\" alt=\"St. Christina in Gr\u00f6den im Sommer\" srcset=\"https:\/\/www.valgardenasport.com\/wp-content\/uploads\/2023\/09\/S-Cristina_estate-1-200x188.webp 200w, https:\/\/www.valgardenasport.com\/wp-content\/uploads\/2023\/09\/S-Cristina_estate-1-400x375.webp 400w, https:\/\/www.valgardenasport.com\/wp-content\/uploads\/2023\/09\/S-Cristina_estate-1-600x563.webp 600w, https:\/\/www.valgardenasport.com\/wp-content\/uploads\/2023\/09\/S-Cristina_estate-1.webp 800w\" sizes=\"(min-width: 2200px) 100vw, (min-width: 712px) 655px, (min-width: 640px) 712px, \" \/><div class=\"awb-imageframe-caption-container\"><div class=\"awb-imageframe-caption\"><h2 class=\"awb-imageframe-caption-title\">St. Christina<\/h2><p class=\"awb-imageframe-caption-text\">Gr\u00f6den<\/p><\/div><\/div><\/a><\/div><\/div><\/div><div class=\"swiper-slide\"><div class=\"fusion-carousel-item-wrapper\"><div class=\"fusion-image-wrapper awb-imageframe-style awb-imageframe-style-resa\"><a href=\"\/de\/fahrradverleih-wolkenstein-groeden\/\" target=\"_self\"><img decoding=\"async\" width=\"800\" height=\"750\" src=\"https:\/\/www.valgardenasport.com\/wp-content\/uploads\/2023\/09\/selva-val-gardena-estate.webp\" class=\"attachment-full size-full\" alt=\"Wolkenstein in Gr\u00f6den im Sommer\" srcset=\"https:\/\/www.valgardenasport.com\/wp-content\/uploads\/2023\/09\/selva-val-gardena-estate-200x188.webp 200w, https:\/\/www.valgardenasport.com\/wp-content\/uploads\/2023\/09\/selva-val-gardena-estate-400x375.webp 400w, https:\/\/www.valgardenasport.com\/wp-content\/uploads\/2023\/09\/selva-val-gardena-estate-600x563.webp 600w, https:\/\/www.valgardenasport.com\/wp-content\/uploads\/2023\/09\/selva-val-gardena-estate.webp 800w\" sizes=\"(min-width: 2200px) 100vw, (min-width: 712px) 655px, (min-width: 640px) 712px, \" \/><div class=\"awb-imageframe-caption-container\"><div class=\"awb-imageframe-caption\"><h2 class=\"awb-imageframe-caption-title\">Wolkenstein<\/h2><p class=\"awb-imageframe-caption-text\">Gr\u00f6den<\/p><\/div><\/div><\/a><\/div><\/div><\/div><\/div><\/div><\/div><\/div><\/div><\/div><\/div><\/div>\n<div class=\"fusion-fullwidth fullwidth-box fusion-builder-row-7 fusion-flex-container nonhundred-percent-fullwidth non-hundred-percent-height-scrolling\" style=\"--awb-border-radius-top-left:0px;--awb-border-radius-top-right:0px;--awb-border-radius-bottom-right:0px;--awb-border-radius-bottom-left:0px;--awb-padding-top:70px;--awb-padding-right:20px;--awb-padding-bottom:70px;--awb-padding-left:20px;--awb-flex-wrap:wrap;\" ><div class=\"fusion-builder-row fusion-row fusion-flex-align-items-stretch fusion-flex-justify-content-center fusion-flex-content-wrap\" style=\"max-width:1366.8px;margin-left: calc(-2% \/ 2 );margin-right: calc(-2% \/ 2 );\"><div class=\"fusion-layout-column fusion_builder_column fusion-builder-column-21 fusion_builder_column_1_1 1_1 fusion-flex-column\" style=\"--awb-bg-size:cover;--awb-width-large:100%;--awb-margin-top-large:0px;--awb-spacing-right-large:0.98%;--awb-margin-bottom-large:20px;--awb-spacing-left-large:0.98%;--awb-width-medium:100%;--awb-order-medium:0;--awb-spacing-right-medium:0.98%;--awb-spacing-left-medium:0.98%;--awb-width-small:100%;--awb-order-small:0;--awb-spacing-right-small:0.98%;--awb-spacing-left-small:0.98%;\"><div class=\"fusion-column-wrapper fusion-column-has-shadow fusion-flex-justify-content-flex-start fusion-content-layout-column\"><div class=\"fusion-title title fusion-title-23 fusion-sep-none fusion-title-center fusion-title-text fusion-title-size-three\" style=\"--awb-margin-top-small:10px;--awb-margin-right-small:0px;--awb-margin-bottom-small:10px;--awb-margin-left-small:0px;--awb-font-size:var(--awb-typography1-font-size);\"><h3 class=\"fusion-title-heading title-heading-center fusion-responsive-typography-calculated\" style=\"font-family:var(--awb-typography1-font-family);font-weight:var(--awb-typography1-font-weight);font-style:var(--awb-typography1-font-style);margin:0;letter-spacing:var(--awb-typography1-letter-spacing);text-transform:var(--awb-typography1-text-transform);font-size:1em;--fontSize:40;line-height:1.4;\">Unsere beliebtesten Dienstleistungen<\/h3><\/div><\/div><\/div><div class=\"fusion-layout-column fusion_builder_column fusion-builder-column-22 fusion_builder_column_1_2 1_2 fusion-flex-column fusion-flex-align-self-stretch fusion-column-inner-bg-wrapper fusion-column-liftup-border\" style=\"--awb-padding-top:180px;--awb-padding-right:10px;--awb-padding-left:10px;--awb-overflow:hidden;--awb-inner-bg-image:linear-gradient(180deg, rgba(255,255,255,0) 5%,rgba(10,11,15,0.75) 92%),url(https:\/\/www.valgardenasport.com\/wp-content\/uploads\/2023\/09\/mountainbike-guides-intersport-valgardena.webp);;--awb-inner-bg-size:cover;--awb-border-radius:12px 12px 12px 12px;--awb-liftup-border-radius:12px 12px 12px 12px;--awb-width-large:50%;--awb-margin-top-large:20px;--awb-spacing-right-large:1.96%;--awb-margin-bottom-large:0px;--awb-spacing-left-large:1.96%;--awb-width-medium:50%;--awb-order-medium:0;--awb-spacing-right-medium:1.96%;--awb-spacing-left-medium:1.96%;--awb-width-small:100%;--awb-order-small:0;--awb-spacing-right-small:0.98%;--awb-spacing-left-small:0.98%;\"><span class=\"fusion-column-inner-bg hover-type-liftup\"><a class=\"fusion-column-anchor\" href=\"\/de\/gefuehrte-e-bike-mtb-touren-in-groeden\/\"><span class=\"fusion-column-inner-bg-image\"><\/span><\/a><\/span><div class=\"fusion-column-wrapper fusion-flex-justify-content-center fusion-content-layout-column fusion-column-has-bg-image\" data-bg-url=\"https:\/\/www.valgardenasport.com\/wp-content\/uploads\/2023\/09\/mountainbike-guides-intersport-valgardena.webp\"><div class=\"fusion-title title fusion-title-24 fusion-sep-none fusion-title-center fusion-title-text fusion-title-size-four\" style=\"--awb-text-color:#ffffff;--awb-margin-top:45px;--awb-margin-top-small:10px;--awb-margin-right-small:0px;--awb-margin-bottom-small:10px;--awb-margin-left-small:0px;--awb-font-size:var(--awb-typography1-font-size);\"><h4 class=\"fusion-title-heading title-heading-center fusion-responsive-typography-calculated\" style=\"font-family:var(--awb-typography1-font-family);font-weight:var(--awb-typography1-font-weight);font-style:var(--awb-typography1-font-style);margin:0;letter-spacing:var(--awb-typography1-letter-spacing);text-transform:var(--awb-typography1-text-transform);font-size:1em;--fontSize:40;line-height:1.4;\">Gef\u00fchrte Touren<\/h4><\/div><div class=\"fusion-text fusion-text-19\" style=\"--awb-content-alignment:center;--awb-text-color:var(--awb-color1);\"><p>mit Intersport dein Erlebnispartner f\u00fcr Dolomiten Biketouren<\/p>\n<\/div><\/div><\/div><div class=\"fusion-layout-column fusion_builder_column fusion-builder-column-23 fusion_builder_column_1_2 1_2 fusion-flex-column fusion-column-inner-bg-wrapper fusion-column-liftup-border\" style=\"--awb-padding-top:180px;--awb-padding-right:10px;--awb-padding-left:10px;--awb-padding-top-small:140px;--awb-padding-bottom-small:35px;--awb-overflow:hidden;--awb-inner-bg-image:linear-gradient(180deg, rgba(255,255,255,0) 50%,rgba(10,11,15,0.75) 92%),url(https:\/\/www.valgardenasport.com\/wp-content\/uploads\/2023\/09\/intersport_valgardena_bike_workshop.webp);;--awb-inner-bg-size:cover;--awb-border-radius:12px 12px 12px 12px;--awb-liftup-border-radius:12px 12px 12px 12px;--awb-width-large:50%;--awb-margin-top-large:20px;--awb-spacing-right-large:1.96%;--awb-margin-bottom-large:0px;--awb-spacing-left-large:1.96%;--awb-width-medium:50%;--awb-order-medium:0;--awb-spacing-right-medium:1.96%;--awb-spacing-left-medium:1.96%;--awb-width-small:100%;--awb-order-small:0;--awb-spacing-right-small:0.98%;--awb-spacing-left-small:0.98%;\"><span class=\"fusion-column-inner-bg hover-type-liftup\"><a class=\"fusion-column-anchor\" href=\"\/de\/fahrradwerkstatt\/\"><span class=\"fusion-column-inner-bg-image\"><\/span><\/a><\/span><div class=\"fusion-column-wrapper fusion-flex-justify-content-center fusion-content-layout-column fusion-column-has-bg-image\" data-bg-url=\"https:\/\/www.valgardenasport.com\/wp-content\/uploads\/2023\/09\/intersport_valgardena_bike_workshop.webp\"><div class=\"fusion-title title fusion-title-25 fusion-sep-none fusion-title-center fusion-title-text fusion-title-size-four\" style=\"--awb-text-color:#ffffff;--awb-margin-top:45px;--awb-margin-top-small:10px;--awb-margin-right-small:0px;--awb-margin-bottom-small:10px;--awb-margin-left-small:0px;--awb-font-size:var(--awb-typography1-font-size);\"><h4 class=\"fusion-title-heading title-heading-center fusion-responsive-typography-calculated\" style=\"font-family:var(--awb-typography1-font-family);font-weight:var(--awb-typography1-font-weight);font-style:var(--awb-typography1-font-style);margin:0;letter-spacing:var(--awb-typography1-letter-spacing);text-transform:var(--awb-typography1-text-transform);font-size:1em;--fontSize:40;line-height:1.4;\">Fahrradwerkstatt<\/h4><\/div><div class=\"fusion-text fusion-text-20\" style=\"--awb-content-alignment:center;--awb-text-color:var(--awb-color1);\"><p>Fachwerkstatt f\u00fcr Mountainbike- und E-Bike-Reparaturen<\/p>\n<\/div><\/div><\/div><\/div><\/div><div class=\"fusion-fullwidth fullwidth-box fusion-builder-row-8 fusion-flex-container nonhundred-percent-fullwidth non-hundred-percent-height-scrolling\" style=\"--awb-border-radius-top-left:0px;--awb-border-radius-top-right:0px;--awb-border-radius-bottom-right:0px;--awb-border-radius-bottom-left:0px;--awb-padding-top:70px;--awb-padding-right:20px;--awb-padding-bottom:70px;--awb-padding-left:20px;--awb-background-color:var(--awb-color2);--awb-flex-wrap:wrap;\" ><div class=\"fusion-builder-row fusion-row fusion-flex-align-items-stretch fusion-flex-justify-content-center fusion-flex-content-wrap\" style=\"max-width:1366.8px;margin-left: calc(-2% \/ 2 );margin-right: calc(-2% \/ 2 );\"><div class=\"fusion-layout-column fusion_builder_column fusion-builder-column-24 fusion_builder_column_1_1 1_1 fusion-flex-column\" style=\"--awb-bg-size:cover;--awb-width-large:100%;--awb-margin-top-large:0px;--awb-spacing-right-large:0.98%;--awb-margin-bottom-large:20px;--awb-spacing-left-large:0.98%;--awb-width-medium:100%;--awb-order-medium:0;--awb-spacing-right-medium:0.98%;--awb-spacing-left-medium:0.98%;--awb-width-small:100%;--awb-order-small:0;--awb-spacing-right-small:0.98%;--awb-spacing-left-small:0.98%;\"><div class=\"fusion-column-wrapper fusion-column-has-shadow fusion-flex-justify-content-flex-start fusion-content-layout-column\"><div class=\"fusion-title title fusion-title-26 fusion-sep-none fusion-title-center fusion-title-text fusion-title-size-three\" style=\"--awb-margin-top-small:10px;--awb-margin-right-small:0px;--awb-margin-bottom-small:10px;--awb-margin-left-small:0px;--awb-font-size:var(--awb-typography1-font-size);\"><h3 class=\"fusion-title-heading title-heading-center fusion-responsive-typography-calculated\" style=\"font-family:var(--awb-typography1-font-family);font-weight:var(--awb-typography1-font-weight);font-style:var(--awb-typography1-font-style);margin:0;letter-spacing:var(--awb-typography1-letter-spacing);text-transform:var(--awb-typography1-text-transform);font-size:1em;--fontSize:40;line-height:1.4;\">Sonstige Infos<\/h3><\/div><\/div><\/div><div class=\"fusion-layout-column fusion_builder_column fusion-builder-column-25 fusion_builder_column_1_3 1_3 fusion-flex-column fusion-column-inner-bg-wrapper fusion-column-liftup-border\" style=\"--awb-padding-top:80px;--awb-padding-right:10px;--awb-padding-bottom:20px;--awb-padding-left:10px;--awb-overflow:hidden;--awb-inner-bg-image:linear-gradient(180deg, rgba(255,255,255,0) 0%,rgba(10,11,15,0.75) 80%),url(https:\/\/www.valgardenasport.com\/wp-content\/uploads\/2023\/09\/bike-arena-val-gardena-ebike-on-trail.webp);;--awb-inner-bg-position:center center;--awb-inner-bg-size:cover;--awb-border-radius:12px 12px 12px 12px;--awb-liftup-border-radius:12px 12px 12px 12px;--awb-width-large:33.333333333333%;--awb-margin-top-large:2%;--awb-spacing-right-large:2.94%;--awb-margin-bottom-large:20px;--awb-spacing-left-large:2.94%;--awb-width-medium:33.333333333333%;--awb-order-medium:0;--awb-spacing-right-medium:2.94%;--awb-spacing-left-medium:2.94%;--awb-width-small:100%;--awb-order-small:0;--awb-margin-top-small:35px;--awb-spacing-right-small:0.98%;--awb-spacing-left-small:0.98%;\"><span class=\"fusion-column-inner-bg hover-type-liftup\"><a class=\"fusion-column-anchor\" href=\"\/de\/mountainbike-e-bike-touren-in-den-dolomiten\/trail-arena\/\" aria-label=\"Mtb Trail Arena Val Gardena\"><span class=\"fusion-column-inner-bg-image\"><\/span><\/a><\/span><div class=\"fusion-column-wrapper fusion-flex-justify-content-flex-start fusion-content-layout-column fusion-column-has-bg-image\" data-bg-url=\"https:\/\/www.valgardenasport.com\/wp-content\/uploads\/2023\/09\/bike-arena-val-gardena-ebike-on-trail.webp\"><div class=\"fusion-title title fusion-title-27 fusion-sep-none fusion-title-center fusion-title-text fusion-title-size-four\" style=\"--awb-text-color:#ffffff;--awb-margin-top:40px;--awb-margin-top-small:10px;--awb-margin-right-small:0px;--awb-margin-bottom-small:10px;--awb-margin-left-small:0px;--awb-font-size:var(--awb-typography1-font-size);\"><h4 class=\"fusion-title-heading title-heading-center fusion-responsive-typography-calculated\" style=\"font-family:var(--awb-typography1-font-family);font-weight:var(--awb-typography1-font-weight);font-style:var(--awb-typography1-font-style);margin:0;letter-spacing:var(--awb-typography1-letter-spacing);text-transform:var(--awb-typography1-text-transform);font-size:1em;--fontSize:40;line-height:1.4;\">Trail Arena<\/h4><\/div><div class=\"fusion-text fusion-text-21\" style=\"--awb-content-alignment:center;--awb-text-color:var(--awb-color1);\"><p>Bike Park, Flow Trail, Jumps, &#8230;<\/p>\n<\/div><\/div><\/div><div class=\"fusion-layout-column fusion_builder_column fusion-builder-column-26 fusion_builder_column_1_3 1_3 fusion-flex-column fusion-column-inner-bg-wrapper fusion-column-liftup-border\" style=\"--awb-padding-top:80px;--awb-padding-right:10px;--awb-padding-bottom:20px;--awb-padding-left:10px;--awb-overflow:hidden;--awb-inner-bg-image:linear-gradient(180deg, rgba(255,255,255,0) 0%,rgba(10,11,15,0.75) 80%),url(https:\/\/www.valgardenasport.com\/wp-content\/uploads\/2023\/09\/bike-map-val-gardena.webp);;--awb-inner-bg-position:center bottom;--awb-inner-bg-size:cover;--awb-border-radius:12px 12px 12px 12px;--awb-liftup-border-radius:12px 12px 12px 12px;--awb-width-large:33.333333333333%;--awb-margin-top-large:2%;--awb-spacing-right-large:2.94%;--awb-margin-bottom-large:20px;--awb-spacing-left-large:2.94%;--awb-width-medium:33.333333333333%;--awb-order-medium:0;--awb-spacing-right-medium:2.94%;--awb-spacing-left-medium:2.94%;--awb-width-small:100%;--awb-order-small:0;--awb-spacing-right-small:0.98%;--awb-spacing-left-small:0.98%;\"><span class=\"fusion-column-inner-bg hover-type-liftup\"><a class=\"fusion-column-anchor\" href=\"https:\/\/www.valgardenasport.com\/de\/gefuehrte-e-bike-mtb-touren-in-groeden\/mountain-bike-karte\/\" aria-label=\"bike map val gardena, bike map sellaronda\"><span class=\"fusion-column-inner-bg-image\"><\/span><\/a><\/span><div class=\"fusion-column-wrapper fusion-flex-justify-content-flex-start fusion-content-layout-column fusion-column-has-bg-image\" data-bg-url=\"https:\/\/www.valgardenasport.com\/wp-content\/uploads\/2023\/09\/bike-map-val-gardena.webp\"><div class=\"fusion-title title fusion-title-28 fusion-sep-none fusion-title-center fusion-title-text fusion-title-size-four\" style=\"--awb-text-color:#ffffff;--awb-margin-top:40px;--awb-margin-top-small:10px;--awb-margin-right-small:0px;--awb-margin-bottom-small:10px;--awb-margin-left-small:0px;--awb-font-size:var(--awb-typography1-font-size);\"><h4 class=\"fusion-title-heading title-heading-center fusion-responsive-typography-calculated\" style=\"font-family:var(--awb-typography1-font-family);font-weight:var(--awb-typography1-font-weight);font-style:var(--awb-typography1-font-style);margin:0;letter-spacing:var(--awb-typography1-letter-spacing);text-transform:var(--awb-typography1-text-transform);font-size:1em;--fontSize:40;line-height:1.4;\">Fahrradkarte<\/h4><\/div><div class=\"fusion-text fusion-text-22\" style=\"--awb-content-alignment:center;--awb-text-color:var(--awb-color1);\"><p>Bike Map Gr\u00f6den und Seiser Alm<\/p>\n<\/div><\/div><\/div><div class=\"fusion-layout-column fusion_builder_column fusion-builder-column-27 fusion_builder_column_1_3 1_3 fusion-flex-column fusion-column-inner-bg-wrapper fusion-column-liftup-border\" style=\"--awb-padding-top:80px;--awb-padding-right:10px;--awb-padding-bottom:20px;--awb-padding-left:10px;--awb-overflow:hidden;--awb-inner-bg-color:var(--awb-color6);--awb-inner-bg-color-hover:var(--awb-color6);--awb-inner-bg-image:linear-gradient(180deg, rgba(255,255,255,0) 0%,rgba(10,11,15,0.75) 80%),url(https:\/\/www.valgardenasport.com\/wp-content\/uploads\/2023\/09\/riding-on-woo-bridge-valgardena-1.webp);;--awb-inner-bg-position:center bottom;--awb-inner-bg-size:cover;--awb-border-radius:12px 12px 12px 12px;--awb-liftup-border-radius:12px 12px 12px 12px;--awb-width-large:33.333333333333%;--awb-margin-top-large:2%;--awb-spacing-right-large:2.94%;--awb-margin-bottom-large:20px;--awb-spacing-left-large:2.94%;--awb-width-medium:33.333333333333%;--awb-order-medium:0;--awb-spacing-right-medium:2.94%;--awb-spacing-left-medium:2.94%;--awb-width-small:100%;--awb-order-small:0;--awb-spacing-right-small:0.98%;--awb-spacing-left-small:0.98%;\"><span class=\"fusion-column-inner-bg hover-type-liftup\"><a class=\"fusion-column-anchor\" href=\"\/de\/mountainbike-e-bike-touren-in-den-dolomiten\/sellaronda-mtb-tour\/\" aria-label=\"Sellaronda Mtb Tour\"><span class=\"fusion-column-inner-bg-image\"><\/span><\/a><\/span><div class=\"fusion-column-wrapper fusion-flex-justify-content-flex-start fusion-content-layout-column fusion-column-has-bg-image\" data-bg-url=\"https:\/\/www.valgardenasport.com\/wp-content\/uploads\/2023\/09\/riding-on-woo-bridge-valgardena-1.webp\"><div class=\"fusion-title title fusion-title-29 fusion-sep-none fusion-title-center fusion-title-text fusion-title-size-four\" style=\"--awb-text-color:#ffffff;--awb-margin-top:40px;--awb-margin-top-small:10px;--awb-margin-right-small:0px;--awb-margin-bottom-small:10px;--awb-margin-left-small:0px;--awb-font-size:var(--awb-typography1-font-size);\"><h4 class=\"fusion-title-heading title-heading-center fusion-responsive-typography-calculated\" style=\"font-family:var(--awb-typography1-font-family);font-weight:var(--awb-typography1-font-weight);font-style:var(--awb-typography1-font-style);margin:0;letter-spacing:var(--awb-typography1-letter-spacing);text-transform:var(--awb-typography1-text-transform);font-size:1em;--fontSize:40;line-height:1.4;\">Sellaronda Tour<\/h4><\/div><div class=\"fusion-text fusion-text-23\" style=\"--awb-content-alignment:center;--awb-text-color:var(--awb-color1);\"><p>die Must-Do-Tour in den Dolomiten<\/p>\n<\/div><\/div><\/div><\/div><\/div><\/p>\n","protected":false},"excerpt":{"rendered":"","protected":false},"author":1,"featured_media":0,"parent":0,"menu_order":0,"comment_status":"closed","ping_status":"closed","template":"100-width.php","meta":{"footnotes":""},"class_list":["post-26843","page","type-page","status-publish","hentry"],"_links":{"self":[{"href":"https:\/\/www.valgardenasport.com\/de\/wp-json\/wp\/v2\/pages\/26843","targetHints":{"allow":["GET"]}}],"collection":[{"href":"https:\/\/www.valgardenasport.com\/de\/wp-json\/wp\/v2\/pages"}],"about":[{"href":"https:\/\/www.valgardenasport.com\/de\/wp-json\/wp\/v2\/types\/page"}],"author":[{"embeddable":true,"href":"https:\/\/www.valgardenasport.com\/de\/wp-json\/wp\/v2\/users\/1"}],"replies":[{"embeddable":true,"href":"https:\/\/www.valgardenasport.com\/de\/wp-json\/wp\/v2\/comments?post=26843"}],"version-history":[{"count":20,"href":"https:\/\/www.valgardenasport.com\/de\/wp-json\/wp\/v2\/pages\/26843\/revisions"}],"predecessor-version":[{"id":39505,"href":"https:\/\/www.valgardenasport.com\/de\/wp-json\/wp\/v2\/pages\/26843\/revisions\/39505"}],"wp:attachment":[{"href":"https:\/\/www.valgardenasport.com\/de\/wp-json\/wp\/v2\/media?parent=26843"}],"curies":[{"name":"wp","href":"https:\/\/api.w.org\/{rel}","templated":true}]}}