{"id":29101,"date":"2023-10-03T00:22:52","date_gmt":"2023-10-02T22:22:52","guid":{"rendered":"https:\/\/www.valgardenasport.com\/gefuehrte-e-bike-mtb-touren-in-groeden\/bike-map\/"},"modified":"2024-08-09T10:38:59","modified_gmt":"2024-08-09T08:38:59","slug":"mountain-bike-karte","status":"publish","type":"page","link":"https:\/\/www.valgardenasport.com\/de\/gefuehrte-e-bike-mtb-touren-in-groeden\/mountain-bike-karte\/","title":{"rendered":"Mountain Bike Karte"},"content":{"rendered":"<p><div class=\"fusion-fullwidth fullwidth-box fusion-builder-row-1 fusion-flex-container nonhundred-percent-fullwidth non-hundred-percent-height-scrolling\" style=\"--awb-border-radius-top-left:0px;--awb-border-radius-top-right:0px;--awb-border-radius-bottom-right:0px;--awb-border-radius-bottom-left:0px;--awb-flex-wrap:wrap;\" ><div class=\"fusion-builder-row fusion-row fusion-flex-align-items-flex-start fusion-flex-content-wrap\" style=\"max-width:1393.6px;margin-left: calc(-4% \/ 2 );margin-right: calc(-4% \/ 2 );\"><div class=\"fusion-layout-column fusion_builder_column fusion-builder-column-0 fusion_builder_column_1_1 1_1 fusion-flex-column\" style=\"--awb-bg-blend:overlay;--awb-bg-size:cover;--awb-width-large:100%;--awb-margin-top-large:0px;--awb-spacing-right-large:1.92%;--awb-margin-bottom-large:0px;--awb-spacing-left-large:1.92%;--awb-width-medium:100%;--awb-spacing-right-medium:1.92%;--awb-spacing-left-medium:1.92%;--awb-width-small:100%;--awb-spacing-right-small:1.92%;--awb-spacing-left-small:1.92%;\"><div class=\"fusion-column-wrapper fusion-flex-justify-content-flex-start fusion-content-layout-column\"><nav class=\"fusion-breadcrumbs fusion-breadcrumbs-1\" style=\"--awb-breadcrumb-sep:&#039;&gt;&#039;;\" aria-label=\"Breadcrumb\"><nav aria-label=\"breadcrumbs\" class=\"rank-math-breadcrumb\"><p><span class=\"last\">Home<\/span><\/p><\/nav><\/nav><div class=\"fusion-title title fusion-title-1 fusion-sep-none fusion-title-center fusion-title-text fusion-title-size-one\" style=\"--awb-margin-top-small:10px;--awb-margin-right-small:0px;--awb-margin-bottom-small:10px;--awb-margin-left-small:0px;\"><h1 class=\"fusion-title-heading title-heading-center fusion-responsive-typography-calculated\" style=\"margin:0;--fontSize:46;line-height:1.2;\">Mountain Bike Karte Gr\u00f6den &amp; Sellaronda<\/h1><\/div><div class=\"fusion-text fusion-text-1\" style=\"--awb-content-alignment:center;\"><p>Finde auf den folgenden Radrouten die f\u00fcr dich idealen Bikerouten im Gr\u00f6dnertal und auf der Seiser Alm. Auf der Radkarte findest du zahlreiche Mountainbikestrecken, die du erkunden kannst. Zu den beliebtesten Routen geh\u00f6ren unbefestigte Stra\u00dfen, schmale Pfade mit mittlerem oder technischem Schwierigkeitsgrad und Abfahrten verschiedener Schwierigkeitsgrade. Die meisten Leute schwingen sich von Mai bis Oktober auf ihr Fahrrad, um die Gegend zu erkunden. Wenn du dich f\u00fcr technisch anspruchsvollere Routen interessierst, kannst du die Radkarten der Sellaronda sowohl im Uhrzeigersinn als auch gegen den Uhrzeigersinn herunterladen.<\/p>\n<\/div><\/div><\/div><\/div><\/div><div class=\"fusion-fullwidth fullwidth-box fusion-builder-row-2 fusion-flex-container has-pattern-background has-mask-background nonhundred-percent-fullwidth non-hundred-percent-height-scrolling\" style=\"--awb-border-radius-top-left:0px;--awb-border-radius-top-right:0px;--awb-border-radius-bottom-right:0px;--awb-border-radius-bottom-left:0px;--awb-padding-top:34px;--awb-padding-bottom:28px;--awb-background-color:var(--awb-color2);--awb-flex-wrap:wrap;\" ><div class=\"fusion-builder-row fusion-row fusion-flex-align-items-flex-start fusion-flex-content-wrap\" style=\"max-width:1393.6px;margin-left: calc(-4% \/ 2 );margin-right: calc(-4% \/ 2 );\"><div class=\"fusion-layout-column fusion_builder_column fusion-builder-column-1 fusion_builder_column_1_2 1_2 fusion-flex-column\" style=\"--awb-bg-image:url(&#039;https:\/\/www.valgardenasport.com\/wp-content\/uploads\/2023\/10\/Bike_map_Val_Gardena_medium.webp&#039;);--awb-bg-size:cover;--awb-width-large:50%;--awb-margin-top-large:0px;--awb-spacing-right-large:3.84%;--awb-margin-bottom-large:20px;--awb-spacing-left-large:3.84%;--awb-width-medium:50%;--awb-order-medium:0;--awb-spacing-right-medium:3.84%;--awb-spacing-left-medium:3.84%;--awb-width-small:100%;--awb-order-small:0;--awb-spacing-right-small:1.92%;--awb-spacing-left-small:1.92%;\"><div class=\"fusion-column-wrapper fusion-column-has-shadow fusion-flex-justify-content-flex-start fusion-content-layout-column fusion-empty-column-bg-image fusion-column-has-bg-image\" data-bg-url=\"https:\/\/www.valgardenasport.com\/wp-content\/uploads\/2023\/10\/Bike_map_Val_Gardena_medium.webp\"><img decoding=\"async\" class=\"fusion-empty-dims-img-placeholder\" aria-label=\"Bike_map_Val_Gardena_medium\" src=\"data:image\/svg+xml,%3Csvg%20xmlns%3D%27http%3A%2F%2Fwww.w3.org%2F2000%2Fsvg%27%20width%3D%271200%27%20height%3D%27855%27%20viewBox%3D%270%200%201200%20855%27%3E%3Crect%20width%3D%271200%27%20height%3D%27855%27%20fill-opacity%3D%220%22%2F%3E%3C%2Fsvg%3E\" alt=\"\"><\/div><\/div><div class=\"fusion-layout-column fusion_builder_column fusion-builder-column-2 fusion_builder_column_1_2 1_2 fusion-flex-column\" style=\"--awb-bg-size:cover;--awb-width-large:50%;--awb-margin-top-large:0px;--awb-spacing-right-large:3.84%;--awb-margin-bottom-large:20px;--awb-spacing-left-large:3.84%;--awb-width-medium:50%;--awb-order-medium:0;--awb-spacing-right-medium:3.84%;--awb-spacing-left-medium:3.84%;--awb-width-small:100%;--awb-order-small:0;--awb-spacing-right-small:1.92%;--awb-spacing-left-small:1.92%;\"><div class=\"fusion-column-wrapper fusion-column-has-shadow fusion-flex-justify-content-flex-start fusion-content-layout-column\"><div class=\"fusion-title title fusion-title-2 fusion-sep-none fusion-title-text fusion-title-size-two\" style=\"--awb-margin-top-small:10px;--awb-margin-right-small:0px;--awb-margin-bottom-small:10px;--awb-margin-left-small:0px;\"><h2 class=\"fusion-title-heading title-heading-left fusion-responsive-typography-calculated\" style=\"margin:0;--fontSize:22;--minFontSize:22;line-height:1.3;\">Gr\u00f6den &#8211; Seiser Alm Bike Karte<\/h2><\/div><div class=\"fusion-text fusion-text-2\"><p>Diese MTB-Karte zeigt Schotterstra\u00dfen, Trails und Flow-Trails. Au\u00dferdem findest du die Lifte, die im Sommer ge\u00f6ffnet sind, und alle Bergh\u00fctten, in denen du einkehren und dich gut verpflegen kannst.<\/p>\n<\/div><div ><a class=\"fusion-button button-flat fusion-button-default-size button-default fusion-button-default button-1 fusion-button-default-span fusion-button-default-type\" target=\"_self\" title=\"Bike Map Val Gardena - Alpe di Siusi\" aria-label=\"Bike Map Val Gardena - Alpe di Siusi\" href=\"https:\/\/www.valgardenasport.com\/wp-content\/uploads\/2023\/10\/Bike_map_Val_Gardena_big-scaled.webp\"><i class=\"icon-download-solid awb-button__icon awb-button__icon--default button-icon-left\" aria-hidden=\"true\"><\/i><span class=\"fusion-button-text awb-button__text awb-button__text--default\">Scarica mappa alta risoluzione<\/span><\/a><\/div><\/div><\/div><\/div><\/div><div class=\"fusion-fullwidth fullwidth-box fusion-builder-row-3 fusion-flex-container has-pattern-background has-mask-background nonhundred-percent-fullwidth non-hundred-percent-height-scrolling\" style=\"--awb-border-radius-top-left:0px;--awb-border-radius-top-right:0px;--awb-border-radius-bottom-right:0px;--awb-border-radius-bottom-left:0px;--awb-padding-top:34px;--awb-padding-bottom:28px;--awb-flex-wrap:wrap;\" ><div class=\"fusion-builder-row fusion-row fusion-flex-align-items-flex-start fusion-flex-content-wrap\" style=\"max-width:1393.6px;margin-left: calc(-4% \/ 2 );margin-right: calc(-4% \/ 2 );\"><div class=\"fusion-layout-column fusion_builder_column fusion-builder-column-3 fusion_builder_column_1_2 1_2 fusion-flex-column\" style=\"--awb-bg-image:url(&#039;https:\/\/www.valgardenasport.com\/wp-content\/uploads\/2023\/10\/Mappa_sellaronda_tour_orario.webp&#039;);--awb-bg-size:cover;--awb-width-large:50%;--awb-margin-top-large:0px;--awb-spacing-right-large:3.84%;--awb-margin-bottom-large:20px;--awb-spacing-left-large:3.84%;--awb-width-medium:50%;--awb-order-medium:0;--awb-spacing-right-medium:3.84%;--awb-spacing-left-medium:3.84%;--awb-width-small:100%;--awb-order-small:0;--awb-spacing-right-small:1.92%;--awb-spacing-left-small:1.92%;\"><div class=\"fusion-column-wrapper fusion-column-has-shadow fusion-flex-justify-content-flex-start fusion-content-layout-column fusion-empty-column-bg-image fusion-column-has-bg-image\" data-bg-url=\"https:\/\/www.valgardenasport.com\/wp-content\/uploads\/2023\/10\/Mappa_sellaronda_tour_orario.webp\"><img decoding=\"async\" class=\"fusion-empty-dims-img-placeholder\" aria-label=\"Mappa_sellaronda_tour_orario\" src=\"data:image\/svg+xml,%3Csvg%20xmlns%3D%27http%3A%2F%2Fwww.w3.org%2F2000%2Fsvg%27%20width%3D%271875%27%20height%3D%271447%27%20viewBox%3D%270%200%201875%201447%27%3E%3Crect%20width%3D%271875%27%20height%3D%271447%27%20fill-opacity%3D%220%22%2F%3E%3C%2Fsvg%3E\" alt=\"\"><\/div><\/div><div class=\"fusion-layout-column fusion_builder_column fusion-builder-column-4 fusion_builder_column_1_2 1_2 fusion-flex-column\" style=\"--awb-bg-size:cover;--awb-width-large:50%;--awb-margin-top-large:0px;--awb-spacing-right-large:3.84%;--awb-margin-bottom-large:20px;--awb-spacing-left-large:3.84%;--awb-width-medium:50%;--awb-order-medium:0;--awb-spacing-right-medium:3.84%;--awb-spacing-left-medium:3.84%;--awb-width-small:100%;--awb-order-small:0;--awb-spacing-right-small:1.92%;--awb-spacing-left-small:1.92%;\"><div class=\"fusion-column-wrapper fusion-column-has-shadow fusion-flex-justify-content-flex-start fusion-content-layout-column\"><div class=\"fusion-title title fusion-title-3 fusion-sep-none fusion-title-text fusion-title-size-two\" style=\"--awb-margin-top-small:10px;--awb-margin-right-small:0px;--awb-margin-bottom-small:10px;--awb-margin-left-small:0px;\"><h2 class=\"fusion-title-heading title-heading-left fusion-responsive-typography-calculated\" style=\"margin:0;--fontSize:22;--minFontSize:22;line-height:1.3;\">Sellaronda Mtb Tour Bike Karte Uhrzeigersinn<\/h2><\/div><div class=\"fusion-text fusion-text-3\"><p>Le cartine mtb cartacee sono disponibili presso i nostri negozi e noleggi e in tutti gli uffici turistici, le casse degli impianti, i centri info.<\/p>\n<\/div><div class=\"fusion-image-element \" style=\"--awb-caption-title-font-family:var(--h2_typography-font-family);--awb-caption-title-font-weight:var(--h2_typography-font-weight);--awb-caption-title-font-style:var(--h2_typography-font-style);--awb-caption-title-size:var(--h2_typography-font-size);--awb-caption-title-transform:var(--h2_typography-text-transform);--awb-caption-title-line-height:var(--h2_typography-line-height);--awb-caption-title-letter-spacing:var(--h2_typography-letter-spacing);\"><span class=\" fusion-imageframe imageframe-none imageframe-1 hover-type-none\"><img decoding=\"async\" width=\"2560\" height=\"784\" alt=\"Daten Sellaronda Mtb Tour im Uhrzeigersinn\" title=\"dati-sellaronda-mtb-tour-orario\" src=\"https:\/\/www.valgardenasport.com\/wp-content\/uploads\/2023\/10\/dati-sellaronda-mtb-tour-orario-scaled.webp\" class=\"img-responsive wp-image-28471\" srcset=\"https:\/\/www.valgardenasport.com\/wp-content\/uploads\/2023\/10\/dati-sellaronda-mtb-tour-orario-200x61.webp 200w, https:\/\/www.valgardenasport.com\/wp-content\/uploads\/2023\/10\/dati-sellaronda-mtb-tour-orario-400x122.webp 400w, https:\/\/www.valgardenasport.com\/wp-content\/uploads\/2023\/10\/dati-sellaronda-mtb-tour-orario-600x184.webp 600w, https:\/\/www.valgardenasport.com\/wp-content\/uploads\/2023\/10\/dati-sellaronda-mtb-tour-orario-800x245.webp 800w, https:\/\/www.valgardenasport.com\/wp-content\/uploads\/2023\/10\/dati-sellaronda-mtb-tour-orario-1200x367.webp 1200w, https:\/\/www.valgardenasport.com\/wp-content\/uploads\/2023\/10\/dati-sellaronda-mtb-tour-orario-scaled.webp 2560w\" sizes=\"(max-width: 640px) 100vw, 800px\" \/><\/span><\/div><div ><a class=\"fusion-button button-flat fusion-button-default-size button-default fusion-button-default button-2 fusion-button-default-span fusion-button-default-type\" target=\"_self\" title=\"Sellaronda Mtb Tour Bike Karte Uhrzeigersinn\" aria-label=\"Sellaronda Mtb Tour Bike Karte Uhrzeigersinn\" href=\"https:\/\/www.valgardenasport.com\/wp-content\/uploads\/2023\/10\/cartina_Sellaronda_orario_MTB_2023-scaled.jpg\"><i class=\"icon-download-solid awb-button__icon awb-button__icon--default button-icon-left\" aria-hidden=\"true\"><\/i><span class=\"fusion-button-text awb-button__text awb-button__text--default\">Download Bike Map<\/span><\/a><\/div><\/div><\/div><\/div><\/div><div class=\"fusion-fullwidth fullwidth-box fusion-builder-row-4 fusion-flex-container has-pattern-background has-mask-background nonhundred-percent-fullwidth non-hundred-percent-height-scrolling\" style=\"--awb-border-radius-top-left:0px;--awb-border-radius-top-right:0px;--awb-border-radius-bottom-right:0px;--awb-border-radius-bottom-left:0px;--awb-padding-top:34px;--awb-padding-bottom:28px;--awb-background-color:var(--awb-color2);--awb-flex-wrap:wrap;\" ><div class=\"fusion-builder-row fusion-row fusion-flex-align-items-flex-start fusion-flex-content-wrap\" style=\"max-width:1393.6px;margin-left: calc(-4% \/ 2 );margin-right: calc(-4% \/ 2 );\"><div class=\"fusion-layout-column fusion_builder_column fusion-builder-column-5 fusion_builder_column_1_2 1_2 fusion-flex-column\" style=\"--awb-bg-image:url(&#039;https:\/\/www.valgardenasport.com\/wp-content\/uploads\/2023\/10\/mappa_sellaronda_tour_antiorario.webp&#039;);--awb-bg-size:cover;--awb-width-large:50%;--awb-margin-top-large:0px;--awb-spacing-right-large:3.84%;--awb-margin-bottom-large:20px;--awb-spacing-left-large:3.84%;--awb-width-medium:50%;--awb-order-medium:0;--awb-spacing-right-medium:3.84%;--awb-spacing-left-medium:3.84%;--awb-width-small:100%;--awb-order-small:0;--awb-spacing-right-small:1.92%;--awb-spacing-left-small:1.92%;\"><div class=\"fusion-column-wrapper fusion-column-has-shadow fusion-flex-justify-content-flex-start fusion-content-layout-column fusion-empty-column-bg-image fusion-column-has-bg-image\" data-bg-url=\"https:\/\/www.valgardenasport.com\/wp-content\/uploads\/2023\/10\/mappa_sellaronda_tour_antiorario.webp\"><img decoding=\"async\" class=\"fusion-empty-dims-img-placeholder\" aria-label=\"mappa_sellaronda_tour_antiorario\" src=\"data:image\/svg+xml,%3Csvg%20xmlns%3D%27http%3A%2F%2Fwww.w3.org%2F2000%2Fsvg%27%20width%3D%271875%27%20height%3D%271447%27%20viewBox%3D%270%200%201875%201447%27%3E%3Crect%20width%3D%271875%27%20height%3D%271447%27%20fill-opacity%3D%220%22%2F%3E%3C%2Fsvg%3E\" alt=\"\"><\/div><\/div><div class=\"fusion-layout-column fusion_builder_column fusion-builder-column-6 fusion_builder_column_1_2 1_2 fusion-flex-column\" style=\"--awb-bg-size:cover;--awb-width-large:50%;--awb-margin-top-large:0px;--awb-spacing-right-large:3.84%;--awb-margin-bottom-large:20px;--awb-spacing-left-large:3.84%;--awb-width-medium:50%;--awb-order-medium:0;--awb-spacing-right-medium:3.84%;--awb-spacing-left-medium:3.84%;--awb-width-small:100%;--awb-order-small:0;--awb-spacing-right-small:1.92%;--awb-spacing-left-small:1.92%;\"><div class=\"fusion-column-wrapper fusion-column-has-shadow fusion-flex-justify-content-flex-start fusion-content-layout-column\"><div class=\"fusion-title title fusion-title-4 fusion-sep-none fusion-title-text fusion-title-size-two\" style=\"--awb-margin-top-small:10px;--awb-margin-right-small:0px;--awb-margin-bottom-small:10px;--awb-margin-left-small:0px;\"><h2 class=\"fusion-title-heading title-heading-left fusion-responsive-typography-calculated\" style=\"margin:0;--fontSize:22;--minFontSize:22;line-height:1.3;\">Sellaronda Mtb Tour Radkarte &#8211; gegen den Uhrzeigersinn<\/h2><\/div><div class=\"fusion-text fusion-text-4\"><p>Gedruckte MTB-Karten sind in unseren Gesch\u00e4ften und Verleihen sowie in allen Tourismusb\u00fcros, Liftkartenverkaufsstellen und Infozentren erh\u00e4ltlich.<\/p>\n<\/div><div class=\"fusion-image-element \" style=\"--awb-caption-title-font-family:var(--h2_typography-font-family);--awb-caption-title-font-weight:var(--h2_typography-font-weight);--awb-caption-title-font-style:var(--h2_typography-font-style);--awb-caption-title-size:var(--h2_typography-font-size);--awb-caption-title-transform:var(--h2_typography-text-transform);--awb-caption-title-line-height:var(--h2_typography-line-height);--awb-caption-title-letter-spacing:var(--h2_typography-letter-spacing);\"><span class=\" fusion-imageframe imageframe-none imageframe-2 hover-type-none\"><img decoding=\"async\" width=\"2560\" height=\"794\" alt=\"Daten Sellaronda Mtb Tour gegen den Uhrzeigersinn\" title=\"dati-sellaronda-mtb-tour-antiorario.webp\" src=\"https:\/\/www.valgardenasport.com\/wp-content\/uploads\/2023\/10\/dati-sellaronda-mtb-tour-antiorario.webp-scaled.webp\" class=\"img-responsive wp-image-28476\" srcset=\"https:\/\/www.valgardenasport.com\/wp-content\/uploads\/2023\/10\/dati-sellaronda-mtb-tour-antiorario.webp-200x62.webp 200w, https:\/\/www.valgardenasport.com\/wp-content\/uploads\/2023\/10\/dati-sellaronda-mtb-tour-antiorario.webp-400x124.webp 400w, https:\/\/www.valgardenasport.com\/wp-content\/uploads\/2023\/10\/dati-sellaronda-mtb-tour-antiorario.webp-600x186.webp 600w, https:\/\/www.valgardenasport.com\/wp-content\/uploads\/2023\/10\/dati-sellaronda-mtb-tour-antiorario.webp-800x248.webp 800w, https:\/\/www.valgardenasport.com\/wp-content\/uploads\/2023\/10\/dati-sellaronda-mtb-tour-antiorario.webp-1200x372.webp 1200w, https:\/\/www.valgardenasport.com\/wp-content\/uploads\/2023\/10\/dati-sellaronda-mtb-tour-antiorario.webp-scaled.webp 2560w\" sizes=\"(max-width: 640px) 100vw, 800px\" \/><\/span><\/div><div ><a class=\"fusion-button button-flat fusion-button-default-size button-default fusion-button-default button-3 fusion-button-default-span fusion-button-default-type\" target=\"_self\" title=\"Sellaronda Mtb Tour Radkarte - gegen den Uhrzeigersinn\" aria-label=\"Sellaronda Mtb Tour Radkarte - gegen den Uhrzeigersinn\" href=\"https:\/\/www.valgardenasport.com\/wp-content\/uploads\/2023\/10\/cartina_Sellaronda-MTB_antiorario_2023-scaled.jpg\"><i class=\"icon-download-solid awb-button__icon awb-button__icon--default button-icon-left\" aria-hidden=\"true\"><\/i><span class=\"fusion-button-text awb-button__text awb-button__text--default\">Download Bike Map<\/span><\/a><\/div><\/div><\/div><\/div><\/div><div id=\"tours\" class=\"fusion-container-anchor\"><div class=\"fusion-fullwidth fullwidth-box fusion-builder-row-5 fusion-flex-container has-pattern-background has-mask-background nonhundred-percent-fullwidth non-hundred-percent-height-scrolling\" style=\"--awb-border-radius-top-left:0px;--awb-border-radius-top-right:0px;--awb-border-radius-bottom-right:0px;--awb-border-radius-bottom-left:0px;--awb-margin-top:8%;--awb-flex-wrap:wrap;\" ><div class=\"fusion-builder-row fusion-row fusion-flex-align-items-flex-start fusion-flex-content-wrap\" style=\"max-width:1393.6px;margin-left: calc(-4% \/ 2 );margin-right: calc(-4% \/ 2 );\"><div class=\"fusion-layout-column fusion_builder_column fusion-builder-column-7 fusion_builder_column_1_1 1_1 fusion-flex-column\" style=\"--awb-bg-size:cover;--awb-width-large:100%;--awb-margin-top-large:0px;--awb-spacing-right-large:1.92%;--awb-margin-bottom-large:20px;--awb-spacing-left-large:1.92%;--awb-width-medium:100%;--awb-order-medium:0;--awb-spacing-right-medium:1.92%;--awb-spacing-left-medium:1.92%;--awb-width-small:100%;--awb-order-small:0;--awb-spacing-right-small:1.92%;--awb-spacing-left-small:1.92%;\"><div class=\"fusion-column-wrapper fusion-column-has-shadow fusion-flex-justify-content-flex-start fusion-content-layout-column\"><div class=\"fusion-title title fusion-title-5 fusion-sep-none fusion-title-center fusion-title-text fusion-title-size-three\" style=\"--awb-margin-top-small:10px;--awb-margin-right-small:0px;--awb-margin-bottom-small:10px;--awb-margin-left-small:0px;\"><h3 class=\"fusion-title-heading title-heading-center fusion-responsive-typography-calculated\" style=\"font-family:var(--awb-typography1-font-family);font-weight:var(--awb-typography1-font-weight);font-style:var(--awb-typography1-font-style);margin:0;--fontSize:28;line-height:1.4;\">I pi\u00f9 suggestivi tour in mountain bike ed e-bike in Val Gardena e nelle Dolomiti<\/h3><\/div><div class=\"fusion-blog-shortcode fusion-blog-shortcode-1 fusion-blog-archive fusion-blog-layout-grid-wrapper fusion-blog-no\" style=\"--awb-title-font-size:22px;--awb-title-line-height:var(--awb-typography2-line-height);--awb-title-letter-spacing:var(--awb-typography2-letter-spacing);--awb-title-text-transform:var(--awb-typography2-text-transform);--awb-title-font-family:var(--awb-typography2-font-family);--awb-title-font-weight:var(--awb-typography2-font-weight);--awb-title-font-style:var(--awb-typography2-font-style);\"><style type=\"text\/css\">.fusion-blog-shortcode-1 .fusion-blog-layout-grid .fusion-post-grid{padding:20px;}.fusion-blog-shortcode-1 .fusion-posts-container{margin-left: -20px !important; margin-right:-20px !important;}<\/style><div class=\"fusion-posts-container fusion-posts-container-no fusion-no-meta-info fusion-blog-rollover fusion-blog-layout-grid fusion-blog-layout-grid-3 isotope\" data-pages=\"0\" data-grid-col-space=\"40\" style=\"margin: -20px -20px 0;min-height:500px;\"><article id=\"blog-1-post-32094\" class=\"fusion-post-grid post-32094 post type-post status-publish format-standard has-post-thumbnail hentry category-mountainbike-e-bike-touren-in-den-dolomiten\">\n<div class=\"fusion-post-wrapper\" style=\"background-color:var(--awb-color2);border:1px solid var(--awb-color2);border-bottom-width:3px;\">\n\n\t\t\t<div class=\"fusion-flexslider flexslider fusion-flexslider-loading fusion-post-slideshow\" style=\"border-color:var(--awb-color2);\">\n\t\t<ul class=\"slides\">\n\t\t\t\n\t\t\t\t\t\t\t\t\t\t\t\t\t\t<li><div  class=\"fusion-image-wrapper\" aria-haspopup=\"true\">\n\t\t\t\t<img decoding=\"async\" width=\"1920\" height=\"903\" src=\"https:\/\/www.valgardenasport.com\/wp-content\/uploads\/2023\/10\/tuff-alm-unterm-schlern.webp\" class=\"attachment-full size-full wp-post-image\" alt=\"\" srcset=\"https:\/\/www.valgardenasport.com\/wp-content\/uploads\/2023\/10\/tuff-alm-unterm-schlern-200x94.webp 200w, https:\/\/www.valgardenasport.com\/wp-content\/uploads\/2023\/10\/tuff-alm-unterm-schlern-400x188.webp 400w, https:\/\/www.valgardenasport.com\/wp-content\/uploads\/2023\/10\/tuff-alm-unterm-schlern-600x282.webp 600w, https:\/\/www.valgardenasport.com\/wp-content\/uploads\/2023\/10\/tuff-alm-unterm-schlern-800x376.webp 800w, https:\/\/www.valgardenasport.com\/wp-content\/uploads\/2023\/10\/tuff-alm-unterm-schlern-1200x564.webp 1200w, https:\/\/www.valgardenasport.com\/wp-content\/uploads\/2023\/10\/tuff-alm-unterm-schlern.webp 1920w\" sizes=\"(min-width: 2200px) 100vw, (min-width: 784px) 420px, (min-width: 712px) 630px, (min-width: 640px) 712px, \"><div class=\"fusion-rollover\">\n\t<div class=\"fusion-rollover-content\">\n\n\t\t\t\t\n\t\t\n\t\t\t\t\t\t\t\t\n\t\t\t\t\t\t\t\t\n\t\t\n\t\t\t\t\t\t<a class=\"fusion-link-wrapper\" href=\"https:\/\/www.valgardenasport.com\/de\/mountainbike-e-bike-touren-in-den-dolomiten\/tuffalm-voels-am-schlern\/\" aria-label=\"Tuffalm &#8211; V\u00f6ls am Schlern\"><\/a>\n\t<\/div>\n<\/div>\n<\/div>\n<\/li>\n\t\t\t\n\t\t\t\n\t\t\t\t\t\t\t\t\t\t\t\t\t\t\t\t\t\t\t\t\t\t\t\t\t\t\t\t\t\t\t\t\t\t\t\t\t\t\t\t\t\t\t\t\t\t\t\t\t\t\t\t\t\t\t\t\t\t\t\t\t\t\t\t\t\t\t\t<\/ul>\n\t<\/div>\n\t<div class=\"fusion-post-content-wrapper\" style=\"padding:30px 25px 25px 25px;\"><div class=\"fusion-post-content post-content\"><h2 class=\"blog-shortcode-post-title entry-title\"><a href=\"https:\/\/www.valgardenasport.com\/de\/mountainbike-e-bike-touren-in-den-dolomiten\/tuffalm-voels-am-schlern\/\">Tuffalm &#8211; V\u00f6ls am Schlern<\/a><\/h2><div class=\"fusion-post-content-container\"><p>  Diese Tour ist ein echter Traum und f\u00fchrt dich zu [...]<\/p><\/div><\/div><\/div><div class=\"fusion-clearfix\"><\/div><\/div>\n<\/article>\n<article id=\"blog-1-post-32103\" class=\"fusion-post-grid post-32103 post type-post status-publish format-standard has-post-thumbnail hentry category-mountainbike-e-bike-touren-in-den-dolomiten\">\n<div class=\"fusion-post-wrapper\" style=\"background-color:var(--awb-color2);border:1px solid var(--awb-color2);border-bottom-width:3px;\">\n\n\t\t\t<div class=\"fusion-flexslider flexslider fusion-flexslider-loading fusion-post-slideshow\" style=\"border-color:var(--awb-color2);\">\n\t\t<ul class=\"slides\">\n\t\t\t\n\t\t\t\t\t\t\t\t\t\t\t\t\t\t<li><div  class=\"fusion-image-wrapper\" aria-haspopup=\"true\">\n\t\t\t\t<img decoding=\"async\" width=\"1745\" height=\"944\" src=\"https:\/\/www.valgardenasport.com\/wp-content\/uploads\/2023\/10\/mtb-tour-alpe-di-siusi.webp\" class=\"attachment-full size-full wp-post-image\" alt=\"\" srcset=\"https:\/\/www.valgardenasport.com\/wp-content\/uploads\/2023\/10\/mtb-tour-alpe-di-siusi-200x108.webp 200w, https:\/\/www.valgardenasport.com\/wp-content\/uploads\/2023\/10\/mtb-tour-alpe-di-siusi-400x216.webp 400w, https:\/\/www.valgardenasport.com\/wp-content\/uploads\/2023\/10\/mtb-tour-alpe-di-siusi-600x325.webp 600w, https:\/\/www.valgardenasport.com\/wp-content\/uploads\/2023\/10\/mtb-tour-alpe-di-siusi-800x433.webp 800w, https:\/\/www.valgardenasport.com\/wp-content\/uploads\/2023\/10\/mtb-tour-alpe-di-siusi-1200x649.webp 1200w, https:\/\/www.valgardenasport.com\/wp-content\/uploads\/2023\/10\/mtb-tour-alpe-di-siusi.webp 1745w\" sizes=\"(min-width: 2200px) 100vw, (min-width: 784px) 420px, (min-width: 712px) 630px, (min-width: 640px) 712px, \"><div class=\"fusion-rollover\">\n\t<div class=\"fusion-rollover-content\">\n\n\t\t\t\t\n\t\t\n\t\t\t\t\t\t\t\t\n\t\t\t\t\t\t\t\t\n\t\t\n\t\t\t\t\t\t<a class=\"fusion-link-wrapper\" href=\"https:\/\/www.valgardenasport.com\/de\/mountainbike-e-bike-touren-in-den-dolomiten\/seiser-alm\/\" aria-label=\"Seiser Alm\"><\/a>\n\t<\/div>\n<\/div>\n<\/div>\n<\/li>\n\t\t\t\n\t\t\t\n\t\t\t\t\t\t\t\t\t\t\t\t\t\t\t\t\t\t\t\t\t\t\t\t\t\t\t\t\t\t\t\t\t\t\t\t\t\t\t\t\t\t\t\t\t\t\t\t\t\t\t\t\t\t\t\t\t\t\t\t\t\t\t\t\t\t\t\t<\/ul>\n\t<\/div>\n\t<div class=\"fusion-post-content-wrapper\" style=\"padding:30px 25px 25px 25px;\"><div class=\"fusion-post-content post-content\"><h2 class=\"blog-shortcode-post-title entry-title\"><a href=\"https:\/\/www.valgardenasport.com\/de\/mountainbike-e-bike-touren-in-den-dolomiten\/seiser-alm\/\">Seiser Alm<\/a><\/h2><div class=\"fusion-post-content-container\"><p>  Ein au\u00dfergew\u00f6hnliches Panoramaerlebnis ohne allzu gro\u00dfe Anstrengung: Das verspricht die [...]<\/p><\/div><\/div><\/div><div class=\"fusion-clearfix\"><\/div><\/div>\n<\/article>\n<article id=\"blog-1-post-32126\" class=\"fusion-post-grid post-32126 post type-post status-publish format-standard has-post-thumbnail hentry category-mountainbike-e-bike-touren-in-den-dolomiten\">\n<div class=\"fusion-post-wrapper\" style=\"background-color:var(--awb-color2);border:1px solid var(--awb-color2);border-bottom-width:3px;\">\n\n\t\t\t<div class=\"fusion-flexslider flexslider fusion-flexslider-loading fusion-post-slideshow\" style=\"border-color:var(--awb-color2);\">\n\t\t<ul class=\"slides\">\n\t\t\t\n\t\t\t\t\t\t\t\t\t\t\t\t\t\t<li><div  class=\"fusion-image-wrapper\" aria-haspopup=\"true\">\n\t\t\t\t<img decoding=\"async\" width=\"1000\" height=\"563\" src=\"https:\/\/www.valgardenasport.com\/wp-content\/uploads\/2023\/10\/val-duron.webp\" class=\"attachment-full size-full wp-post-image\" alt=\"\" srcset=\"https:\/\/www.valgardenasport.com\/wp-content\/uploads\/2023\/10\/val-duron-200x113.webp 200w, https:\/\/www.valgardenasport.com\/wp-content\/uploads\/2023\/10\/val-duron-400x225.webp 400w, https:\/\/www.valgardenasport.com\/wp-content\/uploads\/2023\/10\/val-duron-600x338.webp 600w, https:\/\/www.valgardenasport.com\/wp-content\/uploads\/2023\/10\/val-duron-800x450.webp 800w, https:\/\/www.valgardenasport.com\/wp-content\/uploads\/2023\/10\/val-duron.webp 1000w\" sizes=\"(min-width: 2200px) 100vw, (min-width: 784px) 420px, (min-width: 712px) 630px, (min-width: 640px) 712px, \"><div class=\"fusion-rollover\">\n\t<div class=\"fusion-rollover-content\">\n\n\t\t\t\t\n\t\t\n\t\t\t\t\t\t\t\t\n\t\t\t\t\t\t\t\t\n\t\t\n\t\t\t\t\t\t<a class=\"fusion-link-wrapper\" href=\"https:\/\/www.valgardenasport.com\/de\/mountainbike-e-bike-touren-in-den-dolomiten\/durontal\/\" aria-label=\"Durontal\"><\/a>\n\t<\/div>\n<\/div>\n<\/div>\n<\/li>\n\t\t\t\n\t\t\t\n\t\t\t\t\t\t\t\t\t\t\t\t\t\t\t\t\t\t\t\t\t\t\t\t\t\t\t\t\t\t\t\t\t\t\t\t\t\t\t\t\t\t\t\t\t\t\t\t\t\t\t\t\t\t\t\t\t\t\t\t\t\t\t\t\t\t\t\t<\/ul>\n\t<\/div>\n\t<div class=\"fusion-post-content-wrapper\" style=\"padding:30px 25px 25px 25px;\"><div class=\"fusion-post-content post-content\"><h2 class=\"blog-shortcode-post-title entry-title\"><a href=\"https:\/\/www.valgardenasport.com\/de\/mountainbike-e-bike-touren-in-den-dolomiten\/durontal\/\">Durontal<\/a><\/h2><div class=\"fusion-post-content-container\"><p>  Diese au\u00dfergew\u00f6hnliche Route bietet eines der faszinierendsten Panoramen der Region [...]<\/p><\/div><\/div><\/div><div class=\"fusion-clearfix\"><\/div><\/div>\n<\/article>\n<article id=\"blog-1-post-29369\" class=\"fusion-post-grid post-29369 post type-post status-publish format-standard has-post-thumbnail hentry category-mountainbike-e-bike-touren-in-den-dolomiten\">\n<div class=\"fusion-post-wrapper\" style=\"background-color:var(--awb-color2);border:1px solid var(--awb-color2);border-bottom-width:3px;\">\n\n\t\t\t<div class=\"fusion-flexslider flexslider fusion-flexslider-loading fusion-post-slideshow\" style=\"border-color:var(--awb-color2);\">\n\t\t<ul class=\"slides\">\n\t\t\t\n\t\t\t\t\t\t\t\t\t\t\t\t\t\t<li><div  class=\"fusion-image-wrapper\" aria-haspopup=\"true\">\n\t\t\t\t<img decoding=\"async\" width=\"2560\" height=\"882\" src=\"https:\/\/www.valgardenasport.com\/wp-content\/uploads\/2023\/10\/sellaronda-trail-2-1-scaled.webp\" class=\"attachment-full size-full wp-post-image\" alt=\"\" srcset=\"https:\/\/www.valgardenasport.com\/wp-content\/uploads\/2023\/10\/sellaronda-trail-2-1-200x69.webp 200w, https:\/\/www.valgardenasport.com\/wp-content\/uploads\/2023\/10\/sellaronda-trail-2-1-400x138.webp 400w, https:\/\/www.valgardenasport.com\/wp-content\/uploads\/2023\/10\/sellaronda-trail-2-1-600x207.webp 600w, https:\/\/www.valgardenasport.com\/wp-content\/uploads\/2023\/10\/sellaronda-trail-2-1-800x276.webp 800w, https:\/\/www.valgardenasport.com\/wp-content\/uploads\/2023\/10\/sellaronda-trail-2-1-1200x413.webp 1200w, https:\/\/www.valgardenasport.com\/wp-content\/uploads\/2023\/10\/sellaronda-trail-2-1-scaled.webp 2560w\" sizes=\"(min-width: 2200px) 100vw, (min-width: 784px) 420px, (min-width: 712px) 630px, (min-width: 640px) 712px, \"><div class=\"fusion-rollover\">\n\t<div class=\"fusion-rollover-content\">\n\n\t\t\t\t\n\t\t\n\t\t\t\t\t\t\t\t\n\t\t\t\t\t\t\t\t\n\t\t\n\t\t\t\t\t\t<a class=\"fusion-link-wrapper\" href=\"https:\/\/www.valgardenasport.com\/de\/mountainbike-e-bike-touren-in-den-dolomiten\/sellaronda-mtb-tour\/\" aria-label=\"Mtb Ausflug Sellaronda\"><\/a>\n\t<\/div>\n<\/div>\n<\/div>\n<\/li>\n\t\t\t\n\t\t\t\n\t\t\t\t\t\t\t\t\t\t\t\t\t\t\t\t\t\t\t\t\t\t\t\t\t\t\t\t\t\t\t\t\t\t\t\t\t\t\t\t\t\t\t\t\t\t\t\t\t\t\t\t\t\t\t\t\t\t\t\t\t\t\t\t\t\t\t\t<\/ul>\n\t<\/div>\n\t<div class=\"fusion-post-content-wrapper\" style=\"padding:30px 25px 25px 25px;\"><div class=\"fusion-post-content post-content\"><h2 class=\"blog-shortcode-post-title entry-title\"><a href=\"https:\/\/www.valgardenasport.com\/de\/mountainbike-e-bike-touren-in-den-dolomiten\/sellaronda-mtb-tour\/\">Mtb Ausflug Sellaronda<\/a><\/h2><div class=\"fusion-post-content-container\"><p>  Vier legend\u00e4re P\u00e4sse, Singletrails, atemberaubende Abfahrten und jede Menge Adrenalin [...]<\/p><\/div><\/div><\/div><div class=\"fusion-clearfix\"><\/div><\/div>\n<\/article>\n<article id=\"blog-1-post-32114\" class=\"fusion-post-grid post-32114 post type-post status-publish format-standard has-post-thumbnail hentry category-mountainbike-e-bike-touren-in-den-dolomiten\">\n<div class=\"fusion-post-wrapper\" style=\"background-color:var(--awb-color2);border:1px solid var(--awb-color2);border-bottom-width:3px;\">\n\n\t\t\t<div class=\"fusion-flexslider flexslider fusion-flexslider-loading fusion-post-slideshow\" style=\"border-color:var(--awb-color2);\">\n\t\t<ul class=\"slides\">\n\t\t\t\n\t\t\t\t\t\t\t\t\t\t\t\t\t\t<li><div  class=\"fusion-image-wrapper\" aria-haspopup=\"true\">\n\t\t\t\t<img decoding=\"async\" width=\"1920\" height=\"530\" src=\"https:\/\/www.valgardenasport.com\/wp-content\/uploads\/2023\/10\/tierser-alpl-rifugio-alpe-di-tires.webp\" class=\"attachment-full size-full wp-post-image\" alt=\"\" srcset=\"https:\/\/www.valgardenasport.com\/wp-content\/uploads\/2023\/10\/tierser-alpl-rifugio-alpe-di-tires-200x55.webp 200w, https:\/\/www.valgardenasport.com\/wp-content\/uploads\/2023\/10\/tierser-alpl-rifugio-alpe-di-tires-400x110.webp 400w, https:\/\/www.valgardenasport.com\/wp-content\/uploads\/2023\/10\/tierser-alpl-rifugio-alpe-di-tires-600x166.webp 600w, https:\/\/www.valgardenasport.com\/wp-content\/uploads\/2023\/10\/tierser-alpl-rifugio-alpe-di-tires-800x221.webp 800w, https:\/\/www.valgardenasport.com\/wp-content\/uploads\/2023\/10\/tierser-alpl-rifugio-alpe-di-tires-1200x331.webp 1200w, https:\/\/www.valgardenasport.com\/wp-content\/uploads\/2023\/10\/tierser-alpl-rifugio-alpe-di-tires.webp 1920w\" sizes=\"(min-width: 2200px) 100vw, (min-width: 784px) 420px, (min-width: 712px) 630px, (min-width: 640px) 712px, \"><div class=\"fusion-rollover\">\n\t<div class=\"fusion-rollover-content\">\n\n\t\t\t\t\n\t\t\n\t\t\t\t\t\t\t\t\n\t\t\t\t\t\t\t\t\n\t\t\n\t\t\t\t\t\t<a class=\"fusion-link-wrapper\" href=\"https:\/\/www.valgardenasport.com\/de\/mountainbike-e-bike-touren-in-den-dolomiten\/tierser-alpl\/\" aria-label=\"Tierser Alpl\"><\/a>\n\t<\/div>\n<\/div>\n<\/div>\n<\/li>\n\t\t\t\n\t\t\t\n\t\t\t\t\t\t\t\t\t\t\t\t\t\t\t\t\t\t\t\t\t\t\t\t\t\t\t\t\t\t\t\t\t\t\t\t\t\t\t\t\t\t\t\t\t\t\t\t\t\t\t\t\t\t\t\t\t\t\t\t\t\t\t\t\t\t\t\t<\/ul>\n\t<\/div>\n\t<div class=\"fusion-post-content-wrapper\" style=\"padding:30px 25px 25px 25px;\"><div class=\"fusion-post-content post-content\"><h2 class=\"blog-shortcode-post-title entry-title\"><a href=\"https:\/\/www.valgardenasport.com\/de\/mountainbike-e-bike-touren-in-den-dolomiten\/tierser-alpl\/\">Tierser Alpl<\/a><\/h2><div class=\"fusion-post-content-container\"><p>  Eine au\u00dfergew\u00f6hnliche Tour, die alles und mehr f\u00fcr Mountainbiker bietet. [...]<\/p><\/div><\/div><\/div><div class=\"fusion-clearfix\"><\/div><\/div>\n<\/article>\n<article id=\"blog-1-post-32085\" class=\"fusion-post-grid post-32085 post type-post status-publish format-standard has-post-thumbnail hentry category-mountainbike-e-bike-touren-in-den-dolomiten\">\n<div class=\"fusion-post-wrapper\" style=\"background-color:var(--awb-color2);border:1px solid var(--awb-color2);border-bottom-width:3px;\">\n\n\t\t\t<div class=\"fusion-flexslider flexslider fusion-flexslider-loading fusion-post-slideshow\" style=\"border-color:var(--awb-color2);\">\n\t\t<ul class=\"slides\">\n\t\t\t\n\t\t\t\t\t\t\t\t\t\t\t\t\t\t<li><div  class=\"fusion-image-wrapper\" aria-haspopup=\"true\">\n\t\t\t\t<img decoding=\"async\" width=\"1154\" height=\"768\" src=\"https:\/\/www.valgardenasport.com\/wp-content\/uploads\/2023\/10\/s-giacomo-trail-2.webp\" class=\"attachment-full size-full wp-post-image\" alt=\"\" srcset=\"https:\/\/www.valgardenasport.com\/wp-content\/uploads\/2023\/10\/s-giacomo-trail-2-200x133.webp 200w, https:\/\/www.valgardenasport.com\/wp-content\/uploads\/2023\/10\/s-giacomo-trail-2-400x266.webp 400w, https:\/\/www.valgardenasport.com\/wp-content\/uploads\/2023\/10\/s-giacomo-trail-2-600x399.webp 600w, https:\/\/www.valgardenasport.com\/wp-content\/uploads\/2023\/10\/s-giacomo-trail-2-800x532.webp 800w, https:\/\/www.valgardenasport.com\/wp-content\/uploads\/2023\/10\/s-giacomo-trail-2.webp 1154w\" sizes=\"(min-width: 2200px) 100vw, (min-width: 784px) 420px, (min-width: 712px) 630px, (min-width: 640px) 712px, \"><div class=\"fusion-rollover\">\n\t<div class=\"fusion-rollover-content\">\n\n\t\t\t\t\n\t\t\n\t\t\t\t\t\t\t\t\n\t\t\t\t\t\t\t\t\n\t\t\n\t\t\t\t\t\t<a class=\"fusion-link-wrapper\" href=\"https:\/\/www.valgardenasport.com\/de\/mountainbike-e-bike-touren-in-den-dolomiten\/sankt-jakob-langental\/\" aria-label=\"St. Jakob &#8211; Langental\"><\/a>\n\t<\/div>\n<\/div>\n<\/div>\n<\/li>\n\t\t\t\n\t\t\t\n\t\t\t\t\t\t\t\t\t\t\t\t\t\t\t\t\t\t\t\t\t\t\t\t\t\t\t\t\t\t\t\t\t\t\t\t\t\t\t\t\t\t\t\t\t\t\t\t\t\t\t\t\t\t\t\t\t\t\t\t\t\t\t\t\t\t\t\t<\/ul>\n\t<\/div>\n\t<div class=\"fusion-post-content-wrapper\" style=\"padding:30px 25px 25px 25px;\"><div class=\"fusion-post-content post-content\"><h2 class=\"blog-shortcode-post-title entry-title\"><a href=\"https:\/\/www.valgardenasport.com\/de\/mountainbike-e-bike-touren-in-den-dolomiten\/sankt-jakob-langental\/\">St. Jakob &#8211; Langental<\/a><\/h2><div class=\"fusion-post-content-container\"><p>  Eine alternative Tour durch Gr\u00f6den mit einem Besuch der Jakobuskirche, [...]<\/p><\/div><\/div><\/div><div class=\"fusion-clearfix\"><\/div><\/div>\n<\/article>\n<article id=\"blog-1-post-29613\" class=\"fusion-post-grid post-29613 post type-post status-publish format-standard has-post-thumbnail hentry category-mountainbike-e-bike-touren-in-den-dolomiten\">\n<div class=\"fusion-post-wrapper\" style=\"background-color:var(--awb-color2);border:1px solid var(--awb-color2);border-bottom-width:3px;\">\n\n\t\t\t<div class=\"fusion-flexslider flexslider fusion-flexslider-loading fusion-post-slideshow\" style=\"border-color:var(--awb-color2);\">\n\t\t<ul class=\"slides\">\n\t\t\t\n\t\t\t\t\t\t\t\t\t\t\t\t\t\t<li><div  class=\"fusion-image-wrapper\" aria-haspopup=\"true\">\n\t\t\t\t<img decoding=\"async\" width=\"1280\" height=\"959\" src=\"https:\/\/www.valgardenasport.com\/wp-content\/uploads\/2023\/09\/trail-arena-jump-line-for-bikes.webp\" class=\"attachment-full size-full wp-post-image\" alt=\"Partenza Trail Arena Piz-Sella, Val Gardena, dolomitit\" srcset=\"https:\/\/www.valgardenasport.com\/wp-content\/uploads\/2023\/09\/trail-arena-jump-line-for-bikes-200x150.webp 200w, https:\/\/www.valgardenasport.com\/wp-content\/uploads\/2023\/09\/trail-arena-jump-line-for-bikes-400x300.webp 400w, https:\/\/www.valgardenasport.com\/wp-content\/uploads\/2023\/09\/trail-arena-jump-line-for-bikes-600x450.webp 600w, https:\/\/www.valgardenasport.com\/wp-content\/uploads\/2023\/09\/trail-arena-jump-line-for-bikes-800x599.webp 800w, https:\/\/www.valgardenasport.com\/wp-content\/uploads\/2023\/09\/trail-arena-jump-line-for-bikes-1200x899.webp 1200w, https:\/\/www.valgardenasport.com\/wp-content\/uploads\/2023\/09\/trail-arena-jump-line-for-bikes.webp 1280w\" sizes=\"(min-width: 2200px) 100vw, (min-width: 784px) 420px, (min-width: 712px) 630px, (min-width: 640px) 712px, \" \/><div class=\"fusion-rollover\">\n\t<div class=\"fusion-rollover-content\">\n\n\t\t\t\t\n\t\t\n\t\t\t\t\t\t\t\t\n\t\t\t\t\t\t\t\t\n\t\t\n\t\t\t\t\t\t<a class=\"fusion-link-wrapper\" href=\"https:\/\/www.valgardenasport.com\/de\/mountainbike-e-bike-touren-in-den-dolomiten\/trail-arena\/\" aria-label=\"Trails: Trail Arena\"><\/a>\n\t<\/div>\n<\/div>\n<\/div>\n<\/li>\n\t\t\t\n\t\t\t\n\t\t\t\t\t\t\t\t\t\t\t\t\t\t\t\t\t\t\t\t\t\t\t\t\t\t\t\t\t\t\t\t\t\t\t\t\t\t\t\t\t\t\t\t\t\t\t\t\t\t\t\t\t\t\t\t\t\t\t\t\t\t\t\t\t\t\t\t<\/ul>\n\t<\/div>\n\t<div class=\"fusion-post-content-wrapper\" style=\"padding:30px 25px 25px 25px;\"><div class=\"fusion-post-content post-content\"><h2 class=\"blog-shortcode-post-title entry-title\"><a href=\"https:\/\/www.valgardenasport.com\/de\/mountainbike-e-bike-touren-in-den-dolomiten\/trail-arena\/\">Trails: Trail Arena<\/a><\/h2><div class=\"fusion-post-content-container\"><p>  Gr\u00f6den: Bike Park und Flow Trail in der bezaubernden Landschaft [...]<\/p><\/div><\/div><\/div><div class=\"fusion-clearfix\"><\/div><\/div>\n<\/article>\n<article id=\"blog-1-post-32137\" class=\"fusion-post-grid post-32137 post type-post status-publish format-standard has-post-thumbnail hentry category-mountainbike-e-bike-touren-in-den-dolomiten\">\n<div class=\"fusion-post-wrapper\" style=\"background-color:var(--awb-color2);border:1px solid var(--awb-color2);border-bottom-width:3px;\">\n\n\t\t\t<div class=\"fusion-flexslider flexslider fusion-flexslider-loading fusion-post-slideshow\" style=\"border-color:var(--awb-color2);\">\n\t\t<ul class=\"slides\">\n\t\t\t\n\t\t\t\t\t\t\t\t\t\t\t\t\t\t<li><div  class=\"fusion-image-wrapper\" aria-haspopup=\"true\">\n\t\t\t\t<img decoding=\"async\" width=\"1920\" height=\"927\" src=\"https:\/\/www.valgardenasport.com\/wp-content\/uploads\/2023\/10\/Vallunga.webp\" class=\"attachment-full size-full wp-post-image\" alt=\"\" srcset=\"https:\/\/www.valgardenasport.com\/wp-content\/uploads\/2023\/10\/Vallunga-200x97.webp 200w, https:\/\/www.valgardenasport.com\/wp-content\/uploads\/2023\/10\/Vallunga-400x193.webp 400w, https:\/\/www.valgardenasport.com\/wp-content\/uploads\/2023\/10\/Vallunga-600x290.webp 600w, https:\/\/www.valgardenasport.com\/wp-content\/uploads\/2023\/10\/Vallunga-800x386.webp 800w, https:\/\/www.valgardenasport.com\/wp-content\/uploads\/2023\/10\/Vallunga-1200x579.webp 1200w, https:\/\/www.valgardenasport.com\/wp-content\/uploads\/2023\/10\/Vallunga.webp 1920w\" sizes=\"(min-width: 2200px) 100vw, (min-width: 784px) 420px, (min-width: 712px) 630px, (min-width: 640px) 712px, \"><div class=\"fusion-rollover\">\n\t<div class=\"fusion-rollover-content\">\n\n\t\t\t\t\n\t\t\n\t\t\t\t\t\t\t\t\n\t\t\t\t\t\t\t\t\n\t\t\n\t\t\t\t\t\t<a class=\"fusion-link-wrapper\" href=\"https:\/\/www.valgardenasport.com\/de\/mountainbike-e-bike-touren-in-den-dolomiten\/langental\/\" aria-label=\"Langental\"><\/a>\n\t<\/div>\n<\/div>\n<\/div>\n<\/li>\n\t\t\t\n\t\t\t\n\t\t\t\t\t\t\t\t\t\t\t\t\t\t\t\t\t\t\t\t\t\t\t\t\t\t\t\t\t\t\t\t\t\t\t\t\t\t\t\t\t\t\t\t\t\t\t\t\t\t\t\t\t\t\t\t\t\t\t\t\t\t\t\t\t\t\t\t<\/ul>\n\t<\/div>\n\t<div class=\"fusion-post-content-wrapper\" style=\"padding:30px 25px 25px 25px;\"><div class=\"fusion-post-content post-content\"><h2 class=\"blog-shortcode-post-title entry-title\"><a href=\"https:\/\/www.valgardenasport.com\/de\/mountainbike-e-bike-touren-in-den-dolomiten\/langental\/\">Langental<\/a><\/h2><div class=\"fusion-post-content-container\"><p>  Das Langental, nord\u00f6stlich von Wolkenstein im Naturpark Puez-Geisler gelegen, bietet [...]<\/p><\/div><\/div><\/div><div class=\"fusion-clearfix\"><\/div><\/div>\n<\/article>\n<article id=\"blog-1-post-32074\" class=\"fusion-post-grid post-32074 post type-post status-publish format-standard has-post-thumbnail hentry category-mountainbike-e-bike-touren-in-den-dolomiten\">\n<div class=\"fusion-post-wrapper\" style=\"background-color:var(--awb-color2);border:1px solid var(--awb-color2);border-bottom-width:3px;\">\n\n\t\t\t<div class=\"fusion-flexslider flexslider fusion-flexslider-loading fusion-post-slideshow\" style=\"border-color:var(--awb-color2);\">\n\t\t<ul class=\"slides\">\n\t\t\t\n\t\t\t\t\t\t\t\t\t\t\t\t\t\t<li><div  class=\"fusion-image-wrapper\" aria-haspopup=\"true\">\n\t\t\t\t<img decoding=\"async\" width=\"1492\" height=\"840\" src=\"https:\/\/www.valgardenasport.com\/wp-content\/uploads\/2023\/10\/citta-dei-sassi-passo-sella-dolomiti.webp\" class=\"attachment-full size-full wp-post-image\" alt=\"\" srcset=\"https:\/\/www.valgardenasport.com\/wp-content\/uploads\/2023\/10\/citta-dei-sassi-passo-sella-dolomiti-200x113.webp 200w, https:\/\/www.valgardenasport.com\/wp-content\/uploads\/2023\/10\/citta-dei-sassi-passo-sella-dolomiti-400x225.webp 400w, https:\/\/www.valgardenasport.com\/wp-content\/uploads\/2023\/10\/citta-dei-sassi-passo-sella-dolomiti-600x338.webp 600w, https:\/\/www.valgardenasport.com\/wp-content\/uploads\/2023\/10\/citta-dei-sassi-passo-sella-dolomiti-800x450.webp 800w, https:\/\/www.valgardenasport.com\/wp-content\/uploads\/2023\/10\/citta-dei-sassi-passo-sella-dolomiti-1200x676.webp 1200w, https:\/\/www.valgardenasport.com\/wp-content\/uploads\/2023\/10\/citta-dei-sassi-passo-sella-dolomiti.webp 1492w\" sizes=\"(min-width: 2200px) 100vw, (min-width: 784px) 420px, (min-width: 712px) 630px, (min-width: 640px) 712px, \"><div class=\"fusion-rollover\">\n\t<div class=\"fusion-rollover-content\">\n\n\t\t\t\t\n\t\t\n\t\t\t\t\t\t\t\t\n\t\t\t\t\t\t\t\t\n\t\t\n\t\t\t\t\t\t<a class=\"fusion-link-wrapper\" href=\"https:\/\/www.valgardenasport.com\/de\/mountainbike-e-bike-touren-in-den-dolomiten\/sellajoch-steinerne-stadt\/\" aria-label=\"Sellajoch &#8211; Steinerne Stadt\"><\/a>\n\t<\/div>\n<\/div>\n<\/div>\n<\/li>\n\t\t\t\n\t\t\t\n\t\t\t\t\t\t\t\t\t\t\t\t\t\t\t\t\t\t\t\t\t\t\t\t\t\t\t\t\t\t\t\t\t\t\t\t\t\t\t\t\t\t\t\t\t\t\t\t\t\t\t\t\t\t\t\t\t\t\t\t\t\t\t\t\t\t\t\t<\/ul>\n\t<\/div>\n\t<div class=\"fusion-post-content-wrapper\" style=\"padding:30px 25px 25px 25px;\"><div class=\"fusion-post-content post-content\"><h2 class=\"blog-shortcode-post-title entry-title\"><a href=\"https:\/\/www.valgardenasport.com\/de\/mountainbike-e-bike-touren-in-den-dolomiten\/sellajoch-steinerne-stadt\/\">Sellajoch &#8211; Steinerne Stadt<\/a><\/h2><div class=\"fusion-post-content-container\"><p>  Das Sellajoch mit seinem Panoramablick auf die Dolomiten und die [...]<\/p><\/div><\/div><\/div><div class=\"fusion-clearfix\"><\/div><\/div>\n<\/article>\n<article id=\"blog-1-post-32131\" class=\"fusion-post-grid post-32131 post type-post status-publish format-standard has-post-thumbnail hentry category-mountainbike-e-bike-touren-in-den-dolomiten\">\n<div class=\"fusion-post-wrapper\" style=\"background-color:var(--awb-color2);border:1px solid var(--awb-color2);border-bottom-width:3px;\">\n\n\t\t\t<div class=\"fusion-flexslider flexslider fusion-flexslider-loading fusion-post-slideshow\" style=\"border-color:var(--awb-color2);\">\n\t\t<ul class=\"slides\">\n\t\t\t\n\t\t\t\t\t\t\t\t\t\t\t\t\t\t<li><div  class=\"fusion-image-wrapper\" aria-haspopup=\"true\">\n\t\t\t\t<img decoding=\"async\" width=\"1378\" height=\"686\" src=\"https:\/\/www.valgardenasport.com\/wp-content\/uploads\/2023\/10\/mtb-tour-della-val-gardena.webp\" class=\"attachment-full size-full wp-post-image\" alt=\"\" srcset=\"https:\/\/www.valgardenasport.com\/wp-content\/uploads\/2023\/10\/mtb-tour-della-val-gardena-200x100.webp 200w, https:\/\/www.valgardenasport.com\/wp-content\/uploads\/2023\/10\/mtb-tour-della-val-gardena-400x199.webp 400w, https:\/\/www.valgardenasport.com\/wp-content\/uploads\/2023\/10\/mtb-tour-della-val-gardena-600x299.webp 600w, https:\/\/www.valgardenasport.com\/wp-content\/uploads\/2023\/10\/mtb-tour-della-val-gardena-800x398.webp 800w, https:\/\/www.valgardenasport.com\/wp-content\/uploads\/2023\/10\/mtb-tour-della-val-gardena-1200x597.webp 1200w, https:\/\/www.valgardenasport.com\/wp-content\/uploads\/2023\/10\/mtb-tour-della-val-gardena.webp 1378w\" sizes=\"(min-width: 2200px) 100vw, (min-width: 784px) 420px, (min-width: 712px) 630px, (min-width: 640px) 712px, \"><div class=\"fusion-rollover\">\n\t<div class=\"fusion-rollover-content\">\n\n\t\t\t\t\n\t\t\n\t\t\t\t\t\t\t\t\n\t\t\t\t\t\t\t\t\n\t\t\n\t\t\t\t\t\t<a class=\"fusion-link-wrapper\" href=\"https:\/\/www.valgardenasport.com\/de\/mountainbike-e-bike-touren-in-den-dolomiten\/groedental-tour\/\" aria-label=\"Gr\u00f6dental Tour\"><\/a>\n\t<\/div>\n<\/div>\n<\/div>\n<\/li>\n\t\t\t\n\t\t\t\n\t\t\t\t\t\t\t\t\t\t\t\t\t\t\t\t\t\t\t\t\t\t\t\t\t\t\t\t\t\t\t\t\t\t\t\t\t\t\t\t\t\t\t\t\t\t\t\t\t\t\t\t\t\t\t\t\t\t\t\t\t\t\t\t\t\t\t\t<\/ul>\n\t<\/div>\n\t<div class=\"fusion-post-content-wrapper\" style=\"padding:30px 25px 25px 25px;\"><div class=\"fusion-post-content post-content\"><h2 class=\"blog-shortcode-post-title entry-title\"><a href=\"https:\/\/www.valgardenasport.com\/de\/mountainbike-e-bike-touren-in-den-dolomiten\/groedental-tour\/\">Gr\u00f6dental Tour<\/a><\/h2><div class=\"fusion-post-content-container\"><p>  Die Gr\u00f6dner Tour ist eine Route, die die drei Hauptorte [...]<\/p><\/div><\/div><\/div><div class=\"fusion-clearfix\"><\/div><\/div>\n<\/article>\n<div class=\"fusion-clearfix\"><\/div><\/div><\/div><\/div><\/div><\/div><\/div><\/div>\n<\/p>\n","protected":false},"excerpt":{"rendered":"","protected":false},"author":1,"featured_media":0,"parent":27097,"menu_order":0,"comment_status":"closed","ping_status":"closed","template":"100-width.php","meta":{"footnotes":""},"class_list":["post-29101","page","type-page","status-publish","hentry"],"_links":{"self":[{"href":"https:\/\/www.valgardenasport.com\/de\/wp-json\/wp\/v2\/pages\/29101","targetHints":{"allow":["GET"]}}],"collection":[{"href":"https:\/\/www.valgardenasport.com\/de\/wp-json\/wp\/v2\/pages"}],"about":[{"href":"https:\/\/www.valgardenasport.com\/de\/wp-json\/wp\/v2\/types\/page"}],"author":[{"embeddable":true,"href":"https:\/\/www.valgardenasport.com\/de\/wp-json\/wp\/v2\/users\/1"}],"replies":[{"embeddable":true,"href":"https:\/\/www.valgardenasport.com\/de\/wp-json\/wp\/v2\/comments?post=29101"}],"version-history":[{"count":0,"href":"https:\/\/www.valgardenasport.com\/de\/wp-json\/wp\/v2\/pages\/29101\/revisions"}],"up":[{"embeddable":true,"href":"https:\/\/www.valgardenasport.com\/de\/wp-json\/wp\/v2\/pages\/27097"}],"wp:attachment":[{"href":"https:\/\/www.valgardenasport.com\/de\/wp-json\/wp\/v2\/media?parent=29101"}],"curies":[{"name":"wp","href":"https:\/\/api.w.org\/{rel}","templated":true}]}}