{"id":33492,"date":"2024-08-30T14:25:45","date_gmt":"2024-08-30T12:25:45","guid":{"rendered":"https:\/\/www.valgardenasport.com\/noleggio-abbigliamento-sci\/"},"modified":"2025-12-17T11:30:18","modified_gmt":"2025-12-17T10:30:18","slug":"skibekleidung-mieten","status":"publish","type":"page","link":"https:\/\/www.valgardenasport.com\/de\/skibekleidung-mieten\/","title":{"rendered":"Skibekleidung Mieten"},"content":{"rendered":"<p><div class=\"fusion-fullwidth fullwidth-box fusion-builder-row-1 fusion-flex-container has-pattern-background has-mask-background nonhundred-percent-fullwidth non-hundred-percent-height-scrolling\" style=\"--awb-background-position:left top;--awb-border-color:#ffffff;--awb-border-radius-top-left:0px;--awb-border-radius-top-right:0px;--awb-border-radius-bottom-right:0px;--awb-border-radius-bottom-left:0px;--awb-margin-top:-60px;--awb-flex-wrap:wrap;\" ><div class=\"fusion-builder-row fusion-row fusion-flex-align-items-flex-start fusion-flex-content-wrap\" style=\"max-width:1393.6px;margin-left: calc(-4% \/ 2 );margin-right: calc(-4% \/ 2 );\"><div class=\"fusion-layout-column fusion_builder_column fusion-builder-column-0 fusion_builder_column_1_1 1_1 fusion-flex-column fusion-flex-align-self-flex-start fusion-column-no-min-height\" style=\"--awb-bg-blend:overlay;--awb-bg-size:cover;--awb-width-large:100%;--awb-margin-top-large:0px;--awb-spacing-right-large:1.92%;--awb-margin-bottom-large:0px;--awb-spacing-left-large:1.92%;--awb-width-medium:100%;--awb-spacing-right-medium:1.92%;--awb-spacing-left-medium:1.92%;--awb-width-small:100%;--awb-spacing-right-small:1.92%;--awb-spacing-left-small:1.92%;\"><div class=\"fusion-column-wrapper fusion-flex-justify-content-flex-start fusion-content-layout-column\"><nav class=\"fusion-breadcrumbs fusion-breadcrumbs-1\" style=\"--awb-breadcrumb-sep:&#039;&gt;&#039;;\" aria-label=\"Breadcrumb\"><nav aria-label=\"breadcrumbs\" class=\"rank-math-breadcrumb\"><p><span class=\"last\">Home<\/span><\/p><\/nav><\/nav><div class=\"fusion-title title fusion-title-1 fusion-sep-none fusion-title-center fusion-title-text fusion-title-size-one\" style=\"--awb-margin-top-small:10px;--awb-margin-right-small:0px;--awb-margin-bottom-small:10px;--awb-margin-left-small:0px;\"><h1 class=\"fusion-title-heading title-heading-center fusion-responsive-typography-calculated\" style=\"margin:0;text-transform:var(--awb-typography1-text-transform);--fontSize:46;line-height:1.2;\">Skibekleidung Mieten<\/h1><\/div><div class=\"fusion-title title fusion-title-2 fusion-sep-none fusion-title-center fusion-title-text fusion-title-size-two\" style=\"--awb-margin-top-small:10px;--awb-margin-right-small:0px;--awb-margin-bottom-small:10px;--awb-margin-left-small:0px;--awb-font-size:var(--awb-typography2-font-size);\"><h2 class=\"fusion-title-heading title-heading-center fusion-responsive-typography-calculated\" style=\"font-family:var(--awb-typography2-font-family);font-weight:var(--awb-typography2-font-weight);font-style:var(--awb-typography2-font-style);margin:0;letter-spacing:var(--awb-typography2-letter-spacing);text-transform:var(--awb-typography2-text-transform);font-size:1em;--fontSize:22;--minFontSize:22;line-height:1.3;\">Hochwertige und erschwingliche Skibekleidung f\u00fcr alle Schneebegeisterten<\/h2><\/div><\/div><\/div><\/div><\/div><div class=\"fusion-fullwidth fullwidth-box fusion-builder-row-2 fusion-flex-container has-pattern-background has-mask-background nonhundred-percent-fullwidth non-hundred-percent-height-scrolling\" style=\"--awb-border-radius-top-left:0px;--awb-border-radius-top-right:0px;--awb-border-radius-bottom-right:0px;--awb-border-radius-bottom-left:0px;--awb-flex-wrap:wrap;\" ><div class=\"fusion-builder-row fusion-row fusion-flex-align-items-flex-start fusion-flex-content-wrap\" style=\"max-width:1393.6px;margin-left: calc(-4% \/ 2 );margin-right: calc(-4% \/ 2 );\"><div class=\"fusion-layout-column fusion_builder_column fusion-builder-column-1 fusion_builder_column_1_3 1_3 fusion-flex-column\" style=\"--awb-bg-size:cover;--awb-width-large:33.333333333333%;--awb-margin-top-large:0px;--awb-spacing-right-large:5.76%;--awb-margin-bottom-large:20px;--awb-spacing-left-large:5.76%;--awb-width-medium:33.333333333333%;--awb-order-medium:0;--awb-spacing-right-medium:5.76%;--awb-spacing-left-medium:5.76%;--awb-width-small:100%;--awb-order-small:0;--awb-spacing-right-small:1.92%;--awb-spacing-left-small:1.92%;\"><div class=\"fusion-column-wrapper fusion-column-has-shadow fusion-flex-justify-content-flex-start fusion-content-layout-column\"><div class=\"fusion-text fusion-text-1\"><p>Du planst eine Skireise und brauchst verl\u00e4ssliche Skibekleidung, ohne daf\u00fcr einen hohen Preis zahlen zu m\u00fcssen? Unser Skibekleidungsverleih bietet dir hochwertige Skijacken und Skihosen, mit denen du f\u00fcr die Dauer deines Abenteuers warm, trocken und stylisch bleibst.<\/p>\n<\/div><\/div><\/div><div class=\"fusion-layout-column fusion_builder_column fusion-builder-column-2 fusion_builder_column_1_3 1_3 fusion-flex-column\" style=\"--awb-bg-size:cover;--awb-width-large:33.333333333333%;--awb-margin-top-large:0px;--awb-spacing-right-large:5.76%;--awb-margin-bottom-large:20px;--awb-spacing-left-large:5.76%;--awb-width-medium:33.333333333333%;--awb-order-medium:0;--awb-spacing-right-medium:5.76%;--awb-spacing-left-medium:5.76%;--awb-width-small:100%;--awb-order-small:0;--awb-spacing-right-small:1.92%;--awb-spacing-left-small:1.92%;\"><div class=\"fusion-column-wrapper fusion-column-has-shadow fusion-flex-justify-content-flex-start fusion-content-layout-column\"><div class=\"fusion-builder-row fusion-builder-row-inner fusion-row fusion-flex-align-items-flex-start fusion-flex-content-wrap\" style=\"--awb-flex-grow:0;--awb-flex-grow-medium:0;--awb-flex-grow-small:0;--awb-flex-shrink:0;--awb-flex-shrink-medium:0;--awb-flex-shrink-small:0;width:104% !important;max-width:104% !important;margin-left: calc(-4% \/ 2 );margin-right: calc(-4% \/ 2 );\"><div class=\"fusion-layout-column fusion_builder_column_inner fusion-builder-nested-column-0 fusion_builder_column_inner_1_2 1_2 fusion-flex-column\" style=\"--awb-padding-right:20px;--awb-padding-left:20px;--awb-bg-size:cover;--awb-width-large:50%;--awb-margin-top-large:0px;--awb-spacing-right-large:3.84%;--awb-margin-bottom-large:20px;--awb-spacing-left-large:3.84%;--awb-width-medium:50%;--awb-order-medium:0;--awb-spacing-right-medium:3.84%;--awb-spacing-left-medium:3.84%;--awb-width-small:50%;--awb-order-small:0;--awb-spacing-right-small:3.84%;--awb-spacing-left-small:3.84%;\"><div class=\"fusion-column-wrapper fusion-column-has-shadow fusion-flex-justify-content-flex-start fusion-content-layout-column\"><div class=\"fusion-image-element \" style=\"--awb-margin-bottom:10px;--awb-max-width:50px;--awb-caption-title-font-family:var(--h2_typography-font-family);--awb-caption-title-font-weight:var(--h2_typography-font-weight);--awb-caption-title-font-style:var(--h2_typography-font-style);--awb-caption-title-size:var(--h2_typography-font-size);--awb-caption-title-transform:var(--h2_typography-text-transform);--awb-caption-title-line-height:var(--h2_typography-line-height);--awb-caption-title-letter-spacing:var(--h2_typography-letter-spacing);\"><span class=\" fusion-imageframe imageframe-none imageframe-1 hover-type-none\"><img decoding=\"async\" width=\"328\" height=\"328\" alt=\"giacca da sci - icon\" title=\"ski-jacket-2-icon\" src=\"https:\/\/www.valgardenasport.com\/wp-content\/uploads\/2024\/08\/ski-jacket-2-icon.png\" class=\"img-responsive wp-image-33476\" srcset=\"https:\/\/www.valgardenasport.com\/wp-content\/uploads\/2024\/08\/ski-jacket-2-icon-200x200.png 200w, https:\/\/www.valgardenasport.com\/wp-content\/uploads\/2024\/08\/ski-jacket-2-icon.png 328w\" sizes=\"(max-width: 640px) 100vw, 328px\" \/><\/span><\/div><div class=\"fusion-text fusion-text-2\"><p>Skijacken und -hosen mieten<\/p>\n<\/div><\/div><\/div><div class=\"fusion-layout-column fusion_builder_column_inner fusion-builder-nested-column-1 fusion_builder_column_inner_1_2 1_2 fusion-flex-column\" style=\"--awb-padding-right:20px;--awb-padding-left:20px;--awb-bg-size:cover;--awb-width-large:50%;--awb-margin-top-large:0px;--awb-spacing-right-large:3.84%;--awb-margin-bottom-large:20px;--awb-spacing-left-large:3.84%;--awb-width-medium:50%;--awb-order-medium:0;--awb-spacing-right-medium:3.84%;--awb-spacing-left-medium:3.84%;--awb-width-small:50%;--awb-order-small:0;--awb-spacing-right-small:3.84%;--awb-spacing-left-small:3.84%;\"><div class=\"fusion-column-wrapper fusion-column-has-shadow fusion-flex-justify-content-flex-start fusion-content-layout-column\"><div class=\"fusion-image-element \" style=\"--awb-margin-bottom:10px;--awb-max-width:50px;--awb-caption-title-font-family:var(--h2_typography-font-family);--awb-caption-title-font-weight:var(--h2_typography-font-weight);--awb-caption-title-font-style:var(--h2_typography-font-style);--awb-caption-title-size:var(--h2_typography-font-size);--awb-caption-title-transform:var(--h2_typography-text-transform);--awb-caption-title-line-height:var(--h2_typography-line-height);--awb-caption-title-letter-spacing:var(--h2_typography-letter-spacing);\"><span class=\" fusion-imageframe imageframe-none imageframe-2 hover-type-none\"><img decoding=\"async\" width=\"512\" height=\"512\" alt=\"Lady-Icon\" title=\"lady-woman-icon\" src=\"https:\/\/www.valgardenasport.com\/wp-content\/uploads\/2023\/09\/lady-woman-icon.webp\" class=\"img-responsive wp-image-28066\" srcset=\"https:\/\/www.valgardenasport.com\/wp-content\/uploads\/2023\/09\/lady-woman-icon-200x200.webp 200w, https:\/\/www.valgardenasport.com\/wp-content\/uploads\/2023\/09\/lady-woman-icon-400x400.webp 400w, https:\/\/www.valgardenasport.com\/wp-content\/uploads\/2023\/09\/lady-woman-icon.webp 512w\" sizes=\"(max-width: 640px) 100vw, 512px\" \/><\/span><\/div><div class=\"fusion-text fusion-text-3\"><p>Spezielle Frauenmodelle<\/p>\n<\/div><\/div><\/div><div class=\"fusion-layout-column fusion_builder_column_inner fusion-builder-nested-column-2 fusion_builder_column_inner_1_2 1_2 fusion-flex-column\" style=\"--awb-padding-right:20px;--awb-padding-left:20px;--awb-bg-size:cover;--awb-width-large:50%;--awb-margin-top-large:0px;--awb-spacing-right-large:3.84%;--awb-margin-bottom-large:20px;--awb-spacing-left-large:3.84%;--awb-width-medium:50%;--awb-order-medium:0;--awb-spacing-right-medium:3.84%;--awb-spacing-left-medium:3.84%;--awb-width-small:50%;--awb-order-small:0;--awb-spacing-right-small:3.84%;--awb-spacing-left-small:3.84%;\"><div class=\"fusion-column-wrapper fusion-column-has-shadow fusion-flex-justify-content-flex-start fusion-content-layout-column\"><div class=\"fusion-image-element \" style=\"--awb-margin-bottom:10px;--awb-max-width:50px;--awb-caption-title-font-family:var(--h2_typography-font-family);--awb-caption-title-font-weight:var(--h2_typography-font-weight);--awb-caption-title-font-style:var(--h2_typography-font-style);--awb-caption-title-size:var(--h2_typography-font-size);--awb-caption-title-transform:var(--h2_typography-text-transform);--awb-caption-title-line-height:var(--h2_typography-line-height);--awb-caption-title-letter-spacing:var(--h2_typography-letter-spacing);\"><span class=\" fusion-imageframe imageframe-none imageframe-3 hover-type-none\"><img decoding=\"async\" width=\"300\" height=\"278\" alt=\"Premium Quality IconSci\" title=\"benefits-icon\" src=\"https:\/\/www.valgardenasport.com\/wp-content\/uploads\/2023\/09\/benefits-icon.png\" class=\"img-responsive wp-image-27876\" srcset=\"https:\/\/www.valgardenasport.com\/wp-content\/uploads\/2023\/09\/benefits-icon-200x185.png 200w, https:\/\/www.valgardenasport.com\/wp-content\/uploads\/2023\/09\/benefits-icon.png 300w\" sizes=\"(max-width: 640px) 100vw, 300px\" \/><\/span><\/div><div class=\"fusion-text fusion-text-4\"><p>Warme Wattierung &amp; wasserdichtes Material<\/p>\n<\/div><\/div><\/div><div class=\"fusion-layout-column fusion_builder_column_inner fusion-builder-nested-column-3 fusion_builder_column_inner_1_2 1_2 fusion-flex-column\" style=\"--awb-padding-right:20px;--awb-padding-left:20px;--awb-bg-size:cover;--awb-width-large:50%;--awb-margin-top-large:0px;--awb-spacing-right-large:3.84%;--awb-margin-bottom-large:20px;--awb-spacing-left-large:3.84%;--awb-width-medium:50%;--awb-order-medium:0;--awb-spacing-right-medium:3.84%;--awb-spacing-left-medium:3.84%;--awb-width-small:50%;--awb-order-small:0;--awb-spacing-right-small:3.84%;--awb-spacing-left-small:3.84%;\"><div class=\"fusion-column-wrapper fusion-column-has-shadow fusion-flex-justify-content-flex-start fusion-content-layout-column\"><div class=\"fusion-image-element \" style=\"--awb-margin-bottom:10px;--awb-max-width:50px;--awb-caption-title-font-family:var(--h2_typography-font-family);--awb-caption-title-font-weight:var(--h2_typography-font-weight);--awb-caption-title-font-style:var(--h2_typography-font-style);--awb-caption-title-size:var(--h2_typography-font-size);--awb-caption-title-transform:var(--h2_typography-text-transform);--awb-caption-title-line-height:var(--h2_typography-line-height);--awb-caption-title-letter-spacing:var(--h2_typography-letter-spacing);\"><span class=\" fusion-imageframe imageframe-none imageframe-4 hover-type-none\"><img decoding=\"async\" width=\"425\" height=\"425\" alt=\"Best choice\" title=\"i-love-intersport-contour\" src=\"https:\/\/www.valgardenasport.com\/wp-content\/uploads\/2023\/09\/i-love-intersport-contour.webp\" class=\"img-responsive wp-image-27942\" srcset=\"https:\/\/www.valgardenasport.com\/wp-content\/uploads\/2023\/09\/i-love-intersport-contour-200x200.webp 200w, https:\/\/www.valgardenasport.com\/wp-content\/uploads\/2023\/09\/i-love-intersport-contour-400x400.webp 400w, https:\/\/www.valgardenasport.com\/wp-content\/uploads\/2023\/09\/i-love-intersport-contour.webp 425w\" sizes=\"(max-width: 640px) 100vw, 425px\" \/><\/span><\/div><div class=\"fusion-text fusion-text-5\"><p>Beste Auswahl an Top-Marken<\/p>\n<\/div><\/div><\/div><\/div><\/div><\/div><div class=\"fusion-layout-column fusion_builder_column fusion-builder-column-3 fusion_builder_column_1_3 1_3 fusion-flex-column\" style=\"--awb-padding-top:20px;--awb-padding-right:20px;--awb-padding-bottom:20px;--awb-padding-left:20px;--awb-bg-color:var(--awb-color2);--awb-bg-color-hover:var(--awb-color2);--awb-bg-size:cover;--awb-width-large:33.333333333333%;--awb-margin-top-large:0px;--awb-spacing-right-large:5.76%;--awb-margin-bottom-large:20px;--awb-spacing-left-large:5.76%;--awb-width-medium:33.333333333333%;--awb-order-medium:0;--awb-spacing-right-medium:5.76%;--awb-spacing-left-medium:5.76%;--awb-width-small:100%;--awb-order-small:0;--awb-spacing-right-small:1.92%;--awb-spacing-left-small:1.92%;\"><div class=\"fusion-column-wrapper fusion-column-has-shadow fusion-flex-justify-content-flex-start fusion-content-layout-column\"><ul style=\"--awb-size:14px;--awb-iconcolor:var(--awb-color4);--awb-line-height:23.8px;--awb-icon-width:23.8px;--awb-icon-height:23.8px;--awb-icon-margin:9.8px;--awb-content-margin:33.6px;\" class=\"fusion-checklist fusion-checklist-1 fusion-checklist-default type-icons\"><li class=\"fusion-li-item\" style=\"\"><span class=\"icon-wrapper circle-no\"><i class=\"fusion-li-icon icon-intersportIntersport-sign-3\" aria-hidden=\"true\"><\/i><\/span><div class=\"fusion-li-item-content\">\n<p>Gewaschen und desinfiziert nach jedem Verleih<\/p>\n<\/div><\/li><li class=\"fusion-li-item\" style=\"\"><span class=\"icon-wrapper circle-no\"><i class=\"fusion-li-icon icon-intersportIntersport-sign-3\" aria-hidden=\"true\"><\/i><\/span><div class=\"fusion-li-item-content\">\n<p>Skijacken und Skihosen f\u00fcr M\u00e4nner und Frauen<\/p>\n<\/div><\/li><\/ul><div class=\"fusion-text fusion-text-6 fusion-text-no-margin\" style=\"--awb-font-size:14px;--awb-margin-top:20px;--awb-margin-bottom:0px;\"><p>Tagespreis f\u00fcr 6 Tage Verleih (Jacke oder Hose)<\/p>\n<\/div><div class=\"fusion-text fusion-text-7\"><p><span style=\"font-size: 25px;\" data-fusion-font=\"true\">14.67<\/span> Euro\/Tag <span class=\"fusion-tooltip tooltip-shortcode\" data-animation=\"\" data-delay=\"0\" data-placement=\"top\" data-title=\"Preis exkl. online Rabatt\" title=\"Preis exkl. online Rabatt\" data-toggle=\"tooltip\" data-trigger=\"hover\"><i class=\"fb-icon-element-1 fb-icon-element fontawesome-icon fa-info-circle fas circle-no fusion-text-flow\" style=\"--awb-iconcolor:var(--awb-custom_color_2);--awb-iconcolor-hover:var(--awb-custom_color_2);--awb-font-size:20px;--awb-margin-right:10px;\"><\/i><\/span>\u200b\u200b<\/p>\n<\/div><div ><a class=\"fusion-button button-flat fusion-button-default-size button-default fusion-button-default button-1 fusion-button-default-span fusion-button-default-type\" target=\"_self\" href=\"\/de\/skiverleih-online-buchung\/\"><span class=\"fusion-button-text awb-button__text awb-button__text--default\">Jetzt Buchen <\/span><\/a><\/div><\/div><\/div><\/div><\/div><div class=\"fusion-fullwidth fullwidth-box fusion-builder-row-3 fusion-flex-container has-pattern-background has-mask-background nonhundred-percent-fullwidth non-hundred-percent-height-scrolling\" style=\"--awb-border-radius-top-left:0px;--awb-border-radius-top-right:0px;--awb-border-radius-bottom-right:0px;--awb-border-radius-bottom-left:0px;--awb-padding-top:50px;--awb-padding-bottom:28px;--awb-background-color:var(--awb-color2);--awb-flex-wrap:wrap;\" ><div class=\"fusion-builder-row fusion-row fusion-flex-align-items-flex-start fusion-flex-content-wrap\" style=\"max-width:1393.6px;margin-left: calc(-4% \/ 2 );margin-right: calc(-4% \/ 2 );\"><div class=\"fusion-layout-column fusion_builder_column fusion-builder-column-4 fusion_builder_column_1_3 1_3 fusion-flex-column\" style=\"--awb-bg-size:cover;--awb-width-large:33.333333333333%;--awb-margin-top-large:0px;--awb-spacing-right-large:5.76%;--awb-margin-bottom-large:20px;--awb-spacing-left-large:5.76%;--awb-width-medium:33.333333333333%;--awb-order-medium:0;--awb-spacing-right-medium:5.76%;--awb-spacing-left-medium:5.76%;--awb-width-small:100%;--awb-order-small:0;--awb-spacing-right-small:1.92%;--awb-spacing-left-small:1.92%;\"><div class=\"fusion-column-wrapper fusion-column-has-shadow fusion-flex-justify-content-flex-start fusion-content-layout-column\"><div class=\"fusion-image-element \" style=\"--awb-caption-title-font-family:var(--h2_typography-font-family);--awb-caption-title-font-weight:var(--h2_typography-font-weight);--awb-caption-title-font-style:var(--h2_typography-font-style);--awb-caption-title-size:var(--h2_typography-font-size);--awb-caption-title-transform:var(--h2_typography-text-transform);--awb-caption-title-line-height:var(--h2_typography-line-height);--awb-caption-title-letter-spacing:var(--h2_typography-letter-spacing);\"><span class=\" fusion-imageframe imageframe-none imageframe-5 hover-type-none\"><img decoding=\"async\" width=\"1440\" height=\"1800\" alt=\"giacche e pantaloni da sci\" title=\"abbigliamento-sci\" src=\"https:\/\/www.valgardenasport.com\/wp-content\/uploads\/2024\/08\/abbigliamento-sci-1.webp\" class=\"img-responsive wp-image-33469\" srcset=\"https:\/\/www.valgardenasport.com\/wp-content\/uploads\/2024\/08\/abbigliamento-sci-1-200x250.webp 200w, https:\/\/www.valgardenasport.com\/wp-content\/uploads\/2024\/08\/abbigliamento-sci-1-400x500.webp 400w, https:\/\/www.valgardenasport.com\/wp-content\/uploads\/2024\/08\/abbigliamento-sci-1-600x750.webp 600w, https:\/\/www.valgardenasport.com\/wp-content\/uploads\/2024\/08\/abbigliamento-sci-1-800x1000.webp 800w, https:\/\/www.valgardenasport.com\/wp-content\/uploads\/2024\/08\/abbigliamento-sci-1-1200x1500.webp 1200w, https:\/\/www.valgardenasport.com\/wp-content\/uploads\/2024\/08\/abbigliamento-sci-1.webp 1440w\" sizes=\"(max-width: 640px) 100vw, 600px\" \/><\/span><\/div><\/div><\/div><div class=\"fusion-layout-column fusion_builder_column fusion-builder-column-5 fusion_builder_column_2_3 2_3 fusion-flex-column\" style=\"--awb-bg-size:cover;--awb-width-large:66.666666666667%;--awb-margin-top-large:0px;--awb-spacing-right-large:2.88%;--awb-margin-bottom-large:20px;--awb-spacing-left-large:2.88%;--awb-width-medium:66.666666666667%;--awb-order-medium:0;--awb-spacing-right-medium:2.88%;--awb-spacing-left-medium:2.88%;--awb-width-small:100%;--awb-order-small:0;--awb-spacing-right-small:1.92%;--awb-spacing-left-small:1.92%;\"><div class=\"fusion-column-wrapper fusion-column-has-shadow fusion-flex-justify-content-flex-start fusion-content-layout-column\"><div class=\"fusion-title title fusion-title-3 fusion-sep-none fusion-title-text fusion-title-size-two\" style=\"--awb-text-color:var(--awb-color4);--awb-margin-top-small:10px;--awb-margin-right-small:0px;--awb-margin-bottom-small:10px;--awb-margin-left-small:0px;--awb-font-size:var(--awb-typography1-font-size);\"><h2 class=\"fusion-title-heading title-heading-left fusion-responsive-typography-calculated\" style=\"font-family:var(--awb-typography1-font-family);font-weight:var(--awb-typography1-font-weight);font-style:var(--awb-typography1-font-style);margin:0;letter-spacing:var(--awb-typography1-letter-spacing);text-transform:var(--awb-typography1-text-transform);font-size:1em;--fontSize:40;line-height:1.4;\">Warum Skibekleidung mieten?<\/h2><\/div><div class=\"fusion-text fusion-text-8\" style=\"--awb-content-alignment:left;\"><p>Skibekleidung zu mieten ist aus vielen Gr\u00fcnden eine kluge Wahl:<\/p>\n<p><b>G\u00fcnstig:<\/b> Du sparst Geld, indem du hochwertige Kleidung zu einem Bruchteil des Kaufpreises mietest.<\/p>\n<p><b>Bequem:<\/b> Du musst dich nicht darum k\u00fcmmern, sperrige Sachen f\u00fcr deine Reise einzupacken. Du kannst sie ganz einfach ausleihen und zur\u00fcckgeben.<\/p>\n<p><b>Qualit\u00e4t:<\/b> Nutze die neueste Skibekleidungs-Technologie, die f\u00fcr Komfort und Leistung entwickelt wurde.<\/p>\n<p><b>Vielfalt:<\/b> W\u00e4hle aus einer gro\u00dfen Auswahl an Damen- und Herrengr\u00f6\u00dfen und Modellen, die deinen Bed\u00fcrfnissen entsprechen.<\/p>\n<\/p>\n<p><b>MIETPREISE SKIBEKLEIDUNG<\/b><\/p>\n<\/div>\n<div class=\"table-1\">\n<table width=\"100%\">\n<thead>\n<tr>\n<th align=\"left\">&nbsp;<\/th>\n<th align=\"left\">1 Tag<\/th>\n<th align=\"left\">2 Tage<\/th>\n<th align=\"left\">3 Tage<\/th>\n<th align=\"left\">4 Tage<\/th>\n<th align=\"left\">5 Tage<\/th>\n<th align=\"left\">6 Tage<\/th>\n<th align=\"left\">+ Tage<\/th>\n<\/tr>\n<\/thead>\n<tbody>\n<tr>\n<td align=\"left\">Skijacke<\/td>\n<td align=\"left\">29 \u20ac<\/td>\n<td align=\"left\">46 \u20ac<\/td>\n<td align=\"left\">60 \u20ac<\/td>\n<td align=\"left\">73 \u20ac<\/td>\n<td align=\"left\">81 \u20ac<\/td>\n<td align=\"left\">88 \u20ac<\/td>\n<td align=\"left\">6 \u20ac<\/td>\n<\/tr>\n<tr>\n<td align=\"left\">Pantalone sci<\/td>\n<td align=\"left\">29 \u20ac<\/td>\n<td align=\"left\">46 \u20ac<\/td>\n<td align=\"left\">60 \u20ac<\/td>\n<td align=\"left\">73 \u20ac<\/td>\n<td align=\"left\">81 \u20ac<\/td>\n<td align=\"left\">88 \u20ac<\/td>\n<td align=\"left\">6 \u20ac<\/td>\n<\/tr>\n<\/tbody>\n<\/table>\n<\/div>\n<\/div><\/div><\/div><\/div><div id=\"locations\" class=\"fusion-container-anchor\"><div class=\"fusion-fullwidth fullwidth-box fusion-builder-row-4 fusion-flex-container has-pattern-background has-mask-background nonhundred-percent-fullwidth non-hundred-percent-height-scrolling\" style=\"--awb-border-radius-top-left:0px;--awb-border-radius-top-right:0px;--awb-border-radius-bottom-right:0px;--awb-border-radius-bottom-left:0px;--awb-padding-top:66px;--awb-padding-right:0%;--awb-padding-left:0%;--awb-padding-right-small:0px;--awb-padding-left-small:0px;--awb-margin-top:0px;--awb-margin-bottom:30px;--awb-background-color:var(--awb-color2);--awb-flex-wrap:wrap;\" ><div class=\"fusion-builder-row fusion-row fusion-flex-align-items-flex-start fusion-flex-justify-content-center fusion-flex-content-wrap\" style=\"max-width:1393.6px;margin-left: calc(-4% \/ 2 );margin-right: calc(-4% \/ 2 );\"><div class=\"fusion-layout-column fusion_builder_column fusion-builder-column-6 fusion_builder_column_1_1 1_1 fusion-flex-column\" style=\"--awb-padding-top:49px;--awb-padding-bottom:127px;--awb-padding-left:20px;--awb-padding-right-small:6%;--awb-padding-left-small:7%;--awb-bg-color-hover:rgba(107,107,107,0.55);--awb-bg-image:url(&#039;\/wp-content\/uploads\/2023\/09\/alpe-di-siusi-langkofel-red-Kopie.webp&#039;);--awb-bg-position:center center;--awb-bg-position-small:left top;--awb-bg-blend:overlay;--awb-bg-size:cover;--awb-filter:saturate(80%);--awb-filter-transition:filter 0.3s ease;--awb-filter-hover:saturate(80%);--awb-width-large:100%;--awb-margin-top-large:0px;--awb-spacing-right-large:0%;--awb-margin-bottom-large:0px;--awb-spacing-left-large:0%;--awb-width-medium:100%;--awb-order-medium:0;--awb-spacing-right-medium:0%;--awb-spacing-left-medium:0%;--awb-width-small:100%;--awb-order-small:0;--awb-spacing-right-small:0%;--awb-spacing-left-small:0%;\"><div class=\"fusion-column-wrapper fusion-column-has-shadow fusion-flex-justify-content-flex-start fusion-content-layout-column fusion-column-has-bg-image\" data-bg-url=\"\/wp-content\/uploads\/2023\/09\/alpe-di-siusi-langkofel-red-Kopie.webp\"><div class=\"fusion-title title fusion-title-4 fusion-sep-none fusion-title-center fusion-title-text fusion-title-size-three\" style=\"--awb-text-color:var(--awb-color1);--awb-margin-top-small:10px;--awb-margin-right-small:0px;--awb-margin-bottom-small:10px;--awb-margin-left-small:0px;--awb-font-size:var(--awb-typography1-font-size);\"><h3 class=\"fusion-title-heading title-heading-center fusion-responsive-typography-calculated\" style=\"font-family:var(--awb-typography1-font-family);font-weight:var(--awb-typography1-font-weight);font-style:var(--awb-typography1-font-style);margin:0;letter-spacing:var(--awb-typography1-letter-spacing);text-transform:var(--awb-typography1-text-transform);font-size:1em;--fontSize:40;line-height:1.4;\">W\u00e4hle deinen Standort f\u00fcr den Skiverleih<\/h3><\/div><div class=\"fusion-text fusion-text-9\" style=\"--awb-content-alignment:center;--awb-text-color:var(--awb-color1);\"><p>Du findest unsere 3 Verleihe in St. Christina und Wolkenstein in Gr\u00f6den<\/p>\n<\/div><\/div><\/div><div class=\"fusion-layout-column fusion_builder_column fusion-builder-column-7 fusion_builder_column_2_3 2_3 fusion-flex-column\" style=\"--awb-bg-size:cover;--awb-width-large:66.666666666667%;--awb-margin-top-large:-100px;--awb-spacing-right-large:2.88%;--awb-margin-bottom-large:20px;--awb-spacing-left-large:2.88%;--awb-width-medium:66.666666666667%;--awb-order-medium:0;--awb-spacing-right-medium:2.88%;--awb-spacing-left-medium:2.88%;--awb-width-small:100%;--awb-order-small:0;--awb-spacing-right-small:1.92%;--awb-spacing-left-small:1.92%;\"><div class=\"fusion-column-wrapper fusion-column-has-shadow fusion-flex-justify-content-flex-start fusion-content-layout-column\"><div class=\"fusion-image-carousel fusion-image-carousel-auto fusion-image-carousel-1\"><div class=\"awb-carousel awb-swiper awb-swiper-carousel awb-carousel--carousel awb-swiper-dots-position-bottom\" data-layout=\"carousel\" data-autoplay=\"no\" data-autoplayspeed=\"2500\" data-autoplaypause=\"no\" data-loop=\"yes\" data-columns=\"2\" data-columnsmedium=\"1\" data-columnssmall=\"1\" data-itemmargin=\"30\" data-itemwidth=\"180\" data-touchscroll=\"no\" data-freemode=\"no\" data-imagesize=\"auto\" data-scrollitems=\"1\" data-centeredslides=\"no\" data-rotationangle=\"50\" data-depth=\"100\" data-speed=\"500\" data-shadow=\"no\" data-pagination=\"bullets\" style=\"--awb-columns:2;--awb-column-spacing:30px;--awb-caption-title-color:var(--awb-color1);--awb-caption-title-size:32px;--awb-caption-title-transform:capitalize;--awb-caption-title-line-height:1.5;--awb-caption-title-letter-spacing:-0.02em;--awb-caption-text-color:var(--awb-color2);--awb-caption-text-size:24px;--awb-caption-text-transform:var(--awb-typography2-text-transform);--awb-caption-text-line-height:1.4;--awb-caption-text-letter-spacing:0.02em;--awb-caption-overlay-color:#141414;--awb-caption-title-font-family:&quot;Montserrat&quot;;--awb-caption-title-font-style:normal;--awb-caption-title-font-weight:600;--awb-caption-text-font-family:&quot;Montserrat&quot;;--awb-caption-text-font-style:normal;--awb-caption-text-font-weight:400;\"><div class=\"swiper-wrapper awb-image-carousel-wrapper fusion-flex-align-items-center\"><div class=\"swiper-slide\"><div class=\"fusion-carousel-item-wrapper\"><div class=\"fusion-image-wrapper awb-imageframe-style awb-imageframe-style-resa\"><a href=\"\/de\/skiverleih-st-christina\/\" target=\"_self\"><img decoding=\"async\" width=\"800\" height=\"750\" src=\"https:\/\/www.valgardenasport.com\/wp-content\/uploads\/2023\/09\/santa-cristina.webp\" class=\"attachment-full size-full\" alt=\"Santa Cristina Val Gardena in inverno\" srcset=\"https:\/\/www.valgardenasport.com\/wp-content\/uploads\/2023\/09\/santa-cristina-200x188.webp 200w, https:\/\/www.valgardenasport.com\/wp-content\/uploads\/2023\/09\/santa-cristina-400x375.webp 400w, https:\/\/www.valgardenasport.com\/wp-content\/uploads\/2023\/09\/santa-cristina-600x563.webp 600w, https:\/\/www.valgardenasport.com\/wp-content\/uploads\/2023\/09\/santa-cristina.webp 800w\" sizes=\"(min-width: 2200px) 100vw, (min-width: 712px) 655px, (min-width: 640px) 712px, \" \/><div class=\"awb-imageframe-caption-container\"><div class=\"awb-imageframe-caption\"><h2 class=\"awb-imageframe-caption-title\">St. Christina<\/h2><p class=\"awb-imageframe-caption-text\">Gr\u00f6den<\/p><\/div><\/div><\/a><\/div><\/div><\/div><div class=\"swiper-slide\"><div class=\"fusion-carousel-item-wrapper\"><div class=\"fusion-image-wrapper awb-imageframe-style awb-imageframe-style-resa\"><a href=\"\/de\/skiverleih-wolkenstein-groeden\/\" target=\"_self\"><img decoding=\"async\" width=\"800\" height=\"750\" src=\"https:\/\/www.valgardenasport.com\/wp-content\/uploads\/2023\/09\/selva-val-gardena.webp\" class=\"attachment-full size-full\" alt=\"Selva di Val Gardena in inverno\" srcset=\"https:\/\/www.valgardenasport.com\/wp-content\/uploads\/2023\/09\/selva-val-gardena-200x188.webp 200w, https:\/\/www.valgardenasport.com\/wp-content\/uploads\/2023\/09\/selva-val-gardena-400x375.webp 400w, https:\/\/www.valgardenasport.com\/wp-content\/uploads\/2023\/09\/selva-val-gardena-600x563.webp 600w, https:\/\/www.valgardenasport.com\/wp-content\/uploads\/2023\/09\/selva-val-gardena.webp 800w\" sizes=\"(min-width: 2200px) 100vw, (min-width: 712px) 655px, (min-width: 640px) 712px, \" \/><div class=\"awb-imageframe-caption-container\"><div class=\"awb-imageframe-caption\"><h2 class=\"awb-imageframe-caption-title\">Wolkenstein<\/h2><p class=\"awb-imageframe-caption-text\">Gr\u00f6den<\/p><\/div><\/div><\/a><\/div><\/div><\/div><\/div><\/div><\/div><\/div><\/div><\/div><\/div><\/div>\n<div class=\"fusion-fullwidth fullwidth-box fusion-builder-row-5 fusion-flex-container nonhundred-percent-fullwidth non-hundred-percent-height-scrolling\" style=\"--awb-border-radius-top-left:0px;--awb-border-radius-top-right:0px;--awb-border-radius-bottom-right:0px;--awb-border-radius-bottom-left:0px;--awb-padding-top:30px;--awb-padding-right:20px;--awb-padding-bottom:40px;--awb-padding-left:20px;--awb-flex-wrap:wrap;\" ><div class=\"fusion-builder-row fusion-row fusion-flex-align-items-stretch fusion-flex-justify-content-center fusion-flex-content-wrap\" style=\"max-width:1366.8px;margin-left: calc(-2% \/ 2 );margin-right: calc(-2% \/ 2 );\"><div class=\"fusion-layout-column fusion_builder_column fusion-builder-column-8 fusion_builder_column_1_1 1_1 fusion-flex-column\" style=\"--awb-bg-size:cover;--awb-width-large:100%;--awb-margin-top-large:50px;--awb-spacing-right-large:0.98%;--awb-margin-bottom-large:0px;--awb-spacing-left-large:0.98%;--awb-width-medium:100%;--awb-order-medium:0;--awb-spacing-right-medium:0.98%;--awb-spacing-left-medium:0.98%;--awb-width-small:100%;--awb-order-small:0;--awb-spacing-right-small:0.98%;--awb-spacing-left-small:0.98%;\"><div class=\"fusion-column-wrapper fusion-column-has-shadow fusion-flex-justify-content-flex-start fusion-content-layout-column\"><div class=\"fusion-title title fusion-title-5 fusion-sep-none fusion-title-center fusion-title-text fusion-title-size-two\" style=\"--awb-margin-top-small:10px;--awb-margin-right-small:0px;--awb-margin-bottom-small:10px;--awb-margin-left-small:0px;--awb-font-size:var(--awb-typography1-font-size);\"><h2 class=\"fusion-title-heading title-heading-center fusion-responsive-typography-calculated\" style=\"font-family:var(--awb-typography1-font-family);font-weight:var(--awb-typography1-font-weight);font-style:var(--awb-typography1-font-style);margin:0;letter-spacing:var(--awb-typography1-letter-spacing);text-transform:var(--awb-typography1-text-transform);font-size:1em;--fontSize:40;line-height:1.4;\">Unsere beliebtesten Dienstleistungen<\/h2><\/div><\/div><\/div><div class=\"fusion-layout-column fusion_builder_column fusion-builder-column-9 fusion_builder_column_1_3 1_3 fusion-flex-column fusion-flex-align-self-stretch fusion-column-inner-bg-wrapper fusion-column-liftup-border\" style=\"--awb-padding-top:180px;--awb-padding-right:10px;--awb-padding-left:10px;--awb-overflow:hidden;--awb-inner-bg-image:linear-gradient(180deg, rgba(255,255,255,0) 5%,rgba(10,11,15,0.75) 92%),url(https:\/\/www.valgardenasport.com\/wp-content\/uploads\/2024\/11\/ski-depot-locker.-ciampinoi-selva.webp);;--awb-inner-bg-position:center center;--awb-inner-bg-size:cover;--awb-border-radius:12px 12px 12px 12px;--awb-liftup-border-radius:12px 12px 12px 12px;--awb-width-large:33.333333333333%;--awb-margin-top-large:20px;--awb-spacing-right-large:2.94%;--awb-margin-bottom-large:0px;--awb-spacing-left-large:2.94%;--awb-width-medium:33.333333333333%;--awb-order-medium:0;--awb-spacing-right-medium:2.94%;--awb-spacing-left-medium:2.94%;--awb-width-small:100%;--awb-order-small:0;--awb-spacing-right-small:0.98%;--awb-spacing-left-small:0.98%;\" data-scroll-devices=\"small-visibility,medium-visibility,large-visibility\"><span class=\"fusion-column-inner-bg hover-type-liftup\"><a class=\"fusion-column-anchor\" href=\"\/de\/services\/skidepot\/\" aria-label=\"Ski Depot mit beheizten Depotkasten\"><span class=\"fusion-column-inner-bg-image\"><\/span><\/a><\/span><div class=\"fusion-column-wrapper fusion-flex-justify-content-center fusion-content-layout-column fusion-column-has-bg-image\" data-bg-url=\"https:\/\/www.valgardenasport.com\/wp-content\/uploads\/2024\/11\/ski-depot-locker.-ciampinoi-selva.webp\"><div class=\"fusion-title title fusion-title-6 fusion-sep-none fusion-title-center fusion-title-text fusion-title-size-four\" style=\"--awb-text-color:#ffffff;--awb-margin-top:45px;--awb-margin-top-small:10px;--awb-margin-right-small:0px;--awb-margin-bottom-small:10px;--awb-margin-left-small:0px;--awb-font-size:var(--awb-typography1-font-size);\"><h4 class=\"fusion-title-heading title-heading-center fusion-responsive-typography-calculated\" style=\"font-family:var(--awb-typography1-font-family);font-weight:var(--awb-typography1-font-weight);font-style:var(--awb-typography1-font-style);margin:0;letter-spacing:var(--awb-typography1-letter-spacing);text-transform:var(--awb-typography1-text-transform);font-size:1em;--fontSize:40;line-height:1.4;\">Skidepot<\/h4><\/div><div class=\"fusion-text fusion-text-10\" style=\"--awb-content-alignment:center;--awb-text-color:var(--awb-color1);\"><p>Maximaler Komfort \u2013 beheizte Schlie\u00dff\u00e4cher<\/p>\n<\/div><\/div><\/div><div class=\"fusion-layout-column fusion_builder_column fusion-builder-column-10 fusion_builder_column_1_3 1_3 fusion-flex-column fusion-column-inner-bg-wrapper fusion-column-liftup-border\" style=\"--awb-padding-top:180px;--awb-padding-right:10px;--awb-padding-left:10px;--awb-padding-top-small:140px;--awb-padding-bottom-small:35px;--awb-overflow:hidden;--awb-inner-bg-image:linear-gradient(180deg, rgba(255,255,255,0) 50%,rgba(10,11,15,0.75) 92%),url(\/wp-content\/uploads\/2023\/09\/BOOT-FITTING-1.webp);;--awb-inner-bg-position:center center;--awb-inner-bg-size:cover;--awb-border-radius:12px 12px 12px 12px;--awb-liftup-border-radius:12px 12px 12px 12px;--awb-width-large:33.333333333333%;--awb-margin-top-large:20px;--awb-spacing-right-large:2.94%;--awb-margin-bottom-large:0px;--awb-spacing-left-large:2.94%;--awb-width-medium:33.333333333333%;--awb-order-medium:0;--awb-spacing-right-medium:2.94%;--awb-spacing-left-medium:2.94%;--awb-width-small:100%;--awb-order-small:0;--awb-spacing-right-small:0.98%;--awb-spacing-left-small:0.98%;\" data-scroll-devices=\"small-visibility,medium-visibility,large-visibility\"><span class=\"fusion-column-inner-bg hover-type-liftup\"><a class=\"fusion-column-anchor\" href=\"\/de\/services\/boot-fitting-skischuh-anpassung-fussanalyse\/\" aria-label=\"Boot fitting - Skischuh perfekt angepasst\"><span class=\"fusion-column-inner-bg-image\"><\/span><\/a><\/span><div class=\"fusion-column-wrapper fusion-flex-justify-content-center fusion-content-layout-column fusion-column-has-bg-image\" data-bg-url=\"\/wp-content\/uploads\/2023\/09\/BOOT-FITTING-1.webp\"><div class=\"fusion-title title fusion-title-7 fusion-sep-none fusion-title-center fusion-title-text fusion-title-size-four\" style=\"--awb-text-color:#ffffff;--awb-margin-top:45px;--awb-margin-top-small:10px;--awb-margin-right-small:0px;--awb-margin-bottom-small:10px;--awb-margin-left-small:0px;--awb-font-size:var(--awb-typography1-font-size);\"><h4 class=\"fusion-title-heading title-heading-center fusion-responsive-typography-calculated\" style=\"font-family:var(--awb-typography1-font-family);font-weight:var(--awb-typography1-font-weight);font-style:var(--awb-typography1-font-style);margin:0;letter-spacing:var(--awb-typography1-letter-spacing);text-transform:var(--awb-typography1-text-transform);font-size:1em;--fontSize:40;line-height:1.4;\">Boot fitting<\/h4><\/div><div class=\"fusion-text fusion-text-11\" style=\"--awb-content-alignment:center;--awb-text-color:var(--awb-color1);\"><p>Millimetergenaue Anpassung \u2013 Bootfitting bei intersport Val Gardena<\/p>\n<\/div><\/div><\/div><div class=\"fusion-layout-column fusion_builder_column fusion-builder-column-11 fusion_builder_column_1_3 1_3 fusion-flex-column fusion-flex-align-self-stretch fusion-column-inner-bg-wrapper fusion-column-liftup-border\" style=\"--awb-padding-top:180px;--awb-padding-right:10px;--awb-padding-left:10px;--awb-overflow:hidden;--awb-inner-bg-image:linear-gradient(180deg, rgba(255,255,255,0) 5%,rgba(10,11,15,0.75) 92%),url(\/wp-content\/uploads\/2023\/09\/skiservice-ski-schleifen.webp);;--awb-inner-bg-size:cover;--awb-border-radius:12px 12px 12px 12px;--awb-liftup-border-radius:12px 12px 12px 12px;--awb-width-large:33.333333333333%;--awb-margin-top-large:20px;--awb-spacing-right-large:2.94%;--awb-margin-bottom-large:0px;--awb-spacing-left-large:2.94%;--awb-width-medium:33.333333333333%;--awb-order-medium:0;--awb-spacing-right-medium:2.94%;--awb-spacing-left-medium:2.94%;--awb-width-small:100%;--awb-order-small:0;--awb-spacing-right-small:0.98%;--awb-spacing-left-small:0.98%;\" data-scroll-devices=\"small-visibility,medium-visibility,large-visibility\"><span class=\"fusion-column-inner-bg hover-type-liftup\"><a class=\"fusion-column-anchor\" href=\"\/de\/services\/ski-service\/\" aria-label=\"Ski Service - Deine Ski immer perfekt pr\u00e4pariert\"><span class=\"fusion-column-inner-bg-image\"><\/span><\/a><\/span><div class=\"fusion-column-wrapper fusion-flex-justify-content-center fusion-content-layout-column fusion-column-has-bg-image\" data-bg-url=\"\/wp-content\/uploads\/2023\/09\/skiservice-ski-schleifen.webp\"><div class=\"fusion-title title fusion-title-8 fusion-sep-none fusion-title-center fusion-title-text fusion-title-size-four\" style=\"--awb-text-color:#ffffff;--awb-margin-top:45px;--awb-margin-top-small:10px;--awb-margin-right-small:0px;--awb-margin-bottom-small:10px;--awb-margin-left-small:0px;--awb-font-size:var(--awb-typography1-font-size);\"><h4 class=\"fusion-title-heading title-heading-center fusion-responsive-typography-calculated\" style=\"font-family:var(--awb-typography1-font-family);font-weight:var(--awb-typography1-font-weight);font-style:var(--awb-typography1-font-style);margin:0;letter-spacing:var(--awb-typography1-letter-spacing);text-transform:var(--awb-typography1-text-transform);font-size:1em;--fontSize:40;line-height:1.4;\">Skiservice<\/h4><\/div><div class=\"fusion-text fusion-text-12\" style=\"--awb-content-alignment:center;--awb-text-color:var(--awb-color1);\"><p>Besser und sicherer Skifahren<\/p>\n<\/div><\/div><\/div><\/div><\/div>\n<\/p>\n","protected":false},"excerpt":{"rendered":"","protected":false},"author":1,"featured_media":0,"parent":0,"menu_order":0,"comment_status":"closed","ping_status":"closed","template":"100-width.php","meta":{"footnotes":""},"class_list":["post-33492","page","type-page","status-publish","hentry"],"_links":{"self":[{"href":"https:\/\/www.valgardenasport.com\/de\/wp-json\/wp\/v2\/pages\/33492","targetHints":{"allow":["GET"]}}],"collection":[{"href":"https:\/\/www.valgardenasport.com\/de\/wp-json\/wp\/v2\/pages"}],"about":[{"href":"https:\/\/www.valgardenasport.com\/de\/wp-json\/wp\/v2\/types\/page"}],"author":[{"embeddable":true,"href":"https:\/\/www.valgardenasport.com\/de\/wp-json\/wp\/v2\/users\/1"}],"replies":[{"embeddable":true,"href":"https:\/\/www.valgardenasport.com\/de\/wp-json\/wp\/v2\/comments?post=33492"}],"version-history":[{"count":14,"href":"https:\/\/www.valgardenasport.com\/de\/wp-json\/wp\/v2\/pages\/33492\/revisions"}],"predecessor-version":[{"id":39141,"href":"https:\/\/www.valgardenasport.com\/de\/wp-json\/wp\/v2\/pages\/33492\/revisions\/39141"}],"wp:attachment":[{"href":"https:\/\/www.valgardenasport.com\/de\/wp-json\/wp\/v2\/media?parent=33492"}],"curies":[{"name":"wp","href":"https:\/\/api.w.org\/{rel}","templated":true}]}}